{"id":10178,"date":"2024-08-20T15:17:22","date_gmt":"2024-08-20T12:17:22","guid":{"rendered":"https:\/\/equester.ro\/?page_id=10178"},"modified":"2026-02-04T17:31:01","modified_gmt":"2026-02-04T14:31:01","slug":"competitii-de-echitatie","status":"publish","type":"page","link":"https:\/\/equester.ro\/en\/competitii-de-echitatie\/","title":{"rendered":"Competi\u021bii de Echita\u021bie"},"content":{"rendered":"<section class=\"l-section wpb_row height_medium width_full\" style=\"margin-top: -64px !important;margin-bottom: -40px !important;\"><div class=\"l-section-h i-cf\"><div class=\"g-cols vc_row type_default valign_top\"><div class=\"vc_col-sm-12 wpb_column vc_column_container\"><div class=\"vc_column-inner\"><div class=\"wpb_wrapper\"><script type=\"text\/javascript\" src=\"https:\/\/equester.ro\/wp-content\/plugins\/revslider\/public\/assets\/js\/jquery.themepunch.tools.min.js?rev=5.4.8.3\"><\/script><script type=\"text\/javascript\" src=\"https:\/\/equester.ro\/wp-content\/plugins\/revslider\/public\/assets\/js\/jquery.themepunch.revolution.min.js?rev=5.4.8.3\"><\/script>\n<div id=\"rev_slider_15_1_wrapper\" class=\"rev_slider_wrapper fullwidthbanner-container\" data-source=\"gallery\" style=\"margin:0px auto;background:#FFFFFF;padding:0px;margin-top:0px;margin-bottom:0px;\">\n<!-- START REVOLUTION SLIDER 5.4.8.3 fullwidth mode -->\n\t<div id=\"rev_slider_15_1\" class=\"rev_slider fullwidthabanner tp-overflow-hidden\" style=\"display:none;\" data-version=\"5.4.8.3\">\n<ul>\t<!-- SLIDE  -->\n\t<li data-index=\"rs-36\" data-transition=\"parallaxvertical\" data-slotamount=\"default\" data-hideafterloop=\"0\" data-hideslideonmobile=\"off\"  data-easein=\"default\" data-easeout=\"default\" data-masterspeed=\"450\"  data-thumb=\"https:\/\/equester.ro\/wp-content\/uploads\/2024\/08\/Equester-Pro-Competitii-de-echitatie-2w-scaled-150x150.jpg\"  data-delay=\"8369\"  data-rotate=\"0\"  data-saveperformance=\"off\"  data-title=\"Slide\" data-param1=\"\" data-param2=\"\" data-param3=\"\" data-param4=\"\" data-param5=\"\" data-param6=\"\" data-param7=\"\" data-param8=\"\" data-param9=\"\" data-param10=\"\" data-description=\"\">\n\t\t<!-- MAIN IMAGE -->\n\t\t<img loading=\"lazy\" decoding=\"async\" src=\"https:\/\/equester.ro\/wp-content\/uploads\/2024\/08\/Equester-Pro-Competitii-de-echitatie-2w-scaled.jpg\"  alt=\"Equester Pro - Competitii de echitatie 2w\" title=\"Equester Pro &#8211; Competitii de echitatie 2w\"  width=\"2560\" height=\"778\" data-bgposition=\"center center\" data-bgfit=\"cover\" data-bgrepeat=\"no-repeat\" data-bgparallax=\"4\" class=\"rev-slidebg\" data-no-retina>\n\t\t<!-- LAYERS -->\n\n\t\t<!-- LAYER NR. 1 -->\n\t\t<h2 class=\"tp-caption   tp-resizeme rs-parallaxlevel-5\" \n\t\t\t id=\"slide-36-layer-1\" \n\t\t\t data-x=\"['center','center','center','center']\" data-hoffset=\"['0','0','0','0']\" \n\t\t\t data-y=\"['middle','middle','middle','middle']\" data-voffset=\"['0','0','0','0']\" \n\t\t\t\t\t\tdata-fontsize=\"['70','70','70','60']\"\n\t\t\tdata-width=\"none\"\n\t\t\tdata-height=\"none\"\n\t\t\tdata-whitespace=\"nowrap\"\n \n\t\t\tdata-type=\"text\" \n\t\t\tdata-responsive_offset=\"on\" \n\n\t\t\tdata-frames='[{\"delay\":190,\"speed\":3440,\"frame\":\"0\",\"from\":\"y:50px;opacity:0;\",\"to\":\"o:1;\",\"ease\":\"Power4.easeOut\"},{\"delay\":\"+-0.00030517578125\",\"speed\":4730,\"frame\":\"999\",\"to\":\"auto:auto;\",\"ease\":\"nothing\"}]'\n\t\t\tdata-textAlign=\"['center','center','center','center']\"\n\t\t\tdata-paddingtop=\"[0,0,0,0]\"\n\t\t\tdata-paddingright=\"[0,0,0,0]\"\n\t\t\tdata-paddingbottom=\"[0,0,0,0]\"\n\t\t\tdata-paddingleft=\"[0,0,0,0]\"\n\n\t\t\tstyle=\"z-index: 5; background: url('https:\/\/equester.ro\/wp-content\/') no-repeat center center; background-size: cover; white-space: nowrap; font-size: 70px; line-height: 60px; font-weight: 300; color: rgba(255,255,255,1); letter-spacing: px;\">#COMPETI\u021aII  <\/h2>\n\t<\/li>\n<\/ul>\n<div class=\"tp-bannertimer tp-bottom\" style=\"visibility: hidden !important;\"><\/div>\t<\/div>\n<script>\r\n\t\t\t\t\tvar htmlDivCss = ' #rev_slider_15_1_wrapper .tp-loader.spinner2{ background-color: #ffffff !important; } ';\r\n\t\t\t\t\tvar htmlDiv = document.getElementById('rs-plugin-settings-inline-css');\r\n\t\t\t\t\tif(htmlDiv) {\r\n\t\t\t\t\t\thtmlDiv.innerHTML = htmlDiv.innerHTML + htmlDivCss;\r\n\t\t\t\t\t}\r\n\t\t\t\t\telse{\r\n\t\t\t\t\t\tvar htmlDiv = document.createElement('div');\r\n\t\t\t\t\t\thtmlDiv.innerHTML = '<style>' + htmlDivCss + '<\/style>';\r\n\t\t\t\t\t\tdocument.getElementsByTagName('head')[0].appendChild(htmlDiv.childNodes[0]);\r\n\t\t\t\t\t}\r\n\t\t\t\t\t<\/script>\r\n\t\t\t\t\t<\/div><!-- END REVOLUTION SLIDER --><div class=\"w-separator size_small\"><\/div><div class=\"w-btn-wrapper width_auto align_center\"><a class=\"w-btn us-btn-style_1\" href=\"https:\/\/equester.ro\/wp-content\/uploads\/2025\/01\/Equester-prezentare-sponsori-update-15-ian-2025-w.pdf\"><span class=\"w-btn-label\">Parteneriat pentru performan\u021b\u0103<\/span><\/a><\/div><\/div><\/div><\/div><\/div><\/div><\/section><section class=\"l-section wpb_row height_medium\"><div class=\"l-section-h i-cf\"><div class=\"g-cols vc_row type_default valign_top\"><div class=\"vc_col-sm-12 wpb_column vc_column_container\"><div class=\"vc_column-inner\"><div class=\"wpb_wrapper\"><div class=\"w-tabs navpos_left navwidth_auto title_atleft layout_ver icon_chevron iconpos_right \"><div class=\"w-tabs-list items_17\" style=\"font-weight:700;\"><div class=\"w-tabs-list-h\"><div class=\"w-tabs-item active\"><a href=\"#1765798976848-66dd8404-e19e\" class=\"w-tabs-item-h\"><span class=\"w-tabs-item-title\">CSI Pheonix Riders - B\u0103icoi, 2026<\/span><\/a><\/div><div class=\"w-tabs-item\"><a href=\"#1770213271507-1c8693ad-ea57\" class=\"w-tabs-item-h\"><span class=\"w-tabs-item-title\">Campionatul Balcanic - Belgrad, Serbia, 2025<\/span><\/a><\/div><div class=\"w-tabs-item\"><a href=\"#1765894617540-4f1c8661-84ec\" class=\"w-tabs-item-h\"><span class=\"w-tabs-item-title\">Finala Campionat - Prejmer, 2025<\/span><\/a><\/div><div class=\"w-tabs-item\"><a href=\"#1765893688705-fa6cffcf-d73d\" class=\"w-tabs-item-h\"><span class=\"w-tabs-item-title\">Cupa Bucure\u0219ti - Equestria, 2025<\/span><\/a><\/div><div class=\"w-tabs-item\"><a href=\"#1749710190275-131ca818-0161\" class=\"w-tabs-item-h\"><span class=\"w-tabs-item-title\">Cupa Rom\u00e2niei - Prejmer, 2025<\/span><\/a><\/div><div class=\"w-tabs-item\"><a href=\"#1765799564004-e123509b-93d4\" class=\"w-tabs-item-h\"><span class=\"w-tabs-item-title\">FEI Jumping Nations Cup Youth, 2025<\/span><\/a><\/div><div class=\"w-tabs-item\"><a href=\"#1749712700140-598a346e-8821\" class=\"w-tabs-item-h\"><span class=\"w-tabs-item-title\">Nations Cup - Linz, Austria, 2025<\/span><\/a><\/div><div class=\"w-tabs-item\"><a href=\"#1749712861626-5d53a0fb-e80c\" class=\"w-tabs-item-h\"><span class=\"w-tabs-item-title\">Cupa F.E.R. Vectra, 2025<\/span><\/a><\/div><div class=\"w-tabs-item\"><a href=\"#1744633114573-76463550-4f39\" class=\"w-tabs-item-h\"><span class=\"w-tabs-item-title\">Finala Winter Tour - Prejmer, 2025<\/span><\/a><\/div><div class=\"w-tabs-item\"><a href=\"#1741699004404-abc49c37-eb67\" class=\"w-tabs-item-h\"><span class=\"w-tabs-item-title\">Winter Tour, Etapa III - Prejmer (2025)<\/span><\/a><\/div><div class=\"w-tabs-item\"><a href=\"#1695214324604-2f4ec0a9-5f59\" class=\"w-tabs-item-h\"><span class=\"w-tabs-item-title\">Balcaniada (2024)<\/span><\/a><\/div><div class=\"w-tabs-item\"><a href=\"#1738667979830-b0d8b61d-05c5\" class=\"w-tabs-item-h\"><span class=\"w-tabs-item-title\">Cupa Rom\u00e2niei II (2024)<\/span><\/a><\/div><div class=\"w-tabs-item\"><a href=\"#1724161368397-daa575a1-eda7\" class=\"w-tabs-item-h\"><span class=\"w-tabs-item-title\">Prejmer Summer Tour etapa a III-a (2024)<\/span><\/a><\/div><div class=\"w-tabs-item\"><a href=\"#1724655999948-dce21adc-7bf8\" class=\"w-tabs-item-h\"><span class=\"w-tabs-item-title\">Prejmer Summer Tour etapa I (2024)<\/span><\/a><\/div><div class=\"w-tabs-item\"><div class=\"w-tabs-item-h\"><span class=\"w-tabs-item-title\">Linz - Ebelsberg, Austria (2024)<\/span><\/div><\/div><div class=\"w-tabs-item\"><a href=\"#1724656137252-1ee059ca-d640\" class=\"w-tabs-item-h\"><span class=\"w-tabs-item-title\">Prejmer Winter Tour etapa a VII-a (2024)<\/span><\/a><\/div><div class=\"w-tabs-item\"><a href=\"#1724656301313-21e838c1-a3f7\" class=\"w-tabs-item-h\"><span class=\"w-tabs-item-title\">Prejmer Winter Tour etapa a V-a (2024)<\/span><\/a><\/div><\/div><\/div><div class=\"w-tabs-sections\"><div class=\"w-tabs-sections-h\"><div class=\"w-tabs-section active\" id=\"1765798976848-66dd8404-e19e\"><a href=\"#1765798976848-66dd8404-e19e\" class=\"w-tabs-section-header\"><div class=\"w-tabs-section-header-h\"><div class=\"w-tabs-section-title\">CSI Pheonix Riders - B\u0103icoi, 2026<\/div><div class=\"w-tabs-section-control\"><\/div><\/div><\/a><div class=\"w-tabs-section-content\"><div class=\"w-tabs-section-content-h i-cf\"><div class=\"g-cols wpb_row  type_default valign_top vc_inner \"><div class=\"vc_col-sm-12 wpb_column vc_column_container\"><div class=\"vc_column-inner\"><div class=\"wpb_wrapper\">\r\n\t<div class=\"wpb_text_column \">\r\n\t\t<div class=\"wpb_wrapper\">\r\n\t\t\t<h3>CSI* Pheonix Riders &#8211; B\u0103icoi<\/h3>\n<p><strong>Perioada:<\/strong> 30.01-01.02.2026<\/p>\n<p data-start=\"95\" data-end=\"749\"><strong>Am dat startul noului an competi\u021bional<\/strong> prin participarea in cadrul concursului CSI* organizat de c\u0103tre Pheonix Riders (B\u0103icoi).<\/p>\n<p data-start=\"95\" data-end=\"749\">Pentru Ilinca, aceast\u0103 participare a marcat <strong>debutul \u00een probele de nivel Gold Tour<\/strong>, al\u0103turi de <strong>Lord Hubert<\/strong>, concur\u00e2nd \u00een prima zi la nivelul de <strong>1,30 m.<\/strong><br \/>\n\u00cen urm\u0103toarele dou\u0103 zile, cuplul a evoluat \u00een cadrul <strong>Silver Tour<\/strong>, la nivelul de <strong>1,25 m<\/strong>, acestea fiind \u0219i nivelurile la care vor concura pe parcursul anului \u00een competi\u021biile interna\u021bionale de<strong> Cupa Na\u021biunilor pentru copii<\/strong> (CSIO* CH).<\/p>\n<p data-start=\"95\" data-end=\"749\">Participarea a confirmat forma foarte bun\u0103 a cuplului \u0219i a fost un test reu\u0219it, \u00een concordan\u021b\u0103 cu provoc\u0103rile care \u00eei a\u0219teapt\u0103 \u00een sezonul competi\u021bional.<br \/>\n<strong><br \/>\nInnocence S<\/strong> a luat startul \u00een probele de <strong>Bronze Tour<\/strong>, la nivelul de<strong> 1,15 m<\/strong>, \u0219i, chiar dac\u0103 rezultatele nu au fost pe nivelul a\u0219tept\u0103rilor, am validat modul de lucru pentru \u00eentoarceri scurte.<\/p>\n<p>\u00cen cadrul aceleia\u0219i competi\u021bii s-au desf\u0103\u0219urat \u0219i o serie de <strong>probe din Campionatul Na\u021bional<\/strong>, unde <strong>Eva Apopei<\/strong> a concurat cu <strong>Funny Flight<\/strong> \u0219i <strong>Coritania<\/strong>.<\/p>\n<p data-start=\"95\" data-end=\"749\">Acestea au fost <strong>primele probe la cronometru pentru Eva<\/strong>, o experien\u021b\u0103 nou\u0103 din punct de vedere al strategiei de abordare a parcursului. A reu\u0219it dou\u0103 parcursuri foarte bune, prin care \u0219i-a validat parametrii de lucru: caden\u021ba constant\u0103, \u00eentoarcerile corecte pentru abordarea optim\u0103 a obstacolelor \u0219i gestionarea vitezei calului.<\/p>\n<p><strong>Un \u00eenceput de sezon promi\u021b\u0103tor pentru sportivii \u0219i caii implica\u021bi!<\/strong><\/p>\n\r\n\t\t<\/div>\r\n\t<\/div>\r\n<div class=\"w-separator size_medium\"><\/div><div class=\"w-slider style_none\"><div class=\"w-slider-h\"><div class=\"royalSlider\"><div class=\"rsContent\"><a class=\"rsImg\" data-rsw=\"943\" data-rsh=\"629\" data-rsBigImg=\"https:\/\/equester.ro\/wp-content\/uploads\/2026\/02\/Ilinca-Rata-Equester-CSI-Pheonix-Baicoi-10.jpg\" href=\"https:\/\/equester.ro\/wp-content\/uploads\/2026\/02\/Ilinca-Rata-Equester-CSI-Pheonix-Baicoi-10.jpg\"><span data-alt=\"\"><\/span><\/a><\/div><div class=\"rsContent\"><a class=\"rsImg\" data-rsw=\"1130\" data-rsh=\"754\" data-rsBigImg=\"https:\/\/equester.ro\/wp-content\/uploads\/2026\/02\/Ilinca-Rata-Equester-CSI-Pheonix-Baicoi-01.jpg\" href=\"https:\/\/equester.ro\/wp-content\/uploads\/2026\/02\/Ilinca-Rata-Equester-CSI-Pheonix-Baicoi-01.jpg\"><span data-alt=\"\"><\/span><\/a><\/div><div class=\"rsContent\"><a class=\"rsImg\" data-rsw=\"1500\" data-rsh=\"1000\" data-rsBigImg=\"https:\/\/equester.ro\/wp-content\/uploads\/2026\/02\/Ilinca-Rata-Equester-CSI-Pheonix-Baicoi-03.jpg\" href=\"https:\/\/equester.ro\/wp-content\/uploads\/2026\/02\/Ilinca-Rata-Equester-CSI-Pheonix-Baicoi-03.jpg\"><span data-alt=\"\"><\/span><\/a><\/div><div class=\"rsContent\"><a class=\"rsImg\" data-rsw=\"932\" data-rsh=\"621\" data-rsBigImg=\"https:\/\/equester.ro\/wp-content\/uploads\/2026\/02\/Ilinca-Rata-Equester-CSI-Pheonix-Baicoi-12.jpg\" href=\"https:\/\/equester.ro\/wp-content\/uploads\/2026\/02\/Ilinca-Rata-Equester-CSI-Pheonix-Baicoi-12.jpg\"><span data-alt=\"\"><\/span><\/a><\/div><div class=\"rsContent\"><a class=\"rsImg\" data-rsw=\"874\" data-rsh=\"583\" data-rsBigImg=\"https:\/\/equester.ro\/wp-content\/uploads\/2026\/02\/Ilinca-Rata-Equester-CSI-Pheonix-Baicoi-13.jpg\" href=\"https:\/\/equester.ro\/wp-content\/uploads\/2026\/02\/Ilinca-Rata-Equester-CSI-Pheonix-Baicoi-13.jpg\"><span data-alt=\"\"><\/span><\/a><\/div><div class=\"rsContent\"><a class=\"rsImg\" data-rsw=\"874\" data-rsh=\"583\" data-rsBigImg=\"https:\/\/equester.ro\/wp-content\/uploads\/2026\/02\/Ilinca-Rata-Equester-CSI-Pheonix-Baicoi-14.jpg\" href=\"https:\/\/equester.ro\/wp-content\/uploads\/2026\/02\/Ilinca-Rata-Equester-CSI-Pheonix-Baicoi-14.jpg\"><span data-alt=\"\"><\/span><\/a><\/div><div class=\"rsContent\"><a class=\"rsImg\" data-rsw=\"943\" data-rsh=\"629\" data-rsBigImg=\"https:\/\/equester.ro\/wp-content\/uploads\/2026\/02\/Ilinca-Rata-Equester-CSI-Pheonix-Baicoi-11.jpg\" href=\"https:\/\/equester.ro\/wp-content\/uploads\/2026\/02\/Ilinca-Rata-Equester-CSI-Pheonix-Baicoi-11.jpg\"><span data-alt=\"\"><\/span><\/a><\/div><div class=\"rsContent\"><a class=\"rsImg\" data-rsw=\"936\" data-rsh=\"624\" data-rsBigImg=\"https:\/\/equester.ro\/wp-content\/uploads\/2026\/02\/Ilinca-Rata-Equester-CSI-Pheonix-Baicoi-09.jpg\" href=\"https:\/\/equester.ro\/wp-content\/uploads\/2026\/02\/Ilinca-Rata-Equester-CSI-Pheonix-Baicoi-09.jpg\"><span data-alt=\"\"><\/span><\/a><\/div><div class=\"rsContent\"><a class=\"rsImg\" data-rsw=\"936\" data-rsh=\"624\" data-rsBigImg=\"https:\/\/equester.ro\/wp-content\/uploads\/2026\/02\/Ilinca-Rata-Equester-CSI-Pheonix-Baicoi-08.jpg\" href=\"https:\/\/equester.ro\/wp-content\/uploads\/2026\/02\/Ilinca-Rata-Equester-CSI-Pheonix-Baicoi-08.jpg\"><span data-alt=\"\"><\/span><\/a><\/div><div class=\"rsContent\"><a class=\"rsImg\" data-rsw=\"1130\" data-rsh=\"754\" data-rsBigImg=\"https:\/\/equester.ro\/wp-content\/uploads\/2026\/02\/Ilinca-Rata-Equester-CSI-Pheonix-Baicoi-06.jpg\" href=\"https:\/\/equester.ro\/wp-content\/uploads\/2026\/02\/Ilinca-Rata-Equester-CSI-Pheonix-Baicoi-06.jpg\"><span data-alt=\"\"><\/span><\/a><\/div><div class=\"rsContent\"><a class=\"rsImg\" data-rsw=\"1130\" data-rsh=\"754\" data-rsBigImg=\"https:\/\/equester.ro\/wp-content\/uploads\/2026\/02\/Ilinca-Rata-Equester-CSI-Pheonix-Baicoi-05.jpg\" href=\"https:\/\/equester.ro\/wp-content\/uploads\/2026\/02\/Ilinca-Rata-Equester-CSI-Pheonix-Baicoi-05.jpg\"><span data-alt=\"\"><\/span><\/a><\/div><div class=\"rsContent\"><a class=\"rsImg\" data-rsw=\"1130\" data-rsh=\"754\" data-rsBigImg=\"https:\/\/equester.ro\/wp-content\/uploads\/2026\/02\/Ilinca-Rata-Equester-CSI-Pheonix-Baicoi-04.jpg\" href=\"https:\/\/equester.ro\/wp-content\/uploads\/2026\/02\/Ilinca-Rata-Equester-CSI-Pheonix-Baicoi-04.jpg\"><span data-alt=\"\"><\/span><\/a><\/div><\/div><img decoding=\"async\" src=\"https:\/\/equester.ro\/wp-content\/uploads\/2026\/02\/Ilinca-Rata-Equester-CSI-Pheonix-Baicoi-10.jpg\" alt=\"\"><\/div><div class=\"w-slider-json\" onclick='return {&quot;loopRewind&quot;:true,&quot;slidesSpacing&quot;:0,&quot;imageScalePadding&quot;:0,&quot;numImagesToPreload&quot;:2,&quot;arrowsNav&quot;:true,&quot;arrowsNavAutoHide&quot;:false,&quot;transitionType&quot;:&quot;move&quot;,&quot;transitionSpeed&quot;:300,&quot;block&quot;:{&quot;moveEffect&quot;:&quot;none&quot;,&quot;speed&quot;:300},&quot;controlNavigation&quot;:&quot;none&quot;,&quot;fullscreen&quot;:{&quot;enabled&quot;:true},&quot;imageScaleMode&quot;:&quot;fit&quot;,&quot;autoScaleSlider&quot;:true,&quot;autoScaleSliderWidth&quot;:943,&quot;autoScaleSliderHeight&quot;:629,&quot;fitInViewport&quot;:false}'><\/div><\/div><\/div><\/div><\/div><\/div><\/div><\/div><\/div><div class=\"w-tabs-section\" id=\"1770213271507-1c8693ad-ea57\"><a href=\"#1770213271507-1c8693ad-ea57\" class=\"w-tabs-section-header\"><div class=\"w-tabs-section-header-h\"><div class=\"w-tabs-section-title\">Campionatul Balcanic - Belgrad, Serbia, 2025<\/div><div class=\"w-tabs-section-control\"><\/div><\/div><\/a><div class=\"w-tabs-section-content\"><div class=\"w-tabs-section-content-h i-cf\"><div class=\"g-cols wpb_row  type_default valign_top vc_inner \"><div class=\"vc_col-sm-12 wpb_column vc_column_container\"><div class=\"vc_column-inner\"><div class=\"wpb_wrapper\">\r\n\t<div class=\"wpb_text_column \">\r\n\t\t<div class=\"wpb_wrapper\">\r\n\t\t\t<h3>Campionatul Balcanic &#8211; Belgrad, Serbia<\/h3>\n<p><strong>Perioada:<\/strong> 03-07.09.2025<\/p>\n<p><strong>Sportivi &amp; cai:<\/strong><\/p>\n<p>&#8211; Ilinca Ra\u021b\u0103 &#8211; Lord Hubert;<\/p>\n<p><strong>Rezultate:<\/strong><\/p>\n<p>&#8211; Locul 2 \u00een proba inaugural\u0103;<\/p>\n<p>&#8211; Locul 8 la individual (cea mai bun\u0103 clasare din lotul de copii al Rom\u00e2niei);<\/p>\n<p><strong>Info pe scurt:<\/strong><\/p>\n<p data-start=\"95\" data-end=\"749\">Campionatul Balcanic 2025, desf\u0103\u0219urat la Belgrad (SC Kovilovo), a marcat o premier\u0103 pentru Ilinca, respectiv participarea, pentru prima oar\u0103, ca membru titular al echipei de copii a Rom\u00e2niei. Mul\u021bumim Federa\u021biei Ecvestre Rom\u00e2ne pentru \u00eencrederea acordat\u0103! Am fost la doar <strong data-start=\"367\" data-end=\"390\">7 sutimi de secund\u0103<\/strong> de locul I \u00een prima prob\u0103 \u0219i la <strong data-start=\"423\" data-end=\"450\">31 de sutimi de secund\u0103<\/strong> de o clasare pe locul IV la individual; o dep\u0103\u0219ire de timp care a adus un punct de penalizare \u00een proba final\u0103 de Grand Prix.<br data-start=\"575\" data-end=\"578\" \/>Ilinca \u0219i Hubert au ob\u021binut <strong data-start=\"606\" data-end=\"637\">locul 2 \u00een proba inaugural\u0103<\/strong> \u0219i, \u00een final, <strong data-start=\"652\" data-end=\"677\">locul 8 la individual<\/strong>, aceasta fiind <strong data-start=\"693\" data-end=\"748\">cea mai bun\u0103 clasare din lotul de copii al Rom\u00e2niei<\/strong>.<\/p>\n<p data-start=\"751\" data-end=\"843\" data-is-last-node=\"\" data-is-only-node=\"\"><strong data-start=\"751\" data-end=\"770\">Next challenge:<\/strong> <em data-start=\"771\" data-end=\"809\">FEI Jumping Nations Cup\u2122 Youth Final<\/em>, Lier, Belgia, <strong data-start=\"825\" data-end=\"842\">17-21.09.2025<\/strong>.<\/p>\n\r\n\t\t<\/div>\r\n\t<\/div>\r\n<div class=\"w-separator size_medium\"><\/div><div class=\"w-grid type_grid layout_gallery_default cols_2\" id=\"us_grid_1\"><style id=\"us_grid_1_css\">#us_grid_1 .w-grid-item{padding:1.1rem}#us_grid_1 .w-grid-list{margin:-1.1rem}.w-grid + #us_grid_1 .w-grid-list{margin-top:1.1rem}.l-section.width_full>div>div>.vc_col-sm-12>div>div>#us_grid_1 .w-grid-list{margin-left:1.1rem;margin-right:1.1rem}.l-section.height_auto>div>div>.vc_col-sm-12>div>div>#us_grid_1:first-child .w-grid-list{margin-top:1.1rem}.l-section.height_auto>div>div>.vc_col-sm-12>div>div>#us_grid_1:last-child .w-grid-list{margin-bottom:1.1rem}@media (max-width:599px){#us_grid_1 .w-grid-list{margin:0}#us_grid_1 .w-grid-item{width:100%;padding:0;margin-bottom:1.1rem}}<\/style><style>#us_grid_1 .w-grid-item-h{}#us_grid_1 .usg_post_image_1{}#us_grid_1 .usg_post_image_1{transition-duration:0.3s;transform:scale(1) translate(0,0)}#us_grid_1 .w-grid-item-h:hover .usg_post_image_1{transform:scale(1) translate(0,0);opacity:0.5}<\/style><div class=\"w-grid-list\"><article class=\"w-grid-item ratio_1x1 post-11404 attachment type-attachment status-inherit hentry\" data-id=\"11404\">\r\n\t<div class=\"w-grid-item-h\">\r\n\t\t\t\t<div class=\"w-post-elm post_image usg_post_image_1 stretched\"><img loading=\"lazy\" decoding=\"async\" width=\"600\" height=\"600\" src=\"https:\/\/equester.ro\/wp-content\/uploads\/2025\/12\/Campionatul-Balcanic-Belgrad-Serbia-Equester-01-600x600.jpg\" class=\"attachment-us_600_600_crop size-us_600_600_crop\" alt=\"\" srcset=\"https:\/\/equester.ro\/wp-content\/uploads\/2025\/12\/Campionatul-Balcanic-Belgrad-Serbia-Equester-01-600x600.jpg 600w, https:\/\/equester.ro\/wp-content\/uploads\/2025\/12\/Campionatul-Balcanic-Belgrad-Serbia-Equester-01-150x150.jpg 150w, https:\/\/equester.ro\/wp-content\/uploads\/2025\/12\/Campionatul-Balcanic-Belgrad-Serbia-Equester-01-350x350.jpg 350w\" sizes=\"auto, (max-width: 600px) 100vw, 600px\" \/><\/div>\t<\/div>\r\n<\/article>\r\n<article class=\"w-grid-item ratio_1x1 post-11403 attachment type-attachment status-inherit hentry\" data-id=\"11403\">\r\n\t<div class=\"w-grid-item-h\">\r\n\t\t\t\t<div class=\"w-post-elm post_image usg_post_image_1 stretched\"><img loading=\"lazy\" decoding=\"async\" width=\"600\" height=\"600\" src=\"https:\/\/equester.ro\/wp-content\/uploads\/2025\/12\/Campionatul-Balcanic-Belgrad-Serbia-Equester-02-600x600.jpg\" class=\"attachment-us_600_600_crop size-us_600_600_crop\" alt=\"\" srcset=\"https:\/\/equester.ro\/wp-content\/uploads\/2025\/12\/Campionatul-Balcanic-Belgrad-Serbia-Equester-02-600x600.jpg 600w, https:\/\/equester.ro\/wp-content\/uploads\/2025\/12\/Campionatul-Balcanic-Belgrad-Serbia-Equester-02-150x150.jpg 150w, https:\/\/equester.ro\/wp-content\/uploads\/2025\/12\/Campionatul-Balcanic-Belgrad-Serbia-Equester-02-350x350.jpg 350w\" sizes=\"auto, (max-width: 600px) 100vw, 600px\" \/><\/div>\t<\/div>\r\n<\/article>\r\n<article class=\"w-grid-item ratio_1x1 post-11402 attachment type-attachment status-inherit hentry\" data-id=\"11402\">\r\n\t<div class=\"w-grid-item-h\">\r\n\t\t\t\t<div class=\"w-post-elm post_image usg_post_image_1 stretched\"><img loading=\"lazy\" decoding=\"async\" width=\"600\" height=\"600\" src=\"https:\/\/equester.ro\/wp-content\/uploads\/2025\/12\/Campionatul-Balcanic-Belgrad-Serbia-Equester-03-600x600.jpg\" class=\"attachment-us_600_600_crop size-us_600_600_crop\" alt=\"\" srcset=\"https:\/\/equester.ro\/wp-content\/uploads\/2025\/12\/Campionatul-Balcanic-Belgrad-Serbia-Equester-03-600x600.jpg 600w, https:\/\/equester.ro\/wp-content\/uploads\/2025\/12\/Campionatul-Balcanic-Belgrad-Serbia-Equester-03-150x150.jpg 150w, https:\/\/equester.ro\/wp-content\/uploads\/2025\/12\/Campionatul-Balcanic-Belgrad-Serbia-Equester-03-350x350.jpg 350w\" sizes=\"auto, (max-width: 600px) 100vw, 600px\" \/><\/div>\t<\/div>\r\n<\/article>\r\n<article class=\"w-grid-item ratio_1x1 post-11401 attachment type-attachment status-inherit hentry\" data-id=\"11401\">\r\n\t<div class=\"w-grid-item-h\">\r\n\t\t\t\t<div class=\"w-post-elm post_image usg_post_image_1 stretched\"><img loading=\"lazy\" decoding=\"async\" width=\"600\" height=\"600\" src=\"https:\/\/equester.ro\/wp-content\/uploads\/2025\/12\/Campionatul-Balcanic-Belgrad-Serbia-Equester-04-600x600.jpg\" class=\"attachment-us_600_600_crop size-us_600_600_crop\" alt=\"\" srcset=\"https:\/\/equester.ro\/wp-content\/uploads\/2025\/12\/Campionatul-Balcanic-Belgrad-Serbia-Equester-04-600x600.jpg 600w, https:\/\/equester.ro\/wp-content\/uploads\/2025\/12\/Campionatul-Balcanic-Belgrad-Serbia-Equester-04-150x150.jpg 150w, https:\/\/equester.ro\/wp-content\/uploads\/2025\/12\/Campionatul-Balcanic-Belgrad-Serbia-Equester-04-350x350.jpg 350w\" sizes=\"auto, (max-width: 600px) 100vw, 600px\" \/><\/div>\t<\/div>\r\n<\/article>\r\n<article class=\"w-grid-item ratio_1x1 post-11400 attachment type-attachment status-inherit hentry\" data-id=\"11400\">\r\n\t<div class=\"w-grid-item-h\">\r\n\t\t\t\t<div class=\"w-post-elm post_image usg_post_image_1 stretched\"><img loading=\"lazy\" decoding=\"async\" width=\"600\" height=\"600\" src=\"https:\/\/equester.ro\/wp-content\/uploads\/2025\/12\/Campionatul-Balcanic-Belgrad-Serbia-Equester-05-600x600.jpg\" class=\"attachment-us_600_600_crop size-us_600_600_crop\" alt=\"\" srcset=\"https:\/\/equester.ro\/wp-content\/uploads\/2025\/12\/Campionatul-Balcanic-Belgrad-Serbia-Equester-05-600x600.jpg 600w, https:\/\/equester.ro\/wp-content\/uploads\/2025\/12\/Campionatul-Balcanic-Belgrad-Serbia-Equester-05-150x150.jpg 150w, https:\/\/equester.ro\/wp-content\/uploads\/2025\/12\/Campionatul-Balcanic-Belgrad-Serbia-Equester-05-350x350.jpg 350w\" sizes=\"auto, (max-width: 600px) 100vw, 600px\" \/><\/div>\t<\/div>\r\n<\/article>\r\n<article class=\"w-grid-item ratio_1x1 post-11399 attachment type-attachment status-inherit hentry\" data-id=\"11399\">\r\n\t<div class=\"w-grid-item-h\">\r\n\t\t\t\t<div class=\"w-post-elm post_image usg_post_image_1 stretched\"><img loading=\"lazy\" decoding=\"async\" width=\"600\" height=\"600\" src=\"https:\/\/equester.ro\/wp-content\/uploads\/2025\/12\/Campionatul-Balcanic-Belgrad-Serbia-Equester-06-600x600.jpg\" class=\"attachment-us_600_600_crop size-us_600_600_crop\" alt=\"\" srcset=\"https:\/\/equester.ro\/wp-content\/uploads\/2025\/12\/Campionatul-Balcanic-Belgrad-Serbia-Equester-06-600x600.jpg 600w, https:\/\/equester.ro\/wp-content\/uploads\/2025\/12\/Campionatul-Balcanic-Belgrad-Serbia-Equester-06-150x150.jpg 150w, https:\/\/equester.ro\/wp-content\/uploads\/2025\/12\/Campionatul-Balcanic-Belgrad-Serbia-Equester-06-350x350.jpg 350w\" sizes=\"auto, (max-width: 600px) 100vw, 600px\" \/><\/div>\t<\/div>\r\n<\/article>\r\n<article class=\"w-grid-item ratio_1x1 post-11398 attachment type-attachment status-inherit hentry\" data-id=\"11398\">\r\n\t<div class=\"w-grid-item-h\">\r\n\t\t\t\t<div class=\"w-post-elm post_image usg_post_image_1 stretched\"><img loading=\"lazy\" decoding=\"async\" width=\"600\" height=\"600\" src=\"https:\/\/equester.ro\/wp-content\/uploads\/2025\/12\/Campionatul-Balcanic-Belgrad-Serbia-Equester-07-600x600.jpg\" class=\"attachment-us_600_600_crop size-us_600_600_crop\" alt=\"\" srcset=\"https:\/\/equester.ro\/wp-content\/uploads\/2025\/12\/Campionatul-Balcanic-Belgrad-Serbia-Equester-07-600x600.jpg 600w, https:\/\/equester.ro\/wp-content\/uploads\/2025\/12\/Campionatul-Balcanic-Belgrad-Serbia-Equester-07-150x150.jpg 150w, https:\/\/equester.ro\/wp-content\/uploads\/2025\/12\/Campionatul-Balcanic-Belgrad-Serbia-Equester-07-350x350.jpg 350w\" sizes=\"auto, (max-width: 600px) 100vw, 600px\" \/><\/div>\t<\/div>\r\n<\/article>\r\n<\/div>\t<div class=\"w-grid-json hidden\" onclick='return {&quot;ajax_url&quot;:&quot;https:\\\/\\\/equester.ro\\\/wp-admin\\\/admin-ajax.php&quot;,&quot;permalink_url&quot;:&quot;https:\\\/\\\/equester.ro\\\/en\\\/competitii-de-echitatie\\\/campionatul-balcanic-belgrad-serbia-equester-07\\\/&quot;,&quot;action&quot;:&quot;us_ajax_grid&quot;,&quot;max_num_pages&quot;:1,&quot;infinite_scroll&quot;:0,&quot;template_vars&quot;:{&quot;query_args&quot;:{&quot;post_type&quot;:[&quot;attachment&quot;],&quot;post__in&quot;:[&quot;11398&quot;,&quot;11399&quot;,&quot;11401&quot;,&quot;11402&quot;,&quot;11400&quot;,&quot;11403&quot;,&quot;11404&quot;],&quot;post_status&quot;:&quot;inherit&quot;,&quot;post_mime_type&quot;:&quot;image&quot;,&quot;orderby&quot;:{&quot;date&quot;:&quot;DESC&quot;},&quot;posts_per_page&quot;:&quot;10&quot;},&quot;post_id&quot;:10178,&quot;us_grid_index&quot;:1,&quot;us_grid_ajax_index&quot;:1,&quot;exclude_items&quot;:&quot;none&quot;,&quot;items_offset&quot;:&quot;1&quot;,&quot;items_layout&quot;:&quot;gallery_default&quot;,&quot;type&quot;:&quot;grid&quot;,&quot;columns&quot;:&quot;2&quot;,&quot;img_size&quot;:&quot;us_600_600_crop&quot;,&quot;overriding_link&quot;:&quot;none&quot;}}'><\/div>\r\n<\/div><\/div><\/div><\/div><\/div><\/div><\/div><\/div><div class=\"w-tabs-section\" id=\"1765894617540-4f1c8661-84ec\"><a href=\"#1765894617540-4f1c8661-84ec\" class=\"w-tabs-section-header\"><div class=\"w-tabs-section-header-h\"><div class=\"w-tabs-section-title\">Finala Campionat - Prejmer, 2025<\/div><div class=\"w-tabs-section-control\"><\/div><\/div><\/a><div class=\"w-tabs-section-content\"><div class=\"w-tabs-section-content-h i-cf\"><div class=\"g-cols wpb_row  type_default valign_top vc_inner \"><div class=\"vc_col-sm-12 wpb_column vc_column_container\"><div class=\"vc_column-inner\"><div class=\"wpb_wrapper\">\r\n\t<div class=\"wpb_text_column \">\r\n\t\t<div class=\"wpb_wrapper\">\r\n\t\t\t<h3>Finala Campionat &#8211; Prejmer<\/h3>\n<p><strong>Perioada:<\/strong> \u00a007-10.08.2025<\/p>\n<p><strong>Sportivi &amp; cai:<\/strong><\/p>\n<p>&#8211; Eva &#8211; Funny Flight;<\/p>\n<p>&#8211; Ilinca Ra\u021b\u0103 &#8211; Lord Hubert \/ Innocence Z;<\/p>\n<p><strong>Rezultate:<\/strong><\/p>\n<p>&#8211; Eva &amp; Funny Flight: locul 2 \u00een proba cu timp optim;<\/p>\n<p>&#8211; Ilinca &amp; Lord Hubert: locul 5 \u00een finala categoriei Copii;<\/p>\n<p>&#8211; Ilinca &amp; Innocence Z: parcurs foarte bun tehnic \u00een finala Silver Tour 1.30 m;<\/p>\n<p><strong>Info pe scurt:<\/strong> Competi\u021bia a confirmat progresul tehnic al Ilinc\u0103i, \u00een timp ce Eva, aflat\u0103 la a doua competi\u021bie, \u0219i-a \u00eembun\u0103t\u0103\u021bit performan\u021ba, ob\u021bin\u00e2nd primul loc 2 \u00eentr-o prob\u0103 cu concuren\u021b\u0103 crescut\u0103.<\/p>\n\r\n\t\t<\/div>\r\n\t<\/div>\r\n<div class=\"w-separator size_medium\"><\/div><div class=\"w-slider style_none\"><div class=\"w-slider-h\"><div class=\"royalSlider\"><div class=\"rsContent\"><a class=\"rsImg\" data-rsw=\"1024\" data-rsh=\"683\" data-rsBigImg=\"https:\/\/equester.ro\/wp-content\/uploads\/2025\/12\/Finala-Campionat-Prejmer-Equester-1.jpg\" href=\"https:\/\/equester.ro\/wp-content\/uploads\/2025\/12\/Finala-Campionat-Prejmer-Equester-1.jpg\"><span data-alt=\"\"><\/span><\/a><\/div><div class=\"rsContent\"><a class=\"rsImg\" data-rsw=\"1024\" data-rsh=\"683\" data-rsBigImg=\"https:\/\/equester.ro\/wp-content\/uploads\/2025\/12\/Finala-Campionat-Prejmer-Equester-2.jpg\" href=\"https:\/\/equester.ro\/wp-content\/uploads\/2025\/12\/Finala-Campionat-Prejmer-Equester-2.jpg\"><span data-alt=\"\"><\/span><\/a><\/div><div class=\"rsContent\"><a class=\"rsImg\" data-rsw=\"1024\" data-rsh=\"683\" data-rsBigImg=\"https:\/\/equester.ro\/wp-content\/uploads\/2025\/12\/Finala-Campionat-Prejmer-Equester-4.jpg\" href=\"https:\/\/equester.ro\/wp-content\/uploads\/2025\/12\/Finala-Campionat-Prejmer-Equester-4.jpg\"><span data-alt=\"\"><\/span><\/a><\/div><div class=\"rsContent\"><a class=\"rsImg\" data-rsw=\"1024\" data-rsh=\"683\" data-rsBigImg=\"https:\/\/equester.ro\/wp-content\/uploads\/2025\/12\/Finala-Campionat-Prejmer-Equester-3.jpg\" href=\"https:\/\/equester.ro\/wp-content\/uploads\/2025\/12\/Finala-Campionat-Prejmer-Equester-3.jpg\"><span data-alt=\"\"><\/span><\/a><\/div><div class=\"rsContent\"><a class=\"rsImg\" data-rsw=\"1024\" data-rsh=\"683\" data-rsBigImg=\"https:\/\/equester.ro\/wp-content\/uploads\/2025\/12\/Finala-Campionat-Prejmer-Equester-01.jpg\" href=\"https:\/\/equester.ro\/wp-content\/uploads\/2025\/12\/Finala-Campionat-Prejmer-Equester-01.jpg\"><span data-alt=\"\"><\/span><\/a><\/div><div class=\"rsContent\"><a class=\"rsImg\" data-rsw=\"1024\" data-rsh=\"683\" data-rsBigImg=\"https:\/\/equester.ro\/wp-content\/uploads\/2025\/12\/Finala-Campionat-Prejmer-Equester-02.jpg\" href=\"https:\/\/equester.ro\/wp-content\/uploads\/2025\/12\/Finala-Campionat-Prejmer-Equester-02.jpg\"><span data-alt=\"\"><\/span><\/a><\/div><div class=\"rsContent\"><a class=\"rsImg\" data-rsw=\"1024\" data-rsh=\"683\" data-rsBigImg=\"https:\/\/equester.ro\/wp-content\/uploads\/2025\/12\/Finala-Campionat-Prejmer-Equester-03.jpg\" href=\"https:\/\/equester.ro\/wp-content\/uploads\/2025\/12\/Finala-Campionat-Prejmer-Equester-03.jpg\"><span data-alt=\"\"><\/span><\/a><\/div><div class=\"rsContent\"><a class=\"rsImg\" data-rsw=\"1024\" data-rsh=\"683\" data-rsBigImg=\"https:\/\/equester.ro\/wp-content\/uploads\/2025\/12\/Finala-Campionat-Prejmer-Equester-04.jpg\" href=\"https:\/\/equester.ro\/wp-content\/uploads\/2025\/12\/Finala-Campionat-Prejmer-Equester-04.jpg\"><span data-alt=\"\"><\/span><\/a><\/div><div class=\"rsContent\"><a class=\"rsImg\" data-rsw=\"1024\" data-rsh=\"683\" data-rsBigImg=\"https:\/\/equester.ro\/wp-content\/uploads\/2025\/12\/Finala-Campionat-Prejmer-Equester-05.jpg\" href=\"https:\/\/equester.ro\/wp-content\/uploads\/2025\/12\/Finala-Campionat-Prejmer-Equester-05.jpg\"><span data-alt=\"\"><\/span><\/a><\/div><div class=\"rsContent\"><a class=\"rsImg\" data-rsw=\"1024\" data-rsh=\"683\" data-rsBigImg=\"https:\/\/equester.ro\/wp-content\/uploads\/2025\/12\/Finala-Campionat-Prejmer-Equester-06.jpg\" href=\"https:\/\/equester.ro\/wp-content\/uploads\/2025\/12\/Finala-Campionat-Prejmer-Equester-06.jpg\"><span data-alt=\"\"><\/span><\/a><\/div><div class=\"rsContent\"><a class=\"rsImg\" data-rsw=\"1024\" data-rsh=\"683\" data-rsBigImg=\"https:\/\/equester.ro\/wp-content\/uploads\/2025\/12\/Finala-Campionat-Prejmer-Equester-07.jpg\" href=\"https:\/\/equester.ro\/wp-content\/uploads\/2025\/12\/Finala-Campionat-Prejmer-Equester-07.jpg\"><span data-alt=\"\"><\/span><\/a><\/div><div class=\"rsContent\"><a class=\"rsImg\" data-rsw=\"1024\" data-rsh=\"683\" data-rsBigImg=\"https:\/\/equester.ro\/wp-content\/uploads\/2025\/12\/Finala-Campionat-Prejmer-Equester-08.jpg\" href=\"https:\/\/equester.ro\/wp-content\/uploads\/2025\/12\/Finala-Campionat-Prejmer-Equester-08.jpg\"><span data-alt=\"\"><\/span><\/a><\/div><div class=\"rsContent\"><a class=\"rsImg\" data-rsw=\"1024\" data-rsh=\"683\" data-rsBigImg=\"https:\/\/equester.ro\/wp-content\/uploads\/2025\/12\/Finala-Campionat-Prejmer-Equester-09.jpg\" href=\"https:\/\/equester.ro\/wp-content\/uploads\/2025\/12\/Finala-Campionat-Prejmer-Equester-09.jpg\"><span data-alt=\"\"><\/span><\/a><\/div><div class=\"rsContent\"><a class=\"rsImg\" data-rsw=\"1024\" data-rsh=\"683\" data-rsBigImg=\"https:\/\/equester.ro\/wp-content\/uploads\/2025\/12\/Finala-Campionat-Prejmer-Equester-10.jpg\" href=\"https:\/\/equester.ro\/wp-content\/uploads\/2025\/12\/Finala-Campionat-Prejmer-Equester-10.jpg\"><span data-alt=\"\"><\/span><\/a><\/div><div class=\"rsContent\"><a class=\"rsImg\" data-rsw=\"683\" data-rsh=\"1024\" data-rsBigImg=\"https:\/\/equester.ro\/wp-content\/uploads\/2025\/12\/Finala-Campionat-Prejmer-Equester-11.jpg\" href=\"https:\/\/equester.ro\/wp-content\/uploads\/2025\/12\/Finala-Campionat-Prejmer-Equester-11.jpg\"><span data-alt=\"\"><\/span><\/a><\/div><div class=\"rsContent\"><a class=\"rsImg\" data-rsw=\"1024\" data-rsh=\"683\" data-rsBigImg=\"https:\/\/equester.ro\/wp-content\/uploads\/2025\/12\/Finala-Campionat-Prejmer-Equester-12.jpg\" href=\"https:\/\/equester.ro\/wp-content\/uploads\/2025\/12\/Finala-Campionat-Prejmer-Equester-12.jpg\"><span data-alt=\"\"><\/span><\/a><\/div><\/div><img decoding=\"async\" src=\"https:\/\/equester.ro\/wp-content\/uploads\/2025\/12\/Finala-Campionat-Prejmer-Equester-1.jpg\" alt=\"\"><\/div><div class=\"w-slider-json\" onclick='return {&quot;loopRewind&quot;:true,&quot;slidesSpacing&quot;:0,&quot;imageScalePadding&quot;:0,&quot;numImagesToPreload&quot;:2,&quot;arrowsNav&quot;:true,&quot;arrowsNavAutoHide&quot;:false,&quot;transitionType&quot;:&quot;move&quot;,&quot;transitionSpeed&quot;:300,&quot;block&quot;:{&quot;moveEffect&quot;:&quot;none&quot;,&quot;speed&quot;:300},&quot;controlNavigation&quot;:&quot;none&quot;,&quot;fullscreen&quot;:{&quot;enabled&quot;:true},&quot;imageScaleMode&quot;:&quot;fit&quot;,&quot;autoScaleSlider&quot;:true,&quot;autoScaleSliderWidth&quot;:1024,&quot;autoScaleSliderHeight&quot;:683,&quot;fitInViewport&quot;:false}'><\/div><\/div><\/div><\/div><\/div><\/div><\/div><\/div><\/div><div class=\"w-tabs-section\" id=\"1765893688705-fa6cffcf-d73d\"><a href=\"#1765893688705-fa6cffcf-d73d\" class=\"w-tabs-section-header\"><div class=\"w-tabs-section-header-h\"><div class=\"w-tabs-section-title\">Cupa Bucure\u0219ti - Equestria, 2025<\/div><div class=\"w-tabs-section-control\"><\/div><\/div><\/a><div class=\"w-tabs-section-content\"><div class=\"w-tabs-section-content-h i-cf\"><div class=\"g-cols wpb_row  type_default valign_top vc_inner \"><div class=\"vc_col-sm-12 wpb_column vc_column_container\"><div class=\"vc_column-inner\"><div class=\"wpb_wrapper\">\r\n\t<div class=\"wpb_text_column \">\r\n\t\t<div class=\"wpb_wrapper\">\r\n\t\t\t<h3>Cupa Bucure\u0219ti &#8211; Equestria<\/h3>\n<p><strong>Perioada:<\/strong> 25-28.07.2025<\/p>\n<p><strong>Sportivi &amp; cai<\/strong>:<\/p>\n<ul>\n<li>\u00a0Eva &#8211; Funny Flight;<\/li>\n<li>\u00a0Ilinca Ra\u021b\u0103 &#8211; Innocence Z \u0219i Lord Hubert;<\/li>\n<\/ul>\n<p><strong>Rezultate<\/strong>:<\/p>\n<p>&#8211; Eva: Locul 3 \u00een proba de debutan\u021bi (timp optim);<\/p>\n<p>&#8211; Ilinca:<\/p>\n<ul>\n<li>Locul 1 \u00een proba final\u0103 Nivel Copii cu Innocence Z;<\/li>\n<li>Dou\u0103 locuri 3 \u0219i un loc 4 \u00een probele nivel B (1.30 m) cu Lord Hubert;<\/li>\n<\/ul>\n<p><strong>Info pe scurt:<\/strong>\u00a0Eva a devenit oficial c\u0103l\u0103rea\u021b\u0103 \u00een cadrul disciplinei <strong data-start=\"197\" data-end=\"225\">S\u0103rituri peste obstacole<\/strong>, trec\u00e2nd cu brio testul de debutan\u021bi. Felicit\u0103ri pentru acest pas important \u0219i pentru <strong data-start=\"312\" data-end=\"339\">prima clasare pe podium<\/strong>, ob\u021binut\u0103 \u00een cadrul probei de \u00eencurajare din ultima zi a competi\u021biei.<\/p>\n<p>Ilinca a participat al\u0103turi de Ingo \u00een probele de <strong data-start=\"519\" data-end=\"545\">Nivel Copii \u0219i Juniori<\/strong>, ob\u021bin\u00e2nd <strong data-start=\"556\" data-end=\"604\">locul I \u00een proba final\u0103 pentru Nivelul Copii<\/strong>. Cu Hubert, am revalidat poten\u021bialul pentru probele de <strong data-start=\"660\" data-end=\"680\">nivel B (1.30 m)<\/strong>, reu\u0219ind clas\u0103ri \u00een toate cele trei probe: <strong data-start=\"724\" data-end=\"756\">dou\u0103 locuri III \u0219i un loc IV<\/strong>.<\/p>\n\r\n\t\t<\/div>\r\n\t<\/div>\r\n<div class=\"w-separator size_medium\"><\/div><div class=\"w-slider style_none\"><div class=\"w-slider-h\"><div class=\"royalSlider\"><div class=\"rsContent\"><a class=\"rsImg\" data-rsw=\"1024\" data-rsh=\"683\" data-rsBigImg=\"https:\/\/equester.ro\/wp-content\/uploads\/2025\/12\/Cupa-Equesteria-Clubul-Equester-15.jpg\" href=\"https:\/\/equester.ro\/wp-content\/uploads\/2025\/12\/Cupa-Equesteria-Clubul-Equester-15.jpg\"><span data-alt=\"\"><\/span><\/a><\/div><div class=\"rsContent\"><a class=\"rsImg\" data-rsw=\"683\" data-rsh=\"1024\" data-rsBigImg=\"https:\/\/equester.ro\/wp-content\/uploads\/2025\/12\/Cupa-Equesteria-Clubul-Equester-01.jpg\" href=\"https:\/\/equester.ro\/wp-content\/uploads\/2025\/12\/Cupa-Equesteria-Clubul-Equester-01.jpg\"><span data-alt=\"\"><\/span><\/a><\/div><div class=\"rsContent\"><a class=\"rsImg\" data-rsw=\"1024\" data-rsh=\"683\" data-rsBigImg=\"https:\/\/equester.ro\/wp-content\/uploads\/2025\/12\/Cupa-Equesteria-Clubul-Equester-02.jpg\" href=\"https:\/\/equester.ro\/wp-content\/uploads\/2025\/12\/Cupa-Equesteria-Clubul-Equester-02.jpg\"><span data-alt=\"\"><\/span><\/a><\/div><div class=\"rsContent\"><a class=\"rsImg\" data-rsw=\"1024\" data-rsh=\"683\" data-rsBigImg=\"https:\/\/equester.ro\/wp-content\/uploads\/2025\/12\/Cupa-Equesteria-Clubul-Equester-03.jpg\" href=\"https:\/\/equester.ro\/wp-content\/uploads\/2025\/12\/Cupa-Equesteria-Clubul-Equester-03.jpg\"><span data-alt=\"\"><\/span><\/a><\/div><div class=\"rsContent\"><a class=\"rsImg\" data-rsw=\"1024\" data-rsh=\"683\" data-rsBigImg=\"https:\/\/equester.ro\/wp-content\/uploads\/2025\/12\/Cupa-Equesteria-Clubul-Equester-04.jpg\" href=\"https:\/\/equester.ro\/wp-content\/uploads\/2025\/12\/Cupa-Equesteria-Clubul-Equester-04.jpg\"><span data-alt=\"\"><\/span><\/a><\/div><div class=\"rsContent\"><a class=\"rsImg\" data-rsw=\"1024\" data-rsh=\"683\" data-rsBigImg=\"https:\/\/equester.ro\/wp-content\/uploads\/2025\/12\/Cupa-Equesteria-Clubul-Equester-05.jpg\" href=\"https:\/\/equester.ro\/wp-content\/uploads\/2025\/12\/Cupa-Equesteria-Clubul-Equester-05.jpg\"><span data-alt=\"\"><\/span><\/a><\/div><div class=\"rsContent\"><a class=\"rsImg\" data-rsw=\"1024\" data-rsh=\"683\" data-rsBigImg=\"https:\/\/equester.ro\/wp-content\/uploads\/2025\/12\/Cupa-Equesteria-Clubul-Equester-06.jpg\" href=\"https:\/\/equester.ro\/wp-content\/uploads\/2025\/12\/Cupa-Equesteria-Clubul-Equester-06.jpg\"><span data-alt=\"\"><\/span><\/a><\/div><div class=\"rsContent\"><a class=\"rsImg\" data-rsw=\"1024\" data-rsh=\"683\" data-rsBigImg=\"https:\/\/equester.ro\/wp-content\/uploads\/2025\/12\/Cupa-Equesteria-Clubul-Equester-07.jpg\" href=\"https:\/\/equester.ro\/wp-content\/uploads\/2025\/12\/Cupa-Equesteria-Clubul-Equester-07.jpg\"><span data-alt=\"\"><\/span><\/a><\/div><div class=\"rsContent\"><a class=\"rsImg\" data-rsw=\"1024\" data-rsh=\"683\" data-rsBigImg=\"https:\/\/equester.ro\/wp-content\/uploads\/2025\/12\/Cupa-Equesteria-Clubul-Equester-08.jpg\" href=\"https:\/\/equester.ro\/wp-content\/uploads\/2025\/12\/Cupa-Equesteria-Clubul-Equester-08.jpg\"><span data-alt=\"\"><\/span><\/a><\/div><div class=\"rsContent\"><a class=\"rsImg\" data-rsw=\"1024\" data-rsh=\"683\" data-rsBigImg=\"https:\/\/equester.ro\/wp-content\/uploads\/2025\/12\/Cupa-Equesteria-Clubul-Equester-09.jpg\" href=\"https:\/\/equester.ro\/wp-content\/uploads\/2025\/12\/Cupa-Equesteria-Clubul-Equester-09.jpg\"><span data-alt=\"\"><\/span><\/a><\/div><div class=\"rsContent\"><a class=\"rsImg\" data-rsw=\"1024\" data-rsh=\"683\" data-rsBigImg=\"https:\/\/equester.ro\/wp-content\/uploads\/2025\/12\/Cupa-Equesteria-Clubul-Equester-10.jpg\" href=\"https:\/\/equester.ro\/wp-content\/uploads\/2025\/12\/Cupa-Equesteria-Clubul-Equester-10.jpg\"><span data-alt=\"\"><\/span><\/a><\/div><div class=\"rsContent\"><a class=\"rsImg\" data-rsw=\"1024\" data-rsh=\"683\" data-rsBigImg=\"https:\/\/equester.ro\/wp-content\/uploads\/2025\/12\/Cupa-Equesteria-Clubul-Equester-12.jpg\" href=\"https:\/\/equester.ro\/wp-content\/uploads\/2025\/12\/Cupa-Equesteria-Clubul-Equester-12.jpg\"><span data-alt=\"\"><\/span><\/a><\/div><div class=\"rsContent\"><a class=\"rsImg\" data-rsw=\"1024\" data-rsh=\"683\" data-rsBigImg=\"https:\/\/equester.ro\/wp-content\/uploads\/2025\/12\/Cupa-Equesteria-Clubul-Equester-13.jpg\" href=\"https:\/\/equester.ro\/wp-content\/uploads\/2025\/12\/Cupa-Equesteria-Clubul-Equester-13.jpg\"><span data-alt=\"\"><\/span><\/a><\/div><div class=\"rsContent\"><a class=\"rsImg\" data-rsw=\"1024\" data-rsh=\"683\" data-rsBigImg=\"https:\/\/equester.ro\/wp-content\/uploads\/2025\/12\/Cupa-Equesteria-Clubul-Equester-14.jpg\" href=\"https:\/\/equester.ro\/wp-content\/uploads\/2025\/12\/Cupa-Equesteria-Clubul-Equester-14.jpg\"><span data-alt=\"\"><\/span><\/a><\/div><div class=\"rsContent\"><a class=\"rsImg\" data-rsw=\"1024\" data-rsh=\"683\" data-rsBigImg=\"https:\/\/equester.ro\/wp-content\/uploads\/2025\/12\/Cupa-Equesteria-Clubul-Equester-11.jpg\" href=\"https:\/\/equester.ro\/wp-content\/uploads\/2025\/12\/Cupa-Equesteria-Clubul-Equester-11.jpg\"><span data-alt=\"\"><\/span><\/a><\/div><\/div><img decoding=\"async\" src=\"https:\/\/equester.ro\/wp-content\/uploads\/2025\/12\/Cupa-Equesteria-Clubul-Equester-15.jpg\" alt=\"\"><\/div><div class=\"w-slider-json\" onclick='return {&quot;loopRewind&quot;:true,&quot;slidesSpacing&quot;:0,&quot;imageScalePadding&quot;:0,&quot;numImagesToPreload&quot;:2,&quot;arrowsNav&quot;:true,&quot;arrowsNavAutoHide&quot;:false,&quot;transitionType&quot;:&quot;move&quot;,&quot;transitionSpeed&quot;:300,&quot;block&quot;:{&quot;moveEffect&quot;:&quot;none&quot;,&quot;speed&quot;:300},&quot;controlNavigation&quot;:&quot;none&quot;,&quot;fullscreen&quot;:{&quot;enabled&quot;:true},&quot;imageScaleMode&quot;:&quot;fit&quot;,&quot;autoScaleSlider&quot;:true,&quot;autoScaleSliderWidth&quot;:1024,&quot;autoScaleSliderHeight&quot;:683,&quot;fitInViewport&quot;:false}'><\/div><\/div><\/div><\/div><\/div><\/div><\/div><\/div><\/div><div class=\"w-tabs-section\" id=\"1749710190275-131ca818-0161\"><a href=\"#1749710190275-131ca818-0161\" class=\"w-tabs-section-header\"><div class=\"w-tabs-section-header-h\"><div class=\"w-tabs-section-title\">Cupa Rom\u00e2niei - Prejmer, 2025<\/div><div class=\"w-tabs-section-control\"><\/div><\/div><\/a><div class=\"w-tabs-section-content\"><div class=\"w-tabs-section-content-h i-cf\"><div class=\"g-cols wpb_row  type_default valign_top vc_inner \"><div class=\"vc_col-sm-12 wpb_column vc_column_container\"><div class=\"vc_column-inner\"><div class=\"wpb_wrapper\">\r\n\t<div class=\"wpb_text_column \">\r\n\t\t<div class=\"wpb_wrapper\">\r\n\t\t\t<h3>Cupa Rom\u00e2niei &#8211; Prejmer<\/h3>\n<p>Perioada: 26-29.06.2025<\/p>\n<p><strong>Sportiv &amp; cal:<\/strong> Ilinca Ra\u021b\u0103 &#8211; Lord Hubert;<\/p>\n<p><strong>Rezultat:<\/strong> Locul 4 la categoria Copii;<\/p>\n<p><strong>Info pe scurt:<\/strong> Clasarea constant\u0103 \u00een top 5 na\u021bional confirm\u0103 progresul sportiv \u00een campionatul intern.<\/p>\n\r\n\t\t<\/div>\r\n\t<\/div>\r\n<div class=\"w-separator size_medium\"><\/div><div class=\"w-image align_none\"><div class=\"w-image-h\"><img loading=\"lazy\" decoding=\"async\" width=\"1024\" height=\"683\" src=\"https:\/\/equester.ro\/wp-content\/uploads\/2025\/12\/Cupa-Romaniei-Prejmer-w-1024x683.webp\" class=\"attachment-large size-large\" alt=\"Cupa Rom\u00e2niei - Prejmer w\" srcset=\"https:\/\/equester.ro\/wp-content\/uploads\/2025\/12\/Cupa-Romaniei-Prejmer-w-1024x683.webp 1024w, https:\/\/equester.ro\/wp-content\/uploads\/2025\/12\/Cupa-Romaniei-Prejmer-w-300x200.webp 300w, https:\/\/equester.ro\/wp-content\/uploads\/2025\/12\/Cupa-Romaniei-Prejmer-w-1536x1025.webp 1536w, https:\/\/equester.ro\/wp-content\/uploads\/2025\/12\/Cupa-Romaniei-Prejmer-w-18x12.webp 18w, https:\/\/equester.ro\/wp-content\/uploads\/2025\/12\/Cupa-Romaniei-Prejmer-w.webp 2048w\" sizes=\"auto, (max-width: 1024px) 100vw, 1024px\" \/><\/div><\/div><\/div><\/div><\/div><\/div><\/div><\/div><\/div><div class=\"w-tabs-section\" id=\"1765799564004-e123509b-93d4\"><a href=\"#1765799564004-e123509b-93d4\" class=\"w-tabs-section-header\"><div class=\"w-tabs-section-header-h\"><div class=\"w-tabs-section-title\">FEI Jumping Nations Cup Youth, 2025<\/div><div class=\"w-tabs-section-control\"><\/div><\/div><\/a><div class=\"w-tabs-section-content\"><div class=\"w-tabs-section-content-h i-cf\"><div class=\"g-cols wpb_row  type_default valign_top vc_inner \"><div class=\"vc_col-sm-12 wpb_column vc_column_container\"><div class=\"vc_column-inner\"><div class=\"wpb_wrapper\">\r\n\t<div class=\"wpb_text_column \">\r\n\t\t<div class=\"wpb_wrapper\">\r\n\t\t\t<h3>FEI Jumping Nations Cup Youth<br \/>\n&#8211; Babolna, Ungaria<\/h3>\n<p>Perioada: 06-08.06.2025<\/p>\n<p>Ilinca Ra\u021b\u0103, 13 ani, legitimat\u0103 la Clubul Sportiv Equester, a devenit <strong>primul copil din Ia\u0219i<\/strong> care a concurat \u00eentr-o <strong>prob\u0103 de echita\u021bie Grand Prix la nivel interna\u021bional.<\/strong><\/p>\n<p>Evenimentul s-a petrecut \u00een cadrul <strong>FEI Jumping Nations Cup Youth<\/strong>, desf\u0103\u0219urat la Babolna, Ungaria, \u00eentre 6 \u0219i 8 iunie 2025.<\/p>\n<p>Reprezent\u00e2nd Rom\u00e2nia la <strong>categoria Copii<\/strong> (12-14 ani), <strong>Ilinca \u0219i calul s\u0103u, Lord Hubert<\/strong>, au ob\u021binut:<br \/>\n&#8211; <strong>locul II<\/strong> \u00een proba individual\u0103 CSIO CH (125 cm) &#8211; <strong>vezi VIDEO <a href=\"https:\/\/www.facebook.com\/share\/v\/14FhxLwJ4QX\/\">parcurs<\/a><\/strong> \u0219i <strong><a href=\"https:\/\/www.facebook.com\/share\/v\/1HU7GZJ1ue\/\">premierea<\/a><\/strong><br \/>\n&#8211; <strong>locul V<\/strong> \u00een Grand Prix Children (130 cm), performan\u021b\u0103 care a venit dup\u0103 un parcurs curat \u0219i o calificare \u00een baraj &#8211; rund\u0103 decisiv\u0103 a competi\u021biei &#8211;<strong> vezi VIDEO <a href=\"https:\/\/www.facebook.com\/share\/v\/1DgRDjSSUf\/\">parcurs<\/a><\/strong>, <a href=\"https:\/\/www.facebook.com\/share\/v\/1Ue6w75uk4\/\"><strong>parcurs<\/strong><\/a> \u0219i <a href=\"https:\/\/www.facebook.com\/share\/v\/16VxcwUyFY\/\"><strong>premierea<\/strong><\/a>;<\/p>\n<p>\u00centr-un context competi\u021bional \u00een care au fost prezente echipe na\u021bionale din mai multe \u021b\u0103ri europene, sportiva ie\u0219ean\u0103 a fost <strong>singura reprezentant\u0103 a Rom\u00e2niei care a ajuns \u00een barajul Grand Prix<\/strong>\u00a0la categoria sa de v\u00e2rst\u0103.<\/p>\n<p>Proba s-a desf\u0103\u0219urat cu<strong> obstacole de 1,30 metri<\/strong> &#8211;\u00a0nivel maxim pentru sportivii sub 14 ani\u00a0&#8211; \u0219i a inclus <strong>12 obstacole \u0219i 15 s\u0103rituri<\/strong>.<\/p>\n\r\n\t\t<\/div>\r\n\t<\/div>\r\n<div class=\"w-separator size_medium\"><\/div><div class=\"w-slider style_none\"><div class=\"w-slider-h\"><div class=\"royalSlider\"><div class=\"rsContent\"><a class=\"rsImg\" data-rsw=\"2048\" data-rsh=\"1365\" data-rsBigImg=\"https:\/\/equester.ro\/wp-content\/uploads\/2025\/06\/Equester-competitie-Ungaria-5.jpg\" href=\"https:\/\/equester.ro\/wp-content\/uploads\/2025\/06\/Equester-competitie-Ungaria-5.jpg\"><span data-alt=\"\"><\/span><\/a><\/div><div class=\"rsContent\"><a class=\"rsImg\" data-rsw=\"2048\" data-rsh=\"1365\" data-rsBigImg=\"https:\/\/equester.ro\/wp-content\/uploads\/2025\/06\/Equester-competitie-Ungaria-4.jpg\" href=\"https:\/\/equester.ro\/wp-content\/uploads\/2025\/06\/Equester-competitie-Ungaria-4.jpg\"><span data-alt=\"\"><\/span><\/a><\/div><div class=\"rsContent\"><a class=\"rsImg\" data-rsw=\"2048\" data-rsh=\"1365\" data-rsBigImg=\"https:\/\/equester.ro\/wp-content\/uploads\/2025\/06\/Equester-competitie-Ungaria-3.jpg\" href=\"https:\/\/equester.ro\/wp-content\/uploads\/2025\/06\/Equester-competitie-Ungaria-3.jpg\"><span data-alt=\"\"><\/span><\/a><\/div><div class=\"rsContent\"><a class=\"rsImg\" data-rsw=\"2048\" data-rsh=\"1365\" data-rsBigImg=\"https:\/\/equester.ro\/wp-content\/uploads\/2025\/06\/Equester-competitie-Ungaria-2.jpg\" href=\"https:\/\/equester.ro\/wp-content\/uploads\/2025\/06\/Equester-competitie-Ungaria-2.jpg\"><span data-alt=\"\"><\/span><\/a><\/div><div class=\"rsContent\"><a class=\"rsImg\" data-rsw=\"2048\" data-rsh=\"1365\" data-rsBigImg=\"https:\/\/equester.ro\/wp-content\/uploads\/2025\/06\/Equester-competitie-Ungaria-1.jpg\" href=\"https:\/\/equester.ro\/wp-content\/uploads\/2025\/06\/Equester-competitie-Ungaria-1.jpg\"><span data-alt=\"\"><\/span><\/a><\/div><\/div><img decoding=\"async\" src=\"https:\/\/equester.ro\/wp-content\/uploads\/2025\/06\/Equester-competitie-Ungaria-5.jpg\" alt=\"\"><\/div><div class=\"w-slider-json\" onclick='return {&quot;loopRewind&quot;:true,&quot;slidesSpacing&quot;:0,&quot;imageScalePadding&quot;:0,&quot;numImagesToPreload&quot;:2,&quot;arrowsNav&quot;:true,&quot;arrowsNavAutoHide&quot;:false,&quot;transitionType&quot;:&quot;move&quot;,&quot;transitionSpeed&quot;:300,&quot;block&quot;:{&quot;moveEffect&quot;:&quot;none&quot;,&quot;speed&quot;:300},&quot;controlNavigation&quot;:&quot;none&quot;,&quot;fullscreen&quot;:{&quot;enabled&quot;:true},&quot;imageScaleMode&quot;:&quot;fit&quot;,&quot;autoScaleSlider&quot;:true,&quot;autoScaleSliderWidth&quot;:2048,&quot;autoScaleSliderHeight&quot;:1365,&quot;fitInViewport&quot;:false}'><\/div><\/div><\/div><\/div><\/div><\/div><\/div><\/div><\/div><div class=\"w-tabs-section\" id=\"1749712700140-598a346e-8821\"><a href=\"#1749712700140-598a346e-8821\" class=\"w-tabs-section-header\"><div class=\"w-tabs-section-header-h\"><div class=\"w-tabs-section-title\">Nations Cup - Linz, Austria, 2025<\/div><div class=\"w-tabs-section-control\"><\/div><\/div><\/a><div class=\"w-tabs-section-content\"><div class=\"w-tabs-section-content-h i-cf\"><div class=\"g-cols wpb_row  type_default valign_top vc_inner \"><div class=\"vc_col-sm-12 wpb_column vc_column_container\"><div class=\"vc_column-inner\"><div class=\"wpb_wrapper\">\r\n\t<div class=\"wpb_text_column \">\r\n\t\t<div class=\"wpb_wrapper\">\r\n\t\t\t<h3><span class=\"x193iq5w xeuugli x13faqbe x1vvkbs x1xmvt09 x1lliihq x1s928wv xhkezso x1gmr53x x1cpjm7i x1fgarty x1943h6x xudqn12 x3x7a5m x6prxxf xvq8zen xo1l8bm xzsf02u x1yc453h\" dir=\"auto\">Nations Cup Linz &#8211; Austria<\/span><\/h3>\n<div class=\"x14z9mp xat24cr x1lziwak x1vvkbs xtlvy1s x126k92a\">\n<div dir=\"auto\"><span class=\"relative -mx-px my-&#091;-0.2rem&#093; rounded px-px py-&#091;0.2rem&#093; transition-colors duration-100 ease-in-out\">\u00cen perioada <strong>30 aprilie &#8211; 4 mai<\/strong>, Clubul Equester a participat la Linzer Pferdefestival, g\u0103zduit \u00een tradi\u021bionala aren\u0103 Linz\u2011Ebelsberg din<strong> Austria<\/strong>, una dintre cele mai importante etape din circuitul FEI Jumping Nations Cup Youth.<\/span><\/div>\n<div dir=\"auto\">\n<p><span class=\"relative -mx-px my-&#091;-0.2rem&#093; rounded px-px py-&#091;0.2rem&#093; transition-colors duration-100 ease-in-out\">Pentru Ilinca Ra\u021b\u0103, competi\u021bia a \u00eensemnat primul contact cu circuitul interna\u021bional din acest an.<\/span><\/p>\n<p>Pe acest teren de top,<strong> Ilinca \u0219i Innocence\u202fS<\/strong> au f\u0103cut o impresie memorabil\u0103 \u00een proba <strong data-start=\"85\" data-end=\"112\">Small Tour Copii 1,15\u202fm<\/strong>, remarc\u00e2ndu-se \u00eentr-un format <em data-start=\"143\" data-end=\"170\">Table A against the clock<\/em> &#8211; adic\u0103 un traseu cronometrat \u00een care viteza \u0219i controlul sunt esen\u021biale.<\/p>\n<\/div>\n<div dir=\"auto\"><\/div>\n<div dir=\"auto\">\n<p><span class=\"relative -mx-px my-&#091;-0.2rem&#093; rounded px-px py-&#091;0.2rem&#093; transition-colors duration-100 ease-in-out\">Parcursul (<strong><a href=\"https:\/\/www.facebook.com\/share\/v\/1CC9HQ94ob\/\">vezi VIDEO<\/a><\/strong>) s-a \u00eencheiat <strong>cu zero puncte penalizare<\/strong> \u0219i un timp foarte bun, ceea ce a adus <span class=\"x193iq5w xeuugli x13faqbe x1vvkbs x1xmvt09 x1lliihq x1s928wv xhkezso x1gmr53x x1cpjm7i x1fgarty x1943h6x xudqn12 x3x7a5m x6prxxf xvq8zen xo1l8bm xzsf02u x1yc453h\" dir=\"auto\"><strong>primul loc I<\/strong> <strong>al Ilinc\u0103i, pentru Rom\u00e2nia, \u00een cadrul unui concurs interna\u021bional.<\/strong><\/span><\/span><\/p>\n<p>P.S. Se pare c\u0103 \u0219i <strong>Innocence S<\/strong> s-a sim\u021bit m\u00e2ndru s\u0103 asculte imnul Rom\u00e2niei! &#8211; <a href=\"https:\/\/www.facebook.com\/share\/v\/1BDhVUD44N\/\"><strong>vezi VIDEO<\/strong><\/a><\/p>\n<\/div>\n<\/div>\n\r\n\t\t<\/div>\r\n\t<\/div>\r\n<div class=\"w-separator size_medium\"><\/div><div class=\"w-image align_none\"><div class=\"w-image-h\"><img loading=\"lazy\" decoding=\"async\" width=\"1024\" height=\"683\" src=\"https:\/\/equester.ro\/wp-content\/uploads\/2025\/06\/Ilinca-Rata-Clubul-Equester-Linz-Austria-1-w-1024x683.jpg\" class=\"attachment-large size-large\" alt=\"Ilinca Rata, Clubul Equester - Linz Austria 1 w\" srcset=\"https:\/\/equester.ro\/wp-content\/uploads\/2025\/06\/Ilinca-Rata-Clubul-Equester-Linz-Austria-1-w-1024x683.jpg 1024w, https:\/\/equester.ro\/wp-content\/uploads\/2025\/06\/Ilinca-Rata-Clubul-Equester-Linz-Austria-1-w-300x200.jpg 300w, https:\/\/equester.ro\/wp-content\/uploads\/2025\/06\/Ilinca-Rata-Clubul-Equester-Linz-Austria-1-w-18x12.jpg 18w, https:\/\/equester.ro\/wp-content\/uploads\/2025\/06\/Ilinca-Rata-Clubul-Equester-Linz-Austria-1-w.jpg 1200w\" sizes=\"auto, (max-width: 1024px) 100vw, 1024px\" \/><\/div><\/div><\/div><\/div><\/div><\/div><\/div><\/div><\/div><div class=\"w-tabs-section\" id=\"1749712861626-5d53a0fb-e80c\"><a href=\"#1749712861626-5d53a0fb-e80c\" class=\"w-tabs-section-header\"><div class=\"w-tabs-section-header-h\"><div class=\"w-tabs-section-title\">Cupa F.E.R. Vectra, 2025<\/div><div class=\"w-tabs-section-control\"><\/div><\/div><\/a><div class=\"w-tabs-section-content\"><div class=\"w-tabs-section-content-h i-cf\"><div class=\"g-cols wpb_row  type_default valign_top vc_inner \"><div class=\"vc_col-sm-12 wpb_column vc_column_container\"><div class=\"vc_column-inner\"><div class=\"wpb_wrapper\">\r\n\t<div class=\"wpb_text_column \">\r\n\t\t<div class=\"wpb_wrapper\">\r\n\t\t\t<h3>Cupa F.E.R. II<\/h3>\n<p>\u00centre 10 \u0219i 13 aprilie, am participat la <b>Cupa Federa\u021biei Ecvestre Rom\u00e2ne II.<\/b><\/p>\n<p>Ilinca Ra\u021b\u0103 &amp; <i>Innocence S<\/i> au avut un parcurs echilibrat \u00een proba <b>Silver Tour 1.10m (Table A. Against the clock)<\/b>, \u00eencheind pe <b>locul 4 din 100 de participan\u021bi<\/b>.<\/p>\n<p>\u00cen aceea\u0219i competi\u021bie, Ilinca a debutat \u0219i \u00een probele de la categoria <b>Juniori<\/b>, pentru a valida nivelul lui <i>Lord Hubert\u00a0 <\/i>\u00een perspectiva competi\u021biilor interna\u021bionale ce vor urma anul acesta. La finalul Cupei Juniori &#8211; desf\u0103\u0219urat\u0103 \u00een dou\u0103 man\u0219e, 1.25m \u0219i 1.30m &#8211;\u00a0 Ilinca &amp; Lord Hubert s-au clasat <b>pe locul 9 \u00een clasamentul general<\/b>.<\/p>\n<p>Complexitatea a fost generat\u0103 \u0219i de vreme, o parte din probe fiind \u00eenso\u021bite de v\u00e2nt, ploaie ninsoare \u0219i temperaturi de zero grade.<\/p>\n<p>Ne continu\u0103m preg\u0103tirea pentru <b>prima competi\u021bie interna\u021bional\u0103 din acest an<\/b>, dedicat\u0103 probelor pentru Copii: <b>Linzer Pferdefestival (30.04-04.05)<\/b>.<\/p>\n\r\n\t\t<\/div>\r\n\t<\/div>\r\n<div class=\"w-separator size_large\"><\/div><div class=\"w-slider style_none\"><div class=\"w-slider-h\"><div class=\"royalSlider\"><div class=\"rsContent\"><a class=\"rsImg\" data-rsw=\"1000\" data-rsh=\"667\" data-rsBigImg=\"https:\/\/equester.ro\/wp-content\/uploads\/2025\/04\/Clubul-sportiv-Equester-Cupa-FER-II-07.jpg\" href=\"https:\/\/equester.ro\/wp-content\/uploads\/2025\/04\/Clubul-sportiv-Equester-Cupa-FER-II-07.jpg\"><span data-alt=\"\"><\/span><\/a><\/div><div class=\"rsContent\"><a class=\"rsImg\" data-rsw=\"1000\" data-rsh=\"667\" data-rsBigImg=\"https:\/\/equester.ro\/wp-content\/uploads\/2025\/04\/Clubul-sportiv-Equester-Cupa-FER-II-00.jpg\" href=\"https:\/\/equester.ro\/wp-content\/uploads\/2025\/04\/Clubul-sportiv-Equester-Cupa-FER-II-00.jpg\"><span data-alt=\"\"><\/span><\/a><\/div><div class=\"rsContent\"><a class=\"rsImg\" data-rsw=\"1000\" data-rsh=\"667\" data-rsBigImg=\"https:\/\/equester.ro\/wp-content\/uploads\/2025\/04\/Clubul-sportiv-Equester-Cupa-FER-II-01.jpg\" href=\"https:\/\/equester.ro\/wp-content\/uploads\/2025\/04\/Clubul-sportiv-Equester-Cupa-FER-II-01.jpg\"><span data-alt=\"\"><\/span><\/a><\/div><div class=\"rsContent\"><a class=\"rsImg\" data-rsw=\"1000\" data-rsh=\"667\" data-rsBigImg=\"https:\/\/equester.ro\/wp-content\/uploads\/2025\/04\/Clubul-sportiv-Equester-Cupa-FER-II-02.jpg\" href=\"https:\/\/equester.ro\/wp-content\/uploads\/2025\/04\/Clubul-sportiv-Equester-Cupa-FER-II-02.jpg\"><span data-alt=\"\"><\/span><\/a><\/div><div class=\"rsContent\"><a class=\"rsImg\" data-rsw=\"1000\" data-rsh=\"667\" data-rsBigImg=\"https:\/\/equester.ro\/wp-content\/uploads\/2025\/04\/Clubul-sportiv-Equester-Cupa-FER-II-03.jpg\" href=\"https:\/\/equester.ro\/wp-content\/uploads\/2025\/04\/Clubul-sportiv-Equester-Cupa-FER-II-03.jpg\"><span data-alt=\"\"><\/span><\/a><\/div><div class=\"rsContent\"><a class=\"rsImg\" data-rsw=\"1000\" data-rsh=\"667\" data-rsBigImg=\"https:\/\/equester.ro\/wp-content\/uploads\/2025\/04\/Clubul-sportiv-Equester-Cupa-FER-II-04.jpg\" href=\"https:\/\/equester.ro\/wp-content\/uploads\/2025\/04\/Clubul-sportiv-Equester-Cupa-FER-II-04.jpg\"><span data-alt=\"\"><\/span><\/a><\/div><div class=\"rsContent\"><a class=\"rsImg\" data-rsw=\"1000\" data-rsh=\"667\" data-rsBigImg=\"https:\/\/equester.ro\/wp-content\/uploads\/2025\/04\/Clubul-sportiv-Equester-Cupa-FER-II-05.jpg\" href=\"https:\/\/equester.ro\/wp-content\/uploads\/2025\/04\/Clubul-sportiv-Equester-Cupa-FER-II-05.jpg\"><span data-alt=\"\"><\/span><\/a><\/div><div class=\"rsContent\"><a class=\"rsImg\" data-rsw=\"1000\" data-rsh=\"667\" data-rsBigImg=\"https:\/\/equester.ro\/wp-content\/uploads\/2025\/04\/Clubul-sportiv-Equester-Cupa-FER-II-06.jpg\" href=\"https:\/\/equester.ro\/wp-content\/uploads\/2025\/04\/Clubul-sportiv-Equester-Cupa-FER-II-06.jpg\"><span data-alt=\"\"><\/span><\/a><\/div><div class=\"rsContent\"><a class=\"rsImg\" data-rsw=\"1000\" data-rsh=\"667\" data-rsBigImg=\"https:\/\/equester.ro\/wp-content\/uploads\/2025\/04\/Clubul-sportiv-Equester-Cupa-FER-II-08.jpg\" href=\"https:\/\/equester.ro\/wp-content\/uploads\/2025\/04\/Clubul-sportiv-Equester-Cupa-FER-II-08.jpg\"><span data-alt=\"\"><\/span><\/a><\/div><div class=\"rsContent\"><a class=\"rsImg\" data-rsw=\"1000\" data-rsh=\"667\" data-rsBigImg=\"https:\/\/equester.ro\/wp-content\/uploads\/2025\/04\/Clubul-sportiv-Equester-Cupa-FER-II-09.jpg\" href=\"https:\/\/equester.ro\/wp-content\/uploads\/2025\/04\/Clubul-sportiv-Equester-Cupa-FER-II-09.jpg\"><span data-alt=\"\"><\/span><\/a><\/div><div class=\"rsContent\"><a class=\"rsImg\" data-rsw=\"1000\" data-rsh=\"667\" data-rsBigImg=\"https:\/\/equester.ro\/wp-content\/uploads\/2025\/04\/Clubul-sportiv-Equester-Cupa-FER-II-10.jpg\" href=\"https:\/\/equester.ro\/wp-content\/uploads\/2025\/04\/Clubul-sportiv-Equester-Cupa-FER-II-10.jpg\"><span data-alt=\"\"><\/span><\/a><\/div><div class=\"rsContent\"><a class=\"rsImg\" data-rsw=\"1000\" data-rsh=\"667\" data-rsBigImg=\"https:\/\/equester.ro\/wp-content\/uploads\/2025\/04\/Clubul-sportiv-Equester-Cupa-FER-II-11.jpg\" href=\"https:\/\/equester.ro\/wp-content\/uploads\/2025\/04\/Clubul-sportiv-Equester-Cupa-FER-II-11.jpg\"><span data-alt=\"\"><\/span><\/a><\/div><\/div><img decoding=\"async\" src=\"https:\/\/equester.ro\/wp-content\/uploads\/2025\/04\/Clubul-sportiv-Equester-Cupa-FER-II-07.jpg\" alt=\"\"><\/div><div class=\"w-slider-json\" onclick='return {&quot;loopRewind&quot;:true,&quot;slidesSpacing&quot;:0,&quot;imageScalePadding&quot;:0,&quot;numImagesToPreload&quot;:2,&quot;arrowsNav&quot;:true,&quot;arrowsNavAutoHide&quot;:false,&quot;transitionType&quot;:&quot;move&quot;,&quot;transitionSpeed&quot;:300,&quot;block&quot;:{&quot;moveEffect&quot;:&quot;none&quot;,&quot;speed&quot;:300},&quot;controlNavigation&quot;:&quot;none&quot;,&quot;fullscreen&quot;:{&quot;enabled&quot;:true},&quot;imageScaleMode&quot;:&quot;fit&quot;,&quot;autoScaleSlider&quot;:true,&quot;autoScaleSliderWidth&quot;:1000,&quot;autoScaleSliderHeight&quot;:667,&quot;fitInViewport&quot;:false}'><\/div><\/div><div class=\"w-separator size_large\"><\/div><div class=\"w-video ratio_16x9\"><div class=\"w-video-h\"><iframe src=\"\/\/www.youtube.com\/embed\/WDAsNye3yvE\" allowfullscreen=\"1\"><\/iframe><\/div><\/div><div class=\"w-separator size_large\"><\/div><div class=\"w-video ratio_16x9\"><div class=\"w-video-h\"><iframe src=\"\/\/www.youtube.com\/embed\/xlPqszEdou4\" allowfullscreen=\"1\"><\/iframe><\/div><\/div><\/div><\/div><\/div><\/div><\/div><\/div><\/div><div class=\"w-tabs-section\" id=\"1744633114573-76463550-4f39\"><a href=\"#1744633114573-76463550-4f39\" class=\"w-tabs-section-header\"><div class=\"w-tabs-section-header-h\"><div class=\"w-tabs-section-title\">Finala Winter Tour - Prejmer, 2025<\/div><div class=\"w-tabs-section-control\"><\/div><\/div><\/a><div class=\"w-tabs-section-content\"><div class=\"w-tabs-section-content-h i-cf\"><div class=\"g-cols wpb_row  type_default valign_top vc_inner \"><div class=\"vc_col-sm-12 wpb_column vc_column_container\"><div class=\"vc_column-inner\"><div class=\"wpb_wrapper\">\r\n\t<div class=\"wpb_text_column \">\r\n\t\t<div class=\"wpb_wrapper\">\r\n\t\t\t<h3>Finala Winter Tour &#8211; Prejmer, 2025<\/h3>\n<p>Perioada: 06-08.03.2025<\/p>\n<p>Sportiva <strong>Ilinca Ra\u021b\u0103<\/strong>, reprezentant\u0103 a Clubului Equester, a ob\u021binut rezultate notabile la competi\u021bia na\u021bional\u0103 <strong>Finala Winter Tour &#8211; Prejmer 2025, <\/strong>ob\u021bin\u00e2nd dou\u0103 locuri \u00eent\u00e2i \u00een probele de elit\u0103:<\/p>\n<ul>\n<li><strong>Locul 1- Silver Tour 1.10m Table C<\/strong> (Against the Clock), al\u0103turi de calul Ingo (Innocence Z);<\/li>\n<li><strong>Locul 1-\u00a0Silver Tour 1.15m Special Two Phase Competition<\/strong>, tot cu Ingo (Innocence Z);<\/li>\n<\/ul>\n<p>De asemenea, <strong>Ilinca (13 ani) a fost<\/strong> <strong>singurul sportiv din Categoria Copii calificat \u00een barajul finalei Silver Tour 1.25m<\/strong>, al\u0103turi de caii s\u0103i Lord Hubert \u0219i Ingo\u00a0(Innocence Z).<\/p>\n<h4>Despre probele competi\u021biei<\/h4>\n<p><strong>Finala Winter Tour<\/strong> este o competi\u021bie de tip open, incluz\u00e2nd probe cu diverse grade de dificultate, de la c\u0103l\u0103re\u021bi debutan\u021bi p\u00e2n\u0103 la seniori.<\/p>\n<p>Ilinca a concurat \u00een <strong>probele Silver Tour<\/strong>, unde obstacolele au \u00een\u0103l\u021bimi <strong>\u00eentre 1,10 \u0219i 1,25 metri<\/strong>, nivelul maxim fiind Gold, cu obstacole de p\u00e2n\u0103 la 1,35 metri.<\/p>\n<p>Aceste probe de tip open permit <strong>tuturor categoriilor de c\u0103l\u0103re\u021bi<\/strong> &#8211; Copii, Juniori, Tineret, U25 \u0219i Seniori &#8211; s\u0103 participe \u00een cadrul <strong>aceleia\u0219i probe<\/strong>.\u00a0Pentru un copil, aceasta reprezint\u0103 <strong>o provocare semnificativ\u0103<\/strong>, av\u00e2nd \u0219ansa de a concura al\u0103turi de sportivi mult mai experimenta\u021bi.<\/p>\n<p>Finala Winter Tour a marcat ultimul <strong>concurs indoor<\/strong> al sezonului, iar acum ne preg\u0103tim pentru urm\u0103toarele competi\u021bii, care vor avea loc \u00een aer liber. <strong>Urm\u0103torul obiectiv al echipei noastre este Cupa FER<\/strong>, unde ne vom concentra pe ob\u021binerea celor mai bune rezultate.<\/p>\n\r\n\t\t<\/div>\r\n\t<\/div>\r\n<div class=\"w-separator size_large\"><\/div><div class=\"w-slider style_none\"><div class=\"w-slider-h\"><div class=\"royalSlider\"><div class=\"rsContent\"><a class=\"rsImg\" data-rsw=\"2048\" data-rsh=\"1365\" data-rsBigImg=\"https:\/\/equester.ro\/wp-content\/uploads\/2025\/03\/Prejmer-Winter-Tour-IV-Ilinca-Rata-Clubul-Equester-Iasi-01.jpg\" href=\"https:\/\/equester.ro\/wp-content\/uploads\/2025\/03\/Prejmer-Winter-Tour-IV-Ilinca-Rata-Clubul-Equester-Iasi-01.jpg\"><span data-alt=\"\"><\/span><\/a><\/div><div class=\"rsContent\"><a class=\"rsImg\" data-rsw=\"2048\" data-rsh=\"1365\" data-rsBigImg=\"https:\/\/equester.ro\/wp-content\/uploads\/2025\/03\/Prejmer-Winter-Tour-IV-Ilinca-Rata-Clubul-Equester-Iasi-02.jpg\" href=\"https:\/\/equester.ro\/wp-content\/uploads\/2025\/03\/Prejmer-Winter-Tour-IV-Ilinca-Rata-Clubul-Equester-Iasi-02.jpg\"><span data-alt=\"\"><\/span><\/a><\/div><div class=\"rsContent\"><a class=\"rsImg\" data-rsw=\"2048\" data-rsh=\"1365\" data-rsBigImg=\"https:\/\/equester.ro\/wp-content\/uploads\/2025\/03\/Prejmer-Winter-Tour-IV-Ilinca-Rata-Clubul-Equester-Iasi-03.jpg\" href=\"https:\/\/equester.ro\/wp-content\/uploads\/2025\/03\/Prejmer-Winter-Tour-IV-Ilinca-Rata-Clubul-Equester-Iasi-03.jpg\"><span data-alt=\"\"><\/span><\/a><\/div><div class=\"rsContent\"><a class=\"rsImg\" data-rsw=\"2048\" data-rsh=\"1365\" data-rsBigImg=\"https:\/\/equester.ro\/wp-content\/uploads\/2025\/03\/Prejmer-Winter-Tour-IV-Ilinca-Rata-Clubul-Equester-Iasi-04.jpg\" href=\"https:\/\/equester.ro\/wp-content\/uploads\/2025\/03\/Prejmer-Winter-Tour-IV-Ilinca-Rata-Clubul-Equester-Iasi-04.jpg\"><span data-alt=\"\"><\/span><\/a><\/div><div class=\"rsContent\"><a class=\"rsImg\" data-rsw=\"2048\" data-rsh=\"1365\" data-rsBigImg=\"https:\/\/equester.ro\/wp-content\/uploads\/2025\/03\/Prejmer-Winter-Tour-IV-Ilinca-Rata-Clubul-Equester-Iasi-05.jpg\" href=\"https:\/\/equester.ro\/wp-content\/uploads\/2025\/03\/Prejmer-Winter-Tour-IV-Ilinca-Rata-Clubul-Equester-Iasi-05.jpg\"><span data-alt=\"\"><\/span><\/a><\/div><div class=\"rsContent\"><a class=\"rsImg\" data-rsw=\"2048\" data-rsh=\"1365\" data-rsBigImg=\"https:\/\/equester.ro\/wp-content\/uploads\/2025\/03\/Prejmer-Winter-Tour-IV-Ilinca-Rata-Clubul-Equester-Iasi-06.jpg\" href=\"https:\/\/equester.ro\/wp-content\/uploads\/2025\/03\/Prejmer-Winter-Tour-IV-Ilinca-Rata-Clubul-Equester-Iasi-06.jpg\"><span data-alt=\"\"><\/span><\/a><\/div><div class=\"rsContent\"><a class=\"rsImg\" data-rsw=\"2048\" data-rsh=\"1365\" data-rsBigImg=\"https:\/\/equester.ro\/wp-content\/uploads\/2025\/03\/Prejmer-Winter-Tour-IV-Ilinca-Rata-Clubul-Equester-Iasi-07.jpg\" href=\"https:\/\/equester.ro\/wp-content\/uploads\/2025\/03\/Prejmer-Winter-Tour-IV-Ilinca-Rata-Clubul-Equester-Iasi-07.jpg\"><span data-alt=\"\"><\/span><\/a><\/div><div class=\"rsContent\"><a class=\"rsImg\" data-rsw=\"2048\" data-rsh=\"1365\" data-rsBigImg=\"https:\/\/equester.ro\/wp-content\/uploads\/2025\/03\/Prejmer-Winter-Tour-IV-Ilinca-Rata-Clubul-Equester-Iasi-08.jpg\" href=\"https:\/\/equester.ro\/wp-content\/uploads\/2025\/03\/Prejmer-Winter-Tour-IV-Ilinca-Rata-Clubul-Equester-Iasi-08.jpg\"><span data-alt=\"\"><\/span><\/a><\/div><div class=\"rsContent\"><a class=\"rsImg\" data-rsw=\"2048\" data-rsh=\"1365\" data-rsBigImg=\"https:\/\/equester.ro\/wp-content\/uploads\/2025\/03\/Prejmer-Winter-Tour-IV-Ilinca-Rata-Clubul-Equester-Iasi-09.jpg\" href=\"https:\/\/equester.ro\/wp-content\/uploads\/2025\/03\/Prejmer-Winter-Tour-IV-Ilinca-Rata-Clubul-Equester-Iasi-09.jpg\"><span data-alt=\"\"><\/span><\/a><\/div><div class=\"rsContent\"><a class=\"rsImg\" data-rsw=\"2048\" data-rsh=\"1365\" data-rsBigImg=\"https:\/\/equester.ro\/wp-content\/uploads\/2025\/03\/Prejmer-Winter-Tour-IV-Ilinca-Rata-Clubul-Equester-Iasi-11.jpg\" href=\"https:\/\/equester.ro\/wp-content\/uploads\/2025\/03\/Prejmer-Winter-Tour-IV-Ilinca-Rata-Clubul-Equester-Iasi-11.jpg\"><span data-alt=\"\"><\/span><\/a><\/div><div class=\"rsContent\"><a class=\"rsImg\" data-rsw=\"2048\" data-rsh=\"1365\" data-rsBigImg=\"https:\/\/equester.ro\/wp-content\/uploads\/2025\/03\/Prejmer-Winter-Tour-IV-Ilinca-Rata-Clubul-Equester-Iasi-12.jpg\" href=\"https:\/\/equester.ro\/wp-content\/uploads\/2025\/03\/Prejmer-Winter-Tour-IV-Ilinca-Rata-Clubul-Equester-Iasi-12.jpg\"><span data-alt=\"\"><\/span><\/a><\/div><div class=\"rsContent\"><a class=\"rsImg\" data-rsw=\"2048\" data-rsh=\"1365\" data-rsBigImg=\"https:\/\/equester.ro\/wp-content\/uploads\/2025\/03\/Prejmer-Winter-Tour-IV-Ilinca-Rata-Clubul-Equester-Iasi-13.jpg\" href=\"https:\/\/equester.ro\/wp-content\/uploads\/2025\/03\/Prejmer-Winter-Tour-IV-Ilinca-Rata-Clubul-Equester-Iasi-13.jpg\"><span data-alt=\"\"><\/span><\/a><\/div><div class=\"rsContent\"><a class=\"rsImg\" data-rsw=\"2048\" data-rsh=\"1365\" data-rsBigImg=\"https:\/\/equester.ro\/wp-content\/uploads\/2025\/03\/Prejmer-Winter-Tour-IV-Ilinca-Rata-Clubul-Equester-Iasi-14.jpg\" href=\"https:\/\/equester.ro\/wp-content\/uploads\/2025\/03\/Prejmer-Winter-Tour-IV-Ilinca-Rata-Clubul-Equester-Iasi-14.jpg\"><span data-alt=\"\"><\/span><\/a><\/div><div class=\"rsContent\"><a class=\"rsImg\" data-rsw=\"2048\" data-rsh=\"1365\" data-rsBigImg=\"https:\/\/equester.ro\/wp-content\/uploads\/2025\/03\/Prejmer-Winter-Tour-IV-Ilinca-Rata-Clubul-Equester-Iasi-15.jpg\" href=\"https:\/\/equester.ro\/wp-content\/uploads\/2025\/03\/Prejmer-Winter-Tour-IV-Ilinca-Rata-Clubul-Equester-Iasi-15.jpg\"><span data-alt=\"\"><\/span><\/a><\/div><div class=\"rsContent\"><a class=\"rsImg\" data-rsw=\"924\" data-rsh=\"2000\" data-rsBigImg=\"https:\/\/equester.ro\/wp-content\/uploads\/2025\/03\/Prejmer-Winter-Tour-IV-Ilinca-Rata-Clubul-Equester-Iasi-16.jpg\" href=\"https:\/\/equester.ro\/wp-content\/uploads\/2025\/03\/Prejmer-Winter-Tour-IV-Ilinca-Rata-Clubul-Equester-Iasi-16.jpg\"><span data-alt=\"\"><\/span><\/a><\/div><div class=\"rsContent\"><a class=\"rsImg\" data-rsw=\"1126\" data-rsh=\"2000\" data-rsBigImg=\"https:\/\/equester.ro\/wp-content\/uploads\/2025\/03\/Prejmer-Winter-Tour-IV-Ilinca-Rata-Clubul-Equester-Iasi-17.jpg\" href=\"https:\/\/equester.ro\/wp-content\/uploads\/2025\/03\/Prejmer-Winter-Tour-IV-Ilinca-Rata-Clubul-Equester-Iasi-17.jpg\"><span data-alt=\"\"><\/span><\/a><\/div><\/div><img decoding=\"async\" src=\"https:\/\/equester.ro\/wp-content\/uploads\/2025\/03\/Prejmer-Winter-Tour-IV-Ilinca-Rata-Clubul-Equester-Iasi-01.jpg\" alt=\"\"><\/div><div class=\"w-slider-json\" onclick='return {&quot;loopRewind&quot;:true,&quot;slidesSpacing&quot;:0,&quot;imageScalePadding&quot;:0,&quot;numImagesToPreload&quot;:2,&quot;arrowsNav&quot;:true,&quot;arrowsNavAutoHide&quot;:false,&quot;transitionType&quot;:&quot;move&quot;,&quot;transitionSpeed&quot;:300,&quot;block&quot;:{&quot;moveEffect&quot;:&quot;none&quot;,&quot;speed&quot;:300},&quot;controlNavigation&quot;:&quot;none&quot;,&quot;fullscreen&quot;:{&quot;enabled&quot;:true},&quot;imageScaleMode&quot;:&quot;fit&quot;,&quot;autoScaleSlider&quot;:true,&quot;autoScaleSliderWidth&quot;:2048,&quot;autoScaleSliderHeight&quot;:1365,&quot;fitInViewport&quot;:false}'><\/div><\/div><div class=\"w-separator size_large\"><\/div><div class=\"w-video ratio_16x9\"><div class=\"w-video-h\"><iframe src=\"\/\/www.youtube.com\/embed\/rj-T_67F3G8\" allowfullscreen=\"1\"><\/iframe><\/div><\/div><div class=\"w-separator size_large\"><\/div><div class=\"w-video ratio_16x9\"><div class=\"w-video-h\"><iframe src=\"\/\/www.youtube.com\/embed\/fFG3ni-nW14\" allowfullscreen=\"1\"><\/iframe><\/div><\/div><div class=\"w-separator size_large\"><\/div><div class=\"w-video ratio_16x9\"><div class=\"w-video-h\"><iframe src=\"\/\/www.youtube.com\/embed\/UYUlEefzoPE\" allowfullscreen=\"1\"><\/iframe><\/div><\/div><\/div><\/div><\/div><\/div><\/div><\/div><\/div><div class=\"w-tabs-section\" id=\"1741699004404-abc49c37-eb67\"><a href=\"#1741699004404-abc49c37-eb67\" class=\"w-tabs-section-header\"><div class=\"w-tabs-section-header-h\"><div class=\"w-tabs-section-title\">Winter Tour, Etapa III - Prejmer (2025)<\/div><div class=\"w-tabs-section-control\"><\/div><\/div><\/a><div class=\"w-tabs-section-content\"><div class=\"w-tabs-section-content-h i-cf\"><div class=\"g-cols wpb_row  type_default valign_top vc_inner \"><div class=\"vc_col-sm-12 wpb_column vc_column_container\"><div class=\"vc_column-inner\"><div class=\"wpb_wrapper\">\r\n\t<div class=\"wpb_text_column \">\r\n\t\t<div class=\"wpb_wrapper\">\r\n\t\t\t<h3>Winter Tour, Etapa III &#8211; Prejmer<\/h3>\n<p>Perioada: 29.01-02.02.2025<\/p>\n<p>Am dat startul competi\u021biilor de echita\u021bie din 2025 la Prejmer Winter Tour Etapa III. <strong>Ilinca a participat cu<\/strong> <strong>Ingo<\/strong> <strong>(Innocence Z)<\/strong> \u00een cadrul probelor de nivel Silver Tour.<\/p>\n<p>Evolu\u021biile \u00een aren\u0103 ale sportivei noastre au demonstrat un parcurs foarte bun, concentrat pe <strong>validarea elementelor tehnice<\/strong> avute \u00een lucru \u00een ultimele luni.<\/p>\n<p>Abordarea noastr\u0103 r\u0103m\u00e2ne ancorat\u0103 \u00eentr-un stil de c\u0103l\u0103rie curat, cu <strong>accent <\/strong><strong>pe echilibru, caden\u021b\u0103, cursivitate, \u00eentoarceri<\/strong> &#8211; elemente esen\u021biale pentru perfec\u021bionarea tehnicii \u0219i cre\u0219terea performan\u021bei.<\/p>\n<h4>Rezultate<\/h4>\n<p>La proba Silver Tour &#8211; 1.10m Against the clock, <strong>Ilinca &amp; Innocence Z <\/strong>au terminat competi\u021bia<strong> pe locul 4 <\/strong>din 56 de cupluri participante.<\/p>\n\r\n\t\t<\/div>\r\n\t<\/div>\r\n<div class=\"w-separator size_large\"><\/div><div class=\"w-slider style_none\"><div class=\"w-slider-h\"><div class=\"royalSlider\"><div class=\"rsContent\"><a class=\"rsImg\" data-rsw=\"1532\" data-rsh=\"1021\" data-rsBigImg=\"https:\/\/equester.ro\/wp-content\/uploads\/2025\/02\/Competitii-de-echitatie-Clubul-Equester-Prejmer-Winter-Tour-III-foto-1.jpg\" href=\"https:\/\/equester.ro\/wp-content\/uploads\/2025\/02\/Competitii-de-echitatie-Clubul-Equester-Prejmer-Winter-Tour-III-foto-1.jpg\"><span data-alt=\"\"><\/span><\/a><\/div><div class=\"rsContent\"><a class=\"rsImg\" data-rsw=\"1680\" data-rsh=\"1120\" data-rsBigImg=\"https:\/\/equester.ro\/wp-content\/uploads\/2025\/02\/Competitii-de-echitatie-Clubul-Equester-Prejmer-Winter-Tour-III-foto-2.jpg\" href=\"https:\/\/equester.ro\/wp-content\/uploads\/2025\/02\/Competitii-de-echitatie-Clubul-Equester-Prejmer-Winter-Tour-III-foto-2.jpg\"><span data-alt=\"\"><\/span><\/a><\/div><div class=\"rsContent\"><a class=\"rsImg\" data-rsw=\"1680\" data-rsh=\"1120\" data-rsBigImg=\"https:\/\/equester.ro\/wp-content\/uploads\/2025\/02\/Competitii-de-echitatie-Clubul-Equester-Prejmer-Winter-Tour-III-foto-3.jpg\" href=\"https:\/\/equester.ro\/wp-content\/uploads\/2025\/02\/Competitii-de-echitatie-Clubul-Equester-Prejmer-Winter-Tour-III-foto-3.jpg\"><span data-alt=\"\"><\/span><\/a><\/div><div class=\"rsContent\"><a class=\"rsImg\" data-rsw=\"1680\" data-rsh=\"1120\" data-rsBigImg=\"https:\/\/equester.ro\/wp-content\/uploads\/2025\/02\/Competitii-de-echitatie-Clubul-Equester-Prejmer-Winter-Tour-III-foto-4.jpg\" href=\"https:\/\/equester.ro\/wp-content\/uploads\/2025\/02\/Competitii-de-echitatie-Clubul-Equester-Prejmer-Winter-Tour-III-foto-4.jpg\"><span data-alt=\"\"><\/span><\/a><\/div><div class=\"rsContent\"><a class=\"rsImg\" data-rsw=\"1229\" data-rsh=\"1638\" data-rsBigImg=\"https:\/\/equester.ro\/wp-content\/uploads\/2025\/02\/Competitii-de-echitatie-Clubul-Equester-Prejmer-Winter-Tour-III-foto-5.jpg\" href=\"https:\/\/equester.ro\/wp-content\/uploads\/2025\/02\/Competitii-de-echitatie-Clubul-Equester-Prejmer-Winter-Tour-III-foto-5.jpg\"><span data-alt=\"\"><\/span><\/a><\/div><div class=\"rsContent\"><a class=\"rsImg\" data-rsw=\"591\" data-rsh=\"1280\" data-rsBigImg=\"https:\/\/equester.ro\/wp-content\/uploads\/2025\/02\/Competitii-de-echitatie-Clubul-Equester-Prejmer-Winter-Tour-III-foto-6.jpg\" href=\"https:\/\/equester.ro\/wp-content\/uploads\/2025\/02\/Competitii-de-echitatie-Clubul-Equester-Prejmer-Winter-Tour-III-foto-6.jpg\"><span data-alt=\"\"><\/span><\/a><\/div><div class=\"rsContent\"><a class=\"rsImg\" data-rsw=\"591\" data-rsh=\"1280\" data-rsBigImg=\"https:\/\/equester.ro\/wp-content\/uploads\/2025\/02\/Competitii-de-echitatie-Clubul-Equester-Prejmer-Winter-Tour-III-foto-7.jpg\" href=\"https:\/\/equester.ro\/wp-content\/uploads\/2025\/02\/Competitii-de-echitatie-Clubul-Equester-Prejmer-Winter-Tour-III-foto-7.jpg\"><span data-alt=\"\"><\/span><\/a><\/div><div class=\"rsContent\"><a class=\"rsImg\" data-rsw=\"1229\" data-rsh=\"1638\" data-rsBigImg=\"https:\/\/equester.ro\/wp-content\/uploads\/2025\/02\/Competitii-de-echitatie-Clubul-Equester-Prejmer-Winter-Tour-III-foto-8.jpg\" href=\"https:\/\/equester.ro\/wp-content\/uploads\/2025\/02\/Competitii-de-echitatie-Clubul-Equester-Prejmer-Winter-Tour-III-foto-8.jpg\"><span data-alt=\"\"><\/span><\/a><\/div><div class=\"rsContent\"><a class=\"rsImg\" data-rsw=\"1229\" data-rsh=\"1638\" data-rsBigImg=\"https:\/\/equester.ro\/wp-content\/uploads\/2025\/02\/Competitii-de-echitatie-Clubul-Equester-Prejmer-Winter-Tour-III-foto-9.jpg\" href=\"https:\/\/equester.ro\/wp-content\/uploads\/2025\/02\/Competitii-de-echitatie-Clubul-Equester-Prejmer-Winter-Tour-III-foto-9.jpg\"><span data-alt=\"\"><\/span><\/a><\/div><div class=\"rsContent\"><a class=\"rsImg\" data-rsw=\"591\" data-rsh=\"1280\" data-rsBigImg=\"https:\/\/equester.ro\/wp-content\/uploads\/2025\/02\/Competitii-de-echitatie-Clubul-Equester-Prejmer-Winter-Tour-III-foto-11.jpg\" href=\"https:\/\/equester.ro\/wp-content\/uploads\/2025\/02\/Competitii-de-echitatie-Clubul-Equester-Prejmer-Winter-Tour-III-foto-11.jpg\"><span data-alt=\"\"><\/span><\/a><\/div><div class=\"rsContent\"><a class=\"rsImg\" data-rsw=\"720\" data-rsh=\"1280\" data-rsBigImg=\"https:\/\/equester.ro\/wp-content\/uploads\/2025\/02\/Competitii-de-echitatie-Clubul-Equester-Prejmer-Winter-Tour-III-foto-12.jpg\" href=\"https:\/\/equester.ro\/wp-content\/uploads\/2025\/02\/Competitii-de-echitatie-Clubul-Equester-Prejmer-Winter-Tour-III-foto-12.jpg\"><span data-alt=\"\"><\/span><\/a><\/div><div class=\"rsContent\"><a class=\"rsImg\" data-rsw=\"591\" data-rsh=\"1280\" data-rsBigImg=\"https:\/\/equester.ro\/wp-content\/uploads\/2025\/02\/Competitii-de-echitatie-Clubul-Equester-Prejmer-Winter-Tour-III-foto-13.jpg\" href=\"https:\/\/equester.ro\/wp-content\/uploads\/2025\/02\/Competitii-de-echitatie-Clubul-Equester-Prejmer-Winter-Tour-III-foto-13.jpg\"><span data-alt=\"\"><\/span><\/a><\/div><div class=\"rsContent\"><a class=\"rsImg\" data-rsw=\"591\" data-rsh=\"1280\" data-rsBigImg=\"https:\/\/equester.ro\/wp-content\/uploads\/2025\/02\/Competitii-de-echitatie-Clubul-Equester-Prejmer-Winter-Tour-III-foto-14.jpg\" href=\"https:\/\/equester.ro\/wp-content\/uploads\/2025\/02\/Competitii-de-echitatie-Clubul-Equester-Prejmer-Winter-Tour-III-foto-14.jpg\"><span data-alt=\"\"><\/span><\/a><\/div><div class=\"rsContent\"><a class=\"rsImg\" data-rsw=\"591\" data-rsh=\"1280\" data-rsBigImg=\"https:\/\/equester.ro\/wp-content\/uploads\/2025\/02\/Competitii-de-echitatie-Clubul-Equester-Prejmer-Winter-Tour-III-foto-15.jpg\" href=\"https:\/\/equester.ro\/wp-content\/uploads\/2025\/02\/Competitii-de-echitatie-Clubul-Equester-Prejmer-Winter-Tour-III-foto-15.jpg\"><span data-alt=\"\"><\/span><\/a><\/div><div class=\"rsContent\"><a class=\"rsImg\" data-rsw=\"591\" data-rsh=\"1280\" data-rsBigImg=\"https:\/\/equester.ro\/wp-content\/uploads\/2025\/02\/Competitii-de-echitatie-Clubul-Equester-Prejmer-Winter-Tour-III-foto-16.jpg\" href=\"https:\/\/equester.ro\/wp-content\/uploads\/2025\/02\/Competitii-de-echitatie-Clubul-Equester-Prejmer-Winter-Tour-III-foto-16.jpg\"><span data-alt=\"\"><\/span><\/a><\/div><\/div><img decoding=\"async\" src=\"https:\/\/equester.ro\/wp-content\/uploads\/2025\/02\/Competitii-de-echitatie-Clubul-Equester-Prejmer-Winter-Tour-III-foto-1.jpg\" alt=\"\"><\/div><div class=\"w-slider-json\" onclick='return {&quot;loopRewind&quot;:true,&quot;slidesSpacing&quot;:0,&quot;imageScalePadding&quot;:0,&quot;numImagesToPreload&quot;:2,&quot;arrowsNav&quot;:true,&quot;arrowsNavAutoHide&quot;:false,&quot;transitionType&quot;:&quot;move&quot;,&quot;transitionSpeed&quot;:300,&quot;block&quot;:{&quot;moveEffect&quot;:&quot;none&quot;,&quot;speed&quot;:300},&quot;controlNavigation&quot;:&quot;none&quot;,&quot;fullscreen&quot;:{&quot;enabled&quot;:true},&quot;imageScaleMode&quot;:&quot;fit&quot;,&quot;autoScaleSlider&quot;:true,&quot;autoScaleSliderWidth&quot;:1532,&quot;autoScaleSliderHeight&quot;:1021,&quot;fitInViewport&quot;:false}'><\/div><\/div><div class=\"w-separator size_large\"><\/div><div class=\"w-video ratio_16x9\"><div class=\"w-video-h\"><iframe src=\"\/\/www.youtube.com\/embed\/l89YqeIiGHA\" allowfullscreen=\"1\"><\/iframe><\/div><\/div><div class=\"w-separator size_large\"><\/div><div class=\"w-video ratio_16x9\"><div class=\"w-video-h\"><iframe src=\"\/\/www.youtube.com\/embed\/NzeD3NVd9vQ\" allowfullscreen=\"1\"><\/iframe><\/div><\/div><div class=\"w-separator size_large\"><\/div><div class=\"w-video ratio_16x9\"><div class=\"w-video-h\"><iframe src=\"\/\/www.youtube.com\/embed\/fYj6ukMRnVE\" allowfullscreen=\"1\"><\/iframe><\/div><\/div><\/div><\/div><\/div><\/div><\/div><\/div><\/div><div class=\"w-tabs-section\" id=\"1695214324604-2f4ec0a9-5f59\"><a href=\"#1695214324604-2f4ec0a9-5f59\" class=\"w-tabs-section-header\"><div class=\"w-tabs-section-header-h\"><div class=\"w-tabs-section-title\">Balcaniada (2024)<\/div><div class=\"w-tabs-section-control\"><\/div><\/div><\/a><div class=\"w-tabs-section-content\"><div class=\"w-tabs-section-content-h i-cf\"><div class=\"g-cols wpb_row  type_default valign_top vc_inner \"><div class=\"vc_col-sm-12 wpb_column vc_column_container\"><div class=\"vc_column-inner\"><div class=\"wpb_wrapper\">\r\n\t<div class=\"wpb_text_column \">\r\n\t\t<div class=\"wpb_wrapper\">\r\n\t\t\t<h3>EEF Balkan Jumping Championships<\/h3>\n<p>\u00cen perioada 5-8 septembrie 2024 au avut loc Campionatele Balcanice de echita\u021bie din Turcia.<br \/>\nIlinca Ra\u021b\u0103 a participat ca membr\u0103 a Echipei de Copii a Rom\u00e2niei, la probe individuale, \u0219i s-a clasat \u00een top 10 la proba de Grand Prix.<\/p>\n\r\n\t\t<\/div>\r\n\t<\/div>\r\n<div class=\"w-separator size_medium\"><\/div><div class=\"w-slider style_none\"><div class=\"w-slider-h\"><div class=\"royalSlider\"><div class=\"rsContent\"><a class=\"rsImg\" data-rsw=\"1119\" data-rsh=\"639\" data-rsBigImg=\"https:\/\/equester.ro\/wp-content\/uploads\/2025\/02\/Competitii-de-echitatie-Clubul-Equester-Balcaniada-2024-foto-1.jpg\" href=\"https:\/\/equester.ro\/wp-content\/uploads\/2025\/02\/Competitii-de-echitatie-Clubul-Equester-Balcaniada-2024-foto-1.jpg\"><span data-alt=\"\"><\/span><\/a><\/div><div class=\"rsContent\"><a class=\"rsImg\" data-rsw=\"1119\" data-rsh=\"634\" data-rsBigImg=\"https:\/\/equester.ro\/wp-content\/uploads\/2025\/02\/Competitii-de-echitatie-Clubul-Equester-Balcaniada-2024-foto-2.jpg\" href=\"https:\/\/equester.ro\/wp-content\/uploads\/2025\/02\/Competitii-de-echitatie-Clubul-Equester-Balcaniada-2024-foto-2.jpg\"><span data-alt=\"\"><\/span><\/a><\/div><div class=\"rsContent\"><a class=\"rsImg\" data-rsw=\"630\" data-rsh=\"980\" data-rsBigImg=\"https:\/\/equester.ro\/wp-content\/uploads\/2025\/02\/Competitii-de-echitatie-Clubul-Equester-Balcaniada-2024-foto-3.jpg\" href=\"https:\/\/equester.ro\/wp-content\/uploads\/2025\/02\/Competitii-de-echitatie-Clubul-Equester-Balcaniada-2024-foto-3.jpg\"><span data-alt=\"\"><\/span><\/a><\/div><div class=\"rsContent\"><a class=\"rsImg\" data-rsw=\"630\" data-rsh=\"980\" data-rsBigImg=\"https:\/\/equester.ro\/wp-content\/uploads\/2025\/02\/Competitii-de-echitatie-Clubul-Equester-Balcaniada-2024-foto-4.jpg\" href=\"https:\/\/equester.ro\/wp-content\/uploads\/2025\/02\/Competitii-de-echitatie-Clubul-Equester-Balcaniada-2024-foto-4.jpg\"><span data-alt=\"\"><\/span><\/a><\/div><div class=\"rsContent\"><a class=\"rsImg\" data-rsw=\"630\" data-rsh=\"980\" data-rsBigImg=\"https:\/\/equester.ro\/wp-content\/uploads\/2025\/02\/Competitii-de-echitatie-Clubul-Equester-Balcaniada-2024-foto-5.jpg\" href=\"https:\/\/equester.ro\/wp-content\/uploads\/2025\/02\/Competitii-de-echitatie-Clubul-Equester-Balcaniada-2024-foto-5.jpg\"><span data-alt=\"\"><\/span><\/a><\/div><div class=\"rsContent\"><a class=\"rsImg\" data-rsw=\"630\" data-rsh=\"980\" data-rsBigImg=\"https:\/\/equester.ro\/wp-content\/uploads\/2025\/02\/Competitii-de-echitatie-Clubul-Equester-Balcaniada-2024-foto-6.jpg\" href=\"https:\/\/equester.ro\/wp-content\/uploads\/2025\/02\/Competitii-de-echitatie-Clubul-Equester-Balcaniada-2024-foto-6.jpg\"><span data-alt=\"\"><\/span><\/a><\/div><\/div><img decoding=\"async\" src=\"https:\/\/equester.ro\/wp-content\/uploads\/2025\/02\/Competitii-de-echitatie-Clubul-Equester-Balcaniada-2024-foto-1.jpg\" alt=\"\"><\/div><div class=\"w-slider-json\" onclick='return {&quot;loopRewind&quot;:true,&quot;slidesSpacing&quot;:0,&quot;imageScalePadding&quot;:0,&quot;numImagesToPreload&quot;:2,&quot;arrowsNav&quot;:true,&quot;arrowsNavAutoHide&quot;:false,&quot;transitionType&quot;:&quot;move&quot;,&quot;transitionSpeed&quot;:300,&quot;block&quot;:{&quot;moveEffect&quot;:&quot;none&quot;,&quot;speed&quot;:300},&quot;controlNavigation&quot;:&quot;none&quot;,&quot;fullscreen&quot;:{&quot;enabled&quot;:true},&quot;imageScaleMode&quot;:&quot;fit&quot;,&quot;autoScaleSlider&quot;:true,&quot;autoScaleSliderWidth&quot;:1119,&quot;autoScaleSliderHeight&quot;:639,&quot;fitInViewport&quot;:false}'><\/div><\/div><div class=\"w-separator size_large\"><\/div><div class=\"w-video ratio_16x9\"><div class=\"w-video-h\"><iframe src=\"\/\/www.youtube.com\/embed\/3lPDj1DeY-4\" allowfullscreen=\"1\"><\/iframe><\/div><\/div><div class=\"w-separator size_large\"><\/div><div class=\"w-video ratio_16x9\"><div class=\"w-video-h\"><iframe src=\"\/\/www.youtube.com\/embed\/rvc6g9vBZU0\" allowfullscreen=\"1\"><\/iframe><\/div><\/div><\/div><\/div><\/div><\/div><\/div><\/div><\/div><div class=\"w-tabs-section\" id=\"1738667979830-b0d8b61d-05c5\"><a href=\"#1738667979830-b0d8b61d-05c5\" class=\"w-tabs-section-header\"><div class=\"w-tabs-section-header-h\"><div class=\"w-tabs-section-title\">Cupa Rom\u00e2niei II (2024)<\/div><div class=\"w-tabs-section-control\"><\/div><\/div><\/a><div class=\"w-tabs-section-content\"><div class=\"w-tabs-section-content-h i-cf\"><div class=\"g-cols wpb_row  type_default valign_top vc_inner \"><div class=\"vc_col-sm-12 wpb_column vc_column_container\"><div class=\"vc_column-inner\"><div class=\"wpb_wrapper\">\r\n\t<div class=\"wpb_text_column \">\r\n\t\t<div class=\"wpb_wrapper\">\r\n\t\t\t<h3>CUPA ROM\u00c2NIEI II Copii, Juniori, Tineret &amp; Seniori 2024<\/h3>\n<p>\u00cen perioada 1-4 august 2024 a avut loc la Prejmer, Bra\u0219ov, concursul CUPA ROM\u00c2NIEI II Copii, Juniori, Tineret &amp; Seniori 2024 \u00een care<strong> Ilinca a punctat cu Ingo<\/strong> pentru cup\u0103 la<strong> categoria Copii<\/strong>, iar cu <strong>Hubert<\/strong> a participat \u00een cadrul probelor <strong>Bronze Tour<\/strong> (1.10 &#8211; 1.15 cm).<br \/>\nParcursurile pentru cup\u0103 au constat \u00een dou\u0103 man\u0219e, cu \u00een\u0103l\u021bimi de 1.20, respectiv 1.25 cm. Dup\u0103 \u00eencheierea celei de-a doua man\u0219e, 4 c\u0103l\u0103re\u021bi au terminat cu acela\u0219i num\u0103r de puncte, calific\u00e2ndu-se \u00een barajul probei.<\/p>\n<h4>Rezultate<\/h4>\n<p>\u00cen urma barajului, <strong>Ilinca a \u00eencheiat pe locul II<\/strong>, podiumul fiind completat de c\u0103tre Daria Copos (locul I) \u0219i Alexia Niculi (locul III).<\/p>\n\r\n\t\t<\/div>\r\n\t<\/div>\r\n<div class=\"w-separator size_large\"><\/div><div class=\"w-slider style_none\"><div class=\"w-slider-h\"><div class=\"royalSlider\"><div class=\"rsContent\"><a class=\"rsImg\" data-rsw=\"2048\" data-rsh=\"1366\" data-rsBigImg=\"https:\/\/equester.ro\/wp-content\/uploads\/2024\/08\/CUPA-ROMANIEI-II-02.jpg\" href=\"https:\/\/equester.ro\/wp-content\/uploads\/2024\/08\/CUPA-ROMANIEI-II-02.jpg\"><span data-alt=\"\"><\/span><\/a><\/div><div class=\"rsContent\"><a class=\"rsImg\" data-rsw=\"2048\" data-rsh=\"1366\" data-rsBigImg=\"https:\/\/equester.ro\/wp-content\/uploads\/2024\/08\/CUPA-ROMANIEI-II-03.jpg\" href=\"https:\/\/equester.ro\/wp-content\/uploads\/2024\/08\/CUPA-ROMANIEI-II-03.jpg\"><span data-alt=\"\"><\/span><\/a><\/div><div class=\"rsContent\"><a class=\"rsImg\" data-rsw=\"2048\" data-rsh=\"1365\" data-rsBigImg=\"https:\/\/equester.ro\/wp-content\/uploads\/2024\/08\/CUPA-ROMANIEI-II-01.jpg\" href=\"https:\/\/equester.ro\/wp-content\/uploads\/2024\/08\/CUPA-ROMANIEI-II-01.jpg\"><span data-alt=\"\"><\/span><\/a><\/div><div class=\"rsContent\"><a class=\"rsImg\" data-rsw=\"2048\" data-rsh=\"1366\" data-rsBigImg=\"https:\/\/equester.ro\/wp-content\/uploads\/2024\/08\/CUPA-ROMANIEI-II-04.jpg\" href=\"https:\/\/equester.ro\/wp-content\/uploads\/2024\/08\/CUPA-ROMANIEI-II-04.jpg\"><span data-alt=\"\"><\/span><\/a><\/div><div class=\"rsContent\"><a class=\"rsImg\" data-rsw=\"2048\" data-rsh=\"1366\" data-rsBigImg=\"https:\/\/equester.ro\/wp-content\/uploads\/2024\/08\/CUPA-ROMANIEI-II-05.jpg\" href=\"https:\/\/equester.ro\/wp-content\/uploads\/2024\/08\/CUPA-ROMANIEI-II-05.jpg\"><span data-alt=\"\"><\/span><\/a><\/div><div class=\"rsContent\"><a class=\"rsImg\" data-rsw=\"2048\" data-rsh=\"1366\" data-rsBigImg=\"https:\/\/equester.ro\/wp-content\/uploads\/2024\/08\/CUPA-ROMANIEI-II-06.jpg\" href=\"https:\/\/equester.ro\/wp-content\/uploads\/2024\/08\/CUPA-ROMANIEI-II-06.jpg\"><span data-alt=\"\"><\/span><\/a><\/div><div class=\"rsContent\"><a class=\"rsImg\" data-rsw=\"2048\" data-rsh=\"1366\" data-rsBigImg=\"https:\/\/equester.ro\/wp-content\/uploads\/2024\/08\/CUPA-ROMANIEI-II-07.jpg\" href=\"https:\/\/equester.ro\/wp-content\/uploads\/2024\/08\/CUPA-ROMANIEI-II-07.jpg\"><span data-alt=\"\"><\/span><\/a><\/div><div class=\"rsContent\"><a class=\"rsImg\" data-rsw=\"2048\" data-rsh=\"1366\" data-rsBigImg=\"https:\/\/equester.ro\/wp-content\/uploads\/2024\/08\/CUPA-ROMANIEI-II-08.jpg\" href=\"https:\/\/equester.ro\/wp-content\/uploads\/2024\/08\/CUPA-ROMANIEI-II-08.jpg\"><span data-alt=\"\"><\/span><\/a><\/div><div class=\"rsContent\"><a class=\"rsImg\" data-rsw=\"2048\" data-rsh=\"1366\" data-rsBigImg=\"https:\/\/equester.ro\/wp-content\/uploads\/2024\/08\/CUPA-ROMANIEI-II-09.jpg\" href=\"https:\/\/equester.ro\/wp-content\/uploads\/2024\/08\/CUPA-ROMANIEI-II-09.jpg\"><span data-alt=\"\"><\/span><\/a><\/div><div class=\"rsContent\"><a class=\"rsImg\" data-rsw=\"2048\" data-rsh=\"1366\" data-rsBigImg=\"https:\/\/equester.ro\/wp-content\/uploads\/2024\/08\/CUPA-ROMANIEI-II-10.jpg\" href=\"https:\/\/equester.ro\/wp-content\/uploads\/2024\/08\/CUPA-ROMANIEI-II-10.jpg\"><span data-alt=\"\"><\/span><\/a><\/div><div class=\"rsContent\"><a class=\"rsImg\" data-rsw=\"2048\" data-rsh=\"1366\" data-rsBigImg=\"https:\/\/equester.ro\/wp-content\/uploads\/2024\/08\/CUPA-ROMANIEI-II-11.jpg\" href=\"https:\/\/equester.ro\/wp-content\/uploads\/2024\/08\/CUPA-ROMANIEI-II-11.jpg\"><span data-alt=\"\"><\/span><\/a><\/div><div class=\"rsContent\"><a class=\"rsImg\" data-rsw=\"2048\" data-rsh=\"1366\" data-rsBigImg=\"https:\/\/equester.ro\/wp-content\/uploads\/2024\/08\/CUPA-ROMANIEI-II-12.jpg\" href=\"https:\/\/equester.ro\/wp-content\/uploads\/2024\/08\/CUPA-ROMANIEI-II-12.jpg\"><span data-alt=\"\"><\/span><\/a><\/div><div class=\"rsContent\"><a class=\"rsImg\" data-rsw=\"2048\" data-rsh=\"1366\" data-rsBigImg=\"https:\/\/equester.ro\/wp-content\/uploads\/2024\/08\/CUPA-ROMANIEI-II-13.jpg\" href=\"https:\/\/equester.ro\/wp-content\/uploads\/2024\/08\/CUPA-ROMANIEI-II-13.jpg\"><span data-alt=\"\"><\/span><\/a><\/div><div class=\"rsContent\"><a class=\"rsImg\" data-rsw=\"2048\" data-rsh=\"1366\" data-rsBigImg=\"https:\/\/equester.ro\/wp-content\/uploads\/2024\/08\/CUPA-ROMANIEI-II-14.jpg\" href=\"https:\/\/equester.ro\/wp-content\/uploads\/2024\/08\/CUPA-ROMANIEI-II-14.jpg\"><span data-alt=\"\"><\/span><\/a><\/div><div class=\"rsContent\"><a class=\"rsImg\" data-rsw=\"2048\" data-rsh=\"1366\" data-rsBigImg=\"https:\/\/equester.ro\/wp-content\/uploads\/2024\/08\/CUPA-ROMANIEI-II-15.jpg\" href=\"https:\/\/equester.ro\/wp-content\/uploads\/2024\/08\/CUPA-ROMANIEI-II-15.jpg\"><span data-alt=\"\"><\/span><\/a><\/div><div class=\"rsContent\"><a class=\"rsImg\" data-rsw=\"1366\" data-rsh=\"2048\" data-rsBigImg=\"https:\/\/equester.ro\/wp-content\/uploads\/2024\/08\/CUPA-ROMANIEI-II-16.jpg\" href=\"https:\/\/equester.ro\/wp-content\/uploads\/2024\/08\/CUPA-ROMANIEI-II-16.jpg\"><span data-alt=\"\"><\/span><\/a><\/div><\/div><img decoding=\"async\" src=\"https:\/\/equester.ro\/wp-content\/uploads\/2024\/08\/CUPA-ROMANIEI-II-02.jpg\" alt=\"\"><\/div><div class=\"w-slider-json\" onclick='return {&quot;loopRewind&quot;:true,&quot;slidesSpacing&quot;:0,&quot;imageScalePadding&quot;:0,&quot;numImagesToPreload&quot;:2,&quot;arrowsNav&quot;:true,&quot;arrowsNavAutoHide&quot;:false,&quot;transitionType&quot;:&quot;move&quot;,&quot;transitionSpeed&quot;:300,&quot;block&quot;:{&quot;moveEffect&quot;:&quot;none&quot;,&quot;speed&quot;:300},&quot;controlNavigation&quot;:&quot;none&quot;,&quot;fullscreen&quot;:{&quot;enabled&quot;:true},&quot;imageScaleMode&quot;:&quot;fit&quot;,&quot;autoScaleSlider&quot;:true,&quot;autoScaleSliderWidth&quot;:2048,&quot;autoScaleSliderHeight&quot;:1366,&quot;fitInViewport&quot;:false}'><\/div><\/div><div class=\"w-separator size_large\"><\/div><div class=\"w-video ratio_16x9\"><div class=\"w-video-h\"><iframe src=\"\/\/www.youtube.com\/embed\/9I1vMkiK8C4\" allowfullscreen=\"1\"><\/iframe><\/div><\/div><div class=\"w-separator size_large\"><\/div><\/div><\/div><\/div><\/div><\/div><\/div><\/div><div class=\"w-tabs-section\" id=\"1724161368397-daa575a1-eda7\"><a href=\"#1724161368397-daa575a1-eda7\" class=\"w-tabs-section-header\"><div class=\"w-tabs-section-header-h\"><div class=\"w-tabs-section-title\">Prejmer Summer Tour etapa a III-a (2024)<\/div><div class=\"w-tabs-section-control\"><\/div><\/div><\/a><div class=\"w-tabs-section-content\"><div class=\"w-tabs-section-content-h i-cf\"><div class=\"g-cols wpb_row  type_default valign_top vc_inner \"><div class=\"vc_col-sm-12 wpb_column vc_column_container\"><div class=\"vc_column-inner\"><div class=\"wpb_wrapper\">\r\n\t<div class=\"wpb_text_column \">\r\n\t\t<div class=\"wpb_wrapper\">\r\n\t\t\t<h3>Prejmer Summer Tour etapa a III-a<\/h3>\n<p>Perioada: 27.06.2024 &#8211; 30.06.2024<\/p>\n<p><strong>Ilinca Ra\u021b\u0103<\/strong> a participat cu <strong>Ingo \u0219i Bob Marley<\/strong> \u00een Silver Tour &#8211; probe de nivel 1.20 &#8211; 1.30 m, \u0219i cu <strong>Hubert<\/strong>, la debut, pe probele de nivel Bronz Tour, 1.10 &#8211; 1.15 m.<\/p>\n<h5>Rezultate<\/h5>\n<p>Participarea cu Ingo a fost foarte bun\u0103, reu\u0219ind clasarea pe <strong>locul 2<\/strong> \u00een prima zi de concurs \u0219i<strong> locul 3<\/strong> \u00een a treia zi, \u00een cadrul Finalei Silver Tour. A fost primul parcurs de 1,30 m a lui Ingo terminat cu zero puncte penalizare \u0219i calificat \u00een baraj.<\/p>\n\r\n\t\t<\/div>\r\n\t<\/div>\r\n<div class=\"w-separator size_large\"><\/div><div class=\"w-slider style_none\"><div class=\"w-slider-h\"><div class=\"royalSlider\"><div class=\"rsContent\"><a class=\"rsImg\" data-rsw=\"1440\" data-rsh=\"960\" href=\"https:\/\/equester.ro\/wp-content\/uploads\/2024\/08\/Equester-competitie-de-echitatie-Summer-Tour-1.jpg\"><span data-alt=\"\"><\/span><\/a><\/div><div class=\"rsContent\"><a class=\"rsImg\" data-rsw=\"1440\" data-rsh=\"960\" href=\"https:\/\/equester.ro\/wp-content\/uploads\/2024\/08\/Equester-competitie-de-echitatie-Summer-Tour-2.jpg\"><span data-alt=\"\"><\/span><\/a><\/div><div class=\"rsContent\"><a class=\"rsImg\" data-rsw=\"960\" data-rsh=\"1440\" href=\"https:\/\/equester.ro\/wp-content\/uploads\/2024\/08\/Equester-competitie-de-echitatie-Summer-Tour-3.jpg\"><span data-alt=\"\"><\/span><\/a><\/div><div class=\"rsContent\"><a class=\"rsImg\" data-rsw=\"960\" data-rsh=\"1440\" href=\"https:\/\/equester.ro\/wp-content\/uploads\/2024\/08\/Equester-competitie-de-echitatie-Summer-Tour-4.jpg\"><span data-alt=\"\"><\/span><\/a><\/div><div class=\"rsContent\"><a class=\"rsImg\" data-rsw=\"1440\" data-rsh=\"960\" href=\"https:\/\/equester.ro\/wp-content\/uploads\/2024\/08\/Equester-competitie-de-echitatie-Summer-Tour-5.jpg\"><span data-alt=\"\"><\/span><\/a><\/div><div class=\"rsContent\"><a class=\"rsImg\" data-rsw=\"1440\" data-rsh=\"960\" href=\"https:\/\/equester.ro\/wp-content\/uploads\/2024\/08\/Equester-competitie-de-echitatie-Summer-Tour-6.jpg\"><span data-alt=\"\"><\/span><\/a><\/div><div class=\"rsContent\"><a class=\"rsImg\" data-rsw=\"1440\" data-rsh=\"960\" href=\"https:\/\/equester.ro\/wp-content\/uploads\/2024\/08\/Equester-competitie-de-echitatie-Summer-Tour-7.jpg\"><span data-alt=\"\"><\/span><\/a><\/div><div class=\"rsContent\"><a class=\"rsImg\" data-rsw=\"1440\" data-rsh=\"960\" href=\"https:\/\/equester.ro\/wp-content\/uploads\/2024\/08\/Equester-competitie-de-echitatie-Summer-Tour-8.jpg\"><span data-alt=\"\"><\/span><\/a><\/div><div class=\"rsContent\"><a class=\"rsImg\" data-rsw=\"960\" data-rsh=\"1440\" href=\"https:\/\/equester.ro\/wp-content\/uploads\/2024\/08\/Equester-competitie-de-echitatie-Summer-Tour-9.jpg\"><span data-alt=\"\"><\/span><\/a><\/div><div class=\"rsContent\"><a class=\"rsImg\" data-rsw=\"1440\" data-rsh=\"960\" href=\"https:\/\/equester.ro\/wp-content\/uploads\/2024\/08\/Equester-competitie-de-echitatie-Summer-Tour-10.jpg\"><span data-alt=\"\"><\/span><\/a><\/div><div class=\"rsContent\"><a class=\"rsImg\" data-rsw=\"960\" data-rsh=\"1440\" href=\"https:\/\/equester.ro\/wp-content\/uploads\/2024\/08\/Equester-competitie-de-echitatie-Summer-Tour-11.jpg\"><span data-alt=\"\"><\/span><\/a><\/div><div class=\"rsContent\"><a class=\"rsImg\" data-rsw=\"1440\" data-rsh=\"960\" href=\"https:\/\/equester.ro\/wp-content\/uploads\/2024\/08\/Equester-competitie-de-echitatie-Summer-Tour-12.jpg\"><span data-alt=\"\"><\/span><\/a><\/div><div class=\"rsContent\"><a class=\"rsImg\" data-rsw=\"960\" data-rsh=\"1440\" href=\"https:\/\/equester.ro\/wp-content\/uploads\/2024\/08\/Equester-competitie-de-echitatie-Summer-Tour-13.jpg\"><span data-alt=\"\"><\/span><\/a><\/div><\/div><img decoding=\"async\" src=\"https:\/\/equester.ro\/wp-content\/uploads\/2024\/08\/Equester-competitie-de-echitatie-Summer-Tour-1.jpg\" alt=\"\"><\/div><div class=\"w-slider-json\" onclick='return {&quot;loopRewind&quot;:true,&quot;slidesSpacing&quot;:0,&quot;imageScalePadding&quot;:0,&quot;numImagesToPreload&quot;:2,&quot;arrowsNav&quot;:true,&quot;arrowsNavAutoHide&quot;:false,&quot;transitionType&quot;:&quot;move&quot;,&quot;transitionSpeed&quot;:300,&quot;block&quot;:{&quot;moveEffect&quot;:&quot;none&quot;,&quot;speed&quot;:300},&quot;controlNavigation&quot;:&quot;none&quot;,&quot;imageScaleMode&quot;:&quot;fit&quot;,&quot;autoScaleSlider&quot;:true,&quot;autoScaleSliderWidth&quot;:1440,&quot;autoScaleSliderHeight&quot;:960,&quot;fitInViewport&quot;:false}'><\/div><\/div><div class=\"w-separator size_large\"><\/div><div class=\"w-video ratio_16x9\"><div class=\"w-video-h\"><iframe src=\"\/\/www.youtube.com\/embed\/LGfE--9Xw4U\" allowfullscreen=\"1\"><\/iframe><\/div><\/div><div class=\"w-separator size_large\"><\/div><\/div><\/div><\/div><\/div><\/div><\/div><\/div><div class=\"w-tabs-section\" id=\"1724655999948-dce21adc-7bf8\"><a href=\"#1724655999948-dce21adc-7bf8\" class=\"w-tabs-section-header\"><div class=\"w-tabs-section-header-h\"><div class=\"w-tabs-section-title\">Prejmer Summer Tour etapa I (2024)<\/div><div class=\"w-tabs-section-control\"><\/div><\/div><\/a><div class=\"w-tabs-section-content\"><div class=\"w-tabs-section-content-h i-cf\"><div class=\"g-cols wpb_row  type_default valign_top vc_inner \"><div class=\"vc_col-sm-12 wpb_column vc_column_container\"><div class=\"vc_column-inner\"><div class=\"wpb_wrapper\">\r\n\t<div class=\"wpb_text_column \">\r\n\t\t<div class=\"wpb_wrapper\">\r\n\t\t\t<h3>Prejmer Summer Tour etapa I<\/h3>\n<p>Perioada: <b>30.05.2024 &#8211; 02.06.2024<\/b><\/p>\n<p>Ilinca Ra\u021b\u0103 a reu\u0219it clasarea pe locul 4 \u00een Finala Silver Tour, al\u0103turi de Bob Marley (\u00een\u0103l\u021bimea obstacolelor: 1,30m). Evolu\u021bia sportivei poate fi urm\u0103rit\u0103 \u00een video-urile \u0219i imaginile de mai jos.<\/p>\n\r\n\t\t<\/div>\r\n\t<\/div>\r\n<div class=\"w-separator size_medium with_line width_default thick_1 style_solid color_border align_center with_content\"><div class=\"w-separator-h\"><i class=\"fas fa-horse\"><\/i><\/div><\/div><div class=\"w-grid type_grid layout_blog_1 cols_2\" id=\"us_grid_2\"><style id=\"us_grid_2_css\">#us_grid_2 .w-grid-item{padding:1.5rem}#us_grid_2 .w-grid-list{margin:-1.5rem}.w-grid + #us_grid_2 .w-grid-list{margin-top:1.5rem}.l-section.width_full>div>div>.vc_col-sm-12>div>div>#us_grid_2 .w-grid-list{margin-left:1.5rem;margin-right:1.5rem}.l-section.height_auto>div>div>.vc_col-sm-12>div>div>#us_grid_2:first-child .w-grid-list{margin-top:1.5rem}.l-section.height_auto>div>div>.vc_col-sm-12>div>div>#us_grid_2:last-child .w-grid-list{margin-bottom:1.5rem}@media (max-width:599px){#us_grid_2 .w-grid-list{margin:0}#us_grid_2 .w-grid-item{width:100%;padding:0;margin-bottom:1.5rem}}<\/style><style>#us_grid_2 .w-grid-item-h{}#us_grid_2 .usg_post_image_1{}#us_grid_2 .usg_post_title_1{font-size:1rem}#us_grid_2 .usg_post_image_1{margin-bottom:0.5rem}<\/style><div class=\"w-grid-list\"><article class=\"w-grid-item ratio_1x1 post-10283 attachment type-attachment status-inherit hentry\" data-id=\"10283\">\r\n\t<div class=\"w-grid-item-h\">\r\n\t\t\t\t<div class=\"w-post-elm post_image usg_post_image_1 stretched\"><a href=\"https:\/\/equester.ro\/en\/competitii-de-echitatie\/mbm08515\/\" aria-label=\"\"><img loading=\"lazy\" decoding=\"async\" width=\"1024\" height=\"683\" src=\"https:\/\/equester.ro\/wp-content\/uploads\/2024\/09\/MBM08515-1024x683.jpg\" class=\"attachment-large size-large\" alt=\"Prejmer Summer Tour etapa I - Equester Competitii echitatie 02\" srcset=\"https:\/\/equester.ro\/wp-content\/uploads\/2024\/09\/MBM08515-1024x683.jpg 1024w, https:\/\/equester.ro\/wp-content\/uploads\/2024\/09\/MBM08515-300x200.jpg 300w, https:\/\/equester.ro\/wp-content\/uploads\/2024\/09\/MBM08515-18x12.jpg 18w, https:\/\/equester.ro\/wp-content\/uploads\/2024\/09\/MBM08515.jpg 1500w\" sizes=\"auto, (max-width: 1024px) 100vw, 1024px\" \/><\/a><\/div><h2 class=\"w-post-elm post_title usg_post_title_1 entry-title color_link_inherit\"><a href=\"https:\/\/equester.ro\/en\/competitii-de-echitatie\/mbm08515\/\"><\/a><\/h2>\t<\/div>\r\n<\/article>\r\n<article class=\"w-grid-item ratio_1x1 post-10282 attachment type-attachment status-inherit hentry\" data-id=\"10282\">\r\n\t<div class=\"w-grid-item-h\">\r\n\t\t\t\t<div class=\"w-post-elm post_image usg_post_image_1 stretched\"><a href=\"https:\/\/equester.ro\/en\/competitii-de-echitatie\/mbm08429\/\" aria-label=\"\"><img loading=\"lazy\" decoding=\"async\" width=\"1024\" height=\"683\" src=\"https:\/\/equester.ro\/wp-content\/uploads\/2024\/09\/MBM08429-1024x683.jpg\" class=\"attachment-large size-large\" alt=\"Prejmer Summer Tour etapa I - Equester Competitii echitatie 01\" srcset=\"https:\/\/equester.ro\/wp-content\/uploads\/2024\/09\/MBM08429-1024x683.jpg 1024w, https:\/\/equester.ro\/wp-content\/uploads\/2024\/09\/MBM08429-300x200.jpg 300w, https:\/\/equester.ro\/wp-content\/uploads\/2024\/09\/MBM08429-18x12.jpg 18w, https:\/\/equester.ro\/wp-content\/uploads\/2024\/09\/MBM08429.jpg 1500w\" sizes=\"auto, (max-width: 1024px) 100vw, 1024px\" \/><\/a><\/div><h2 class=\"w-post-elm post_title usg_post_title_1 entry-title color_link_inherit\"><a href=\"https:\/\/equester.ro\/en\/competitii-de-echitatie\/mbm08429\/\"><\/a><\/h2>\t<\/div>\r\n<\/article>\r\n<article class=\"w-grid-item ratio_1x1 post-10281 attachment type-attachment status-inherit hentry\" data-id=\"10281\">\r\n\t<div class=\"w-grid-item-h\">\r\n\t\t\t\t<div class=\"w-post-elm post_image usg_post_image_1 stretched\"><a href=\"https:\/\/equester.ro\/en\/competitii-de-echitatie\/mbm08422\/\" aria-label=\"\"><img loading=\"lazy\" decoding=\"async\" width=\"1024\" height=\"683\" src=\"https:\/\/equester.ro\/wp-content\/uploads\/2024\/09\/MBM08422-1024x683.jpg\" class=\"attachment-large size-large\" alt=\"Prejmer Summer Tour etapa I - Equester Competitii echitatie 03\" srcset=\"https:\/\/equester.ro\/wp-content\/uploads\/2024\/09\/MBM08422-1024x683.jpg 1024w, https:\/\/equester.ro\/wp-content\/uploads\/2024\/09\/MBM08422-300x200.jpg 300w, https:\/\/equester.ro\/wp-content\/uploads\/2024\/09\/MBM08422-18x12.jpg 18w, https:\/\/equester.ro\/wp-content\/uploads\/2024\/09\/MBM08422.jpg 1500w\" sizes=\"auto, (max-width: 1024px) 100vw, 1024px\" \/><\/a><\/div><h2 class=\"w-post-elm post_title usg_post_title_1 entry-title color_link_inherit\"><a href=\"https:\/\/equester.ro\/en\/competitii-de-echitatie\/mbm08422\/\"><\/a><\/h2>\t<\/div>\r\n<\/article>\r\n<article class=\"w-grid-item ratio_1x1 post-10280 attachment type-attachment status-inherit hentry\" data-id=\"10280\">\r\n\t<div class=\"w-grid-item-h\">\r\n\t\t\t\t<div class=\"w-post-elm post_image usg_post_image_1 stretched\"><a href=\"https:\/\/equester.ro\/en\/competitii-de-echitatie\/mbm08419\/\" aria-label=\"\"><img loading=\"lazy\" decoding=\"async\" width=\"1024\" height=\"683\" src=\"https:\/\/equester.ro\/wp-content\/uploads\/2024\/09\/MBM08419-1024x683.jpg\" class=\"attachment-large size-large\" alt=\"Prejmer Summer Tour etapa I - Equester Competitii echitatie 04\" srcset=\"https:\/\/equester.ro\/wp-content\/uploads\/2024\/09\/MBM08419-1024x683.jpg 1024w, https:\/\/equester.ro\/wp-content\/uploads\/2024\/09\/MBM08419-300x200.jpg 300w, https:\/\/equester.ro\/wp-content\/uploads\/2024\/09\/MBM08419-18x12.jpg 18w, https:\/\/equester.ro\/wp-content\/uploads\/2024\/09\/MBM08419.jpg 1500w\" sizes=\"auto, (max-width: 1024px) 100vw, 1024px\" \/><\/a><\/div><h2 class=\"w-post-elm post_title usg_post_title_1 entry-title color_link_inherit\"><a href=\"https:\/\/equester.ro\/en\/competitii-de-echitatie\/mbm08419\/\"><\/a><\/h2>\t<\/div>\r\n<\/article>\r\n<article class=\"w-grid-item ratio_1x1 post-10279 attachment type-attachment status-inherit hentry\" data-id=\"10279\">\r\n\t<div class=\"w-grid-item-h\">\r\n\t\t\t\t<div class=\"w-post-elm post_image usg_post_image_1 stretched\"><a href=\"https:\/\/equester.ro\/en\/competitii-de-echitatie\/mbm08206\/\" aria-label=\"\"><img loading=\"lazy\" decoding=\"async\" width=\"1024\" height=\"683\" src=\"https:\/\/equester.ro\/wp-content\/uploads\/2024\/09\/MBM08206-1024x683.jpg\" class=\"attachment-large size-large\" alt=\"Prejmer Summer Tour etapa I - Equester Competitii echitatie 05\" srcset=\"https:\/\/equester.ro\/wp-content\/uploads\/2024\/09\/MBM08206-1024x683.jpg 1024w, https:\/\/equester.ro\/wp-content\/uploads\/2024\/09\/MBM08206-300x200.jpg 300w, https:\/\/equester.ro\/wp-content\/uploads\/2024\/09\/MBM08206-18x12.jpg 18w, https:\/\/equester.ro\/wp-content\/uploads\/2024\/09\/MBM08206.jpg 1500w\" sizes=\"auto, (max-width: 1024px) 100vw, 1024px\" \/><\/a><\/div><h2 class=\"w-post-elm post_title usg_post_title_1 entry-title color_link_inherit\"><a href=\"https:\/\/equester.ro\/en\/competitii-de-echitatie\/mbm08206\/\"><\/a><\/h2>\t<\/div>\r\n<\/article>\r\n<article class=\"w-grid-item ratio_1x1 post-10278 attachment type-attachment status-inherit hentry\" data-id=\"10278\">\r\n\t<div class=\"w-grid-item-h\">\r\n\t\t\t\t<div class=\"w-post-elm post_image usg_post_image_1 stretched\"><a href=\"https:\/\/equester.ro\/en\/competitii-de-echitatie\/mbm06123\/\" aria-label=\"\"><img loading=\"lazy\" decoding=\"async\" width=\"1024\" height=\"683\" src=\"https:\/\/equester.ro\/wp-content\/uploads\/2024\/09\/MBM06123-1024x683.jpg\" class=\"attachment-large size-large\" alt=\"Prejmer Summer Tour etapa I - Equester Competitii echitatie 06\" srcset=\"https:\/\/equester.ro\/wp-content\/uploads\/2024\/09\/MBM06123-1024x683.jpg 1024w, https:\/\/equester.ro\/wp-content\/uploads\/2024\/09\/MBM06123-300x200.jpg 300w, https:\/\/equester.ro\/wp-content\/uploads\/2024\/09\/MBM06123-18x12.jpg 18w, https:\/\/equester.ro\/wp-content\/uploads\/2024\/09\/MBM06123.jpg 1500w\" sizes=\"auto, (max-width: 1024px) 100vw, 1024px\" \/><\/a><\/div><h2 class=\"w-post-elm post_title usg_post_title_1 entry-title color_link_inherit\"><a href=\"https:\/\/equester.ro\/en\/competitii-de-echitatie\/mbm06123\/\"><\/a><\/h2>\t<\/div>\r\n<\/article>\r\n<\/div>\t<div class=\"w-grid-json hidden\" onclick='return {&quot;ajax_url&quot;:&quot;https:\\\/\\\/equester.ro\\\/wp-admin\\\/admin-ajax.php&quot;,&quot;permalink_url&quot;:&quot;https:\\\/\\\/equester.ro\\\/en\\\/competitii-de-echitatie\\\/mbm06123\\\/&quot;,&quot;action&quot;:&quot;us_ajax_grid&quot;,&quot;max_num_pages&quot;:1,&quot;infinite_scroll&quot;:0,&quot;template_vars&quot;:{&quot;query_args&quot;:{&quot;post_type&quot;:[&quot;attachment&quot;],&quot;post__in&quot;:[&quot;10278&quot;,&quot;10279&quot;,&quot;10280&quot;,&quot;10281&quot;,&quot;10282&quot;,&quot;10283&quot;],&quot;post_status&quot;:&quot;inherit&quot;,&quot;post_mime_type&quot;:&quot;image&quot;,&quot;orderby&quot;:{&quot;date&quot;:&quot;DESC&quot;},&quot;posts_per_page&quot;:&quot;6&quot;},&quot;post_id&quot;:11398,&quot;us_grid_index&quot;:2,&quot;us_grid_ajax_index&quot;:1,&quot;exclude_items&quot;:&quot;none&quot;,&quot;items_offset&quot;:&quot;1&quot;,&quot;items_layout&quot;:&quot;blog_1&quot;,&quot;type&quot;:&quot;grid&quot;,&quot;columns&quot;:&quot;2&quot;,&quot;img_size&quot;:&quot;default&quot;,&quot;overriding_link&quot;:&quot;none&quot;}}'><\/div>\r\n<\/div><div class=\"w-separator size_medium with_line width_default thick_1 style_solid color_border align_center with_content\"><div class=\"w-separator-h\"><i class=\"fas fa-horse\"><\/i><\/div><\/div><div class=\"w-slider style_none\"><div class=\"w-slider-h\"><div class=\"royalSlider\"><div class=\"rsContent\"><a class=\"rsImg\" data-rsw=\"1500\" data-rsh=\"1000\" href=\"https:\/\/equester.ro\/wp-content\/uploads\/2024\/09\/MBM06110.jpg\"><span data-alt=\"\"><\/span><\/a><\/div><div class=\"rsContent\"><a class=\"rsImg\" data-rsw=\"1500\" data-rsh=\"1000\" href=\"https:\/\/equester.ro\/wp-content\/uploads\/2024\/09\/MBM06121.jpg\"><span data-alt=\"\"><\/span><\/a><\/div><div class=\"rsContent\"><a class=\"rsImg\" data-rsw=\"1500\" data-rsh=\"1000\" href=\"https:\/\/equester.ro\/wp-content\/uploads\/2024\/09\/MBM06126.jpg\"><span data-alt=\"\"><\/span><\/a><\/div><div class=\"rsContent\"><a class=\"rsImg\" data-rsw=\"1500\" data-rsh=\"2250\" href=\"https:\/\/equester.ro\/wp-content\/uploads\/2024\/09\/MBM06133.jpg\"><span data-alt=\"\"><\/span><\/a><\/div><div class=\"rsContent\"><a class=\"rsImg\" data-rsw=\"1500\" data-rsh=\"1000\" href=\"https:\/\/equester.ro\/wp-content\/uploads\/2024\/09\/MBM06341.jpg\"><span data-alt=\"\"><\/span><\/a><\/div><div class=\"rsContent\"><a class=\"rsImg\" data-rsw=\"1500\" data-rsh=\"2250\" href=\"https:\/\/equester.ro\/wp-content\/uploads\/2024\/09\/MBM06350.jpg\"><span data-alt=\"\"><\/span><\/a><\/div><div class=\"rsContent\"><a class=\"rsImg\" data-rsw=\"1500\" data-rsh=\"1000\" href=\"https:\/\/equester.ro\/wp-content\/uploads\/2024\/09\/MBM08198.jpg\"><span data-alt=\"\"><\/span><\/a><\/div><div class=\"rsContent\"><a class=\"rsImg\" data-rsw=\"1500\" data-rsh=\"1000\" href=\"https:\/\/equester.ro\/wp-content\/uploads\/2024\/09\/MBM08206-1.jpg\"><span data-alt=\"\"><\/span><\/a><\/div><div class=\"rsContent\"><a class=\"rsImg\" data-rsw=\"1500\" data-rsh=\"1000\" href=\"https:\/\/equester.ro\/wp-content\/uploads\/2024\/09\/MBM08212.jpg\"><span data-alt=\"\"><\/span><\/a><\/div><div class=\"rsContent\"><a class=\"rsImg\" data-rsw=\"1500\" data-rsh=\"2250\" href=\"https:\/\/equester.ro\/wp-content\/uploads\/2024\/09\/MBM08409.jpg\"><span data-alt=\"\"><\/span><\/a><\/div><div class=\"rsContent\"><a class=\"rsImg\" data-rsw=\"1500\" data-rsh=\"1000\" href=\"https:\/\/equester.ro\/wp-content\/uploads\/2024\/09\/MBM08413.jpg\"><span data-alt=\"\"><\/span><\/a><\/div><div class=\"rsContent\"><a class=\"rsImg\" data-rsw=\"1500\" data-rsh=\"1000\" href=\"https:\/\/equester.ro\/wp-content\/uploads\/2024\/09\/MBM08416.jpg\"><span data-alt=\"\"><\/span><\/a><\/div><div class=\"rsContent\"><a class=\"rsImg\" data-rsw=\"1500\" data-rsh=\"1000\" href=\"https:\/\/equester.ro\/wp-content\/uploads\/2024\/09\/MBM08419-1.jpg\"><span data-alt=\"\"><\/span><\/a><\/div><div class=\"rsContent\"><a class=\"rsImg\" data-rsw=\"1500\" data-rsh=\"1000\" href=\"https:\/\/equester.ro\/wp-content\/uploads\/2024\/09\/MBM08426.jpg\"><span data-alt=\"\"><\/span><\/a><\/div><div class=\"rsContent\"><a class=\"rsImg\" data-rsw=\"1500\" data-rsh=\"1000\" href=\"https:\/\/equester.ro\/wp-content\/uploads\/2024\/09\/MBM08515-1.jpg\"><span data-alt=\"\"><\/span><\/a><\/div><\/div><img decoding=\"async\" src=\"https:\/\/equester.ro\/wp-content\/uploads\/2024\/09\/MBM06110.jpg\" alt=\"\"><\/div><div class=\"w-slider-json\" onclick='return {&quot;loopRewind&quot;:true,&quot;slidesSpacing&quot;:0,&quot;imageScalePadding&quot;:0,&quot;numImagesToPreload&quot;:2,&quot;arrowsNav&quot;:true,&quot;arrowsNavAutoHide&quot;:false,&quot;transitionType&quot;:&quot;move&quot;,&quot;transitionSpeed&quot;:300,&quot;block&quot;:{&quot;moveEffect&quot;:&quot;none&quot;,&quot;speed&quot;:300},&quot;controlNavigation&quot;:&quot;none&quot;,&quot;imageScaleMode&quot;:&quot;fit&quot;,&quot;autoScaleSlider&quot;:true,&quot;autoScaleSliderWidth&quot;:1500,&quot;autoScaleSliderHeight&quot;:1000,&quot;fitInViewport&quot;:false}'><\/div><\/div><div class=\"w-separator size_medium with_line width_default thick_1 style_solid color_border align_center with_content\"><div class=\"w-separator-h\"><i class=\"fas fa-horse\"><\/i><\/div><\/div><div class=\"w-video ratio_16x9\"><div class=\"w-video-h\"><iframe src=\"\/\/www.youtube.com\/embed\/Tf6KGrnyl0U?controls=0\" allowfullscreen=\"1\"><\/iframe><\/div><\/div><\/div><\/div><\/div><\/div><div class=\"w-separator size_large with_line width_default thick_1 style_solid color_border align_center with_content\"><div class=\"w-separator-h\"><i class=\"fas fa-horse\"><\/i><\/div><\/div><\/div><\/div><\/div><div class=\"w-tabs-section\"><div class=\"w-tabs-section-header\"><div class=\"w-tabs-section-header-h\"><div class=\"w-tabs-section-title\">Linz - Ebelsberg, Austria (2024)<\/div><div class=\"w-tabs-section-control\"><\/div><\/div><\/div><div class=\"w-tabs-section-content\"><div class=\"w-tabs-section-content-h i-cf\"><div class=\"g-cols wpb_row  type_default valign_top vc_inner \"><div class=\"vc_col-sm-12 wpb_column vc_column_container\"><div class=\"vc_column-inner\"><div class=\"wpb_wrapper\">\r\n\t<div class=\"wpb_text_column \">\r\n\t\t<div class=\"wpb_wrapper\">\r\n\t\t\t<h3>Linz-Ebelsberg (AUT) Small Tour 1.20 m<\/h3>\n<p>Perioada: 05.06.2024<br \/>\nPrima participare \u00eentr-o competi\u021bie interna\u021bional\u0103 sub culorile Rom\u00e2niei!<br \/>\nSportiva <strong>Ilinca Ra\u021b\u0103, <\/strong>al\u0103turi de caii Bob Marley \u0219i Ingo, au participat la proba dedicat\u0103 categoriei COPII &#8211; Children Small Tour 1.20cm.<\/p>\n\r\n\t\t<\/div>\r\n\t<\/div>\r\n<div class=\"w-separator size_medium with_line width_default thick_1 style_solid color_border align_center with_content\"><div class=\"w-separator-h\"><i class=\"fas fa-horse\"><\/i><\/div><\/div><div class=\"w-grid type_grid layout_blog_1 cols_2\" id=\"us_grid_3\"><style id=\"us_grid_3_css\">#us_grid_3 .w-grid-item{padding:1.5rem}#us_grid_3 .w-grid-list{margin:-1.5rem}.w-grid + #us_grid_3 .w-grid-list{margin-top:1.5rem}.l-section.width_full>div>div>.vc_col-sm-12>div>div>#us_grid_3 .w-grid-list{margin-left:1.5rem;margin-right:1.5rem}.l-section.height_auto>div>div>.vc_col-sm-12>div>div>#us_grid_3:first-child .w-grid-list{margin-top:1.5rem}.l-section.height_auto>div>div>.vc_col-sm-12>div>div>#us_grid_3:last-child .w-grid-list{margin-bottom:1.5rem}@media (max-width:599px){#us_grid_3 .w-grid-list{margin:0}#us_grid_3 .w-grid-item{width:100%;padding:0;margin-bottom:1.5rem}}<\/style><style>#us_grid_3 .w-grid-item-h{}#us_grid_3 .usg_post_image_1{}#us_grid_3 .usg_post_title_1{font-size:1rem}#us_grid_3 .usg_post_image_1{margin-bottom:0.5rem}<\/style><div class=\"w-grid-list\"><article class=\"w-grid-item ratio_1x1 post-10224 attachment type-attachment status-inherit hentry\" data-id=\"10224\">\r\n\t<div class=\"w-grid-item-h\">\r\n\t\t\t\t<div class=\"w-post-elm post_image usg_post_image_1 stretched\"><a href=\"https:\/\/equester.ro\/en\/competitii-de-echitatie\/equester-competitii-de-echitatie-6\/\" aria-label=\"\"><img loading=\"lazy\" decoding=\"async\" width=\"1024\" height=\"683\" src=\"https:\/\/equester.ro\/wp-content\/uploads\/2024\/08\/Equester-competitii-de-echitatie-6-1024x683.jpg\" class=\"attachment-large size-large\" alt=\"Equester - competitii de echitatie 6\" srcset=\"https:\/\/equester.ro\/wp-content\/uploads\/2024\/08\/Equester-competitii-de-echitatie-6-1024x683.jpg 1024w, https:\/\/equester.ro\/wp-content\/uploads\/2024\/08\/Equester-competitii-de-echitatie-6-300x200.jpg 300w, https:\/\/equester.ro\/wp-content\/uploads\/2024\/08\/Equester-competitii-de-echitatie-6-1536x1025.jpg 1536w, https:\/\/equester.ro\/wp-content\/uploads\/2024\/08\/Equester-competitii-de-echitatie-6-18x12.jpg 18w, https:\/\/equester.ro\/wp-content\/uploads\/2024\/08\/Equester-competitii-de-echitatie-6.jpg 2048w\" sizes=\"auto, (max-width: 1024px) 100vw, 1024px\" \/><\/a><\/div><h2 class=\"w-post-elm post_title usg_post_title_1 entry-title color_link_inherit\"><a href=\"https:\/\/equester.ro\/en\/competitii-de-echitatie\/equester-competitii-de-echitatie-6\/\"><\/a><\/h2>\t<\/div>\r\n<\/article>\r\n<article class=\"w-grid-item ratio_1x1 post-10223 attachment type-attachment status-inherit hentry\" data-id=\"10223\">\r\n\t<div class=\"w-grid-item-h\">\r\n\t\t\t\t<div class=\"w-post-elm post_image usg_post_image_1 stretched\"><a href=\"https:\/\/equester.ro\/en\/competitii-de-echitatie\/equester-competitii-de-echitatie-5\/\" aria-label=\"\"><img loading=\"lazy\" decoding=\"async\" width=\"1024\" height=\"683\" src=\"https:\/\/equester.ro\/wp-content\/uploads\/2024\/08\/Equester-competitii-de-echitatie-5-1024x683.jpg\" class=\"attachment-large size-large\" alt=\"Equester - competitii de echitatie 5\" srcset=\"https:\/\/equester.ro\/wp-content\/uploads\/2024\/08\/Equester-competitii-de-echitatie-5-1024x683.jpg 1024w, https:\/\/equester.ro\/wp-content\/uploads\/2024\/08\/Equester-competitii-de-echitatie-5-300x200.jpg 300w, https:\/\/equester.ro\/wp-content\/uploads\/2024\/08\/Equester-competitii-de-echitatie-5-1536x1025.jpg 1536w, https:\/\/equester.ro\/wp-content\/uploads\/2024\/08\/Equester-competitii-de-echitatie-5-18x12.jpg 18w, https:\/\/equester.ro\/wp-content\/uploads\/2024\/08\/Equester-competitii-de-echitatie-5.jpg 2048w\" sizes=\"auto, (max-width: 1024px) 100vw, 1024px\" \/><\/a><\/div><h2 class=\"w-post-elm post_title usg_post_title_1 entry-title color_link_inherit\"><a href=\"https:\/\/equester.ro\/en\/competitii-de-echitatie\/equester-competitii-de-echitatie-5\/\"><\/a><\/h2>\t<\/div>\r\n<\/article>\r\n<article class=\"w-grid-item ratio_1x1 post-10222 attachment type-attachment status-inherit hentry\" data-id=\"10222\">\r\n\t<div class=\"w-grid-item-h\">\r\n\t\t\t\t<div class=\"w-post-elm post_image usg_post_image_1 stretched\"><a href=\"https:\/\/equester.ro\/en\/competitii-de-echitatie\/equester-competitii-de-echitatie-4\/\" aria-label=\"\"><img loading=\"lazy\" decoding=\"async\" width=\"1024\" height=\"682\" src=\"https:\/\/equester.ro\/wp-content\/uploads\/2024\/08\/Equester-competitii-de-echitatie-4-1024x682.jpg\" class=\"attachment-large size-large\" alt=\"Equester - competitii de echitatie 4\" srcset=\"https:\/\/equester.ro\/wp-content\/uploads\/2024\/08\/Equester-competitii-de-echitatie-4-1024x682.jpg 1024w, https:\/\/equester.ro\/wp-content\/uploads\/2024\/08\/Equester-competitii-de-echitatie-4-300x200.jpg 300w, https:\/\/equester.ro\/wp-content\/uploads\/2024\/08\/Equester-competitii-de-echitatie-4-1536x1023.jpg 1536w, https:\/\/equester.ro\/wp-content\/uploads\/2024\/08\/Equester-competitii-de-echitatie-4-18x12.jpg 18w, https:\/\/equester.ro\/wp-content\/uploads\/2024\/08\/Equester-competitii-de-echitatie-4.jpg 2048w\" sizes=\"auto, (max-width: 1024px) 100vw, 1024px\" \/><\/a><\/div><h2 class=\"w-post-elm post_title usg_post_title_1 entry-title color_link_inherit\"><a href=\"https:\/\/equester.ro\/en\/competitii-de-echitatie\/equester-competitii-de-echitatie-4\/\"><\/a><\/h2>\t<\/div>\r\n<\/article>\r\n<article class=\"w-grid-item ratio_1x1 post-10221 attachment type-attachment status-inherit hentry\" data-id=\"10221\">\r\n\t<div class=\"w-grid-item-h\">\r\n\t\t\t\t<div class=\"w-post-elm post_image usg_post_image_1 stretched\"><a href=\"https:\/\/equester.ro\/en\/competitii-de-echitatie\/equester-competitii-de-echitatie-3\/\" aria-label=\"\"><img loading=\"lazy\" decoding=\"async\" width=\"1024\" height=\"683\" src=\"https:\/\/equester.ro\/wp-content\/uploads\/2024\/08\/Equester-competitii-de-echitatie-3-1024x683.jpg\" class=\"attachment-large size-large\" alt=\"Equester - competitii de echitatie 3\" srcset=\"https:\/\/equester.ro\/wp-content\/uploads\/2024\/08\/Equester-competitii-de-echitatie-3-1024x683.jpg 1024w, https:\/\/equester.ro\/wp-content\/uploads\/2024\/08\/Equester-competitii-de-echitatie-3-300x200.jpg 300w, https:\/\/equester.ro\/wp-content\/uploads\/2024\/08\/Equester-competitii-de-echitatie-3-1536x1025.jpg 1536w, https:\/\/equester.ro\/wp-content\/uploads\/2024\/08\/Equester-competitii-de-echitatie-3-18x12.jpg 18w, https:\/\/equester.ro\/wp-content\/uploads\/2024\/08\/Equester-competitii-de-echitatie-3.jpg 2048w\" sizes=\"auto, (max-width: 1024px) 100vw, 1024px\" \/><\/a><\/div><h2 class=\"w-post-elm post_title usg_post_title_1 entry-title color_link_inherit\"><a href=\"https:\/\/equester.ro\/en\/competitii-de-echitatie\/equester-competitii-de-echitatie-3\/\"><\/a><\/h2>\t<\/div>\r\n<\/article>\r\n<article class=\"w-grid-item ratio_1x1 post-10220 attachment type-attachment status-inherit hentry\" data-id=\"10220\">\r\n\t<div class=\"w-grid-item-h\">\r\n\t\t\t\t<div class=\"w-post-elm post_image usg_post_image_1 stretched\"><a href=\"https:\/\/equester.ro\/en\/competitii-de-echitatie\/equester-competitii-de-echitatie-2\/\" aria-label=\"\"><img loading=\"lazy\" decoding=\"async\" width=\"1024\" height=\"683\" src=\"https:\/\/equester.ro\/wp-content\/uploads\/2024\/08\/Equester-competitii-de-echitatie-2-1024x683.jpg\" class=\"attachment-large size-large\" alt=\"Equester - competitii de echitatie 2\" srcset=\"https:\/\/equester.ro\/wp-content\/uploads\/2024\/08\/Equester-competitii-de-echitatie-2-1024x683.jpg 1024w, https:\/\/equester.ro\/wp-content\/uploads\/2024\/08\/Equester-competitii-de-echitatie-2-300x200.jpg 300w, https:\/\/equester.ro\/wp-content\/uploads\/2024\/08\/Equester-competitii-de-echitatie-2-1536x1025.jpg 1536w, https:\/\/equester.ro\/wp-content\/uploads\/2024\/08\/Equester-competitii-de-echitatie-2-18x12.jpg 18w, https:\/\/equester.ro\/wp-content\/uploads\/2024\/08\/Equester-competitii-de-echitatie-2.jpg 2048w\" sizes=\"auto, (max-width: 1024px) 100vw, 1024px\" \/><\/a><\/div><h2 class=\"w-post-elm post_title usg_post_title_1 entry-title color_link_inherit\"><a href=\"https:\/\/equester.ro\/en\/competitii-de-echitatie\/equester-competitii-de-echitatie-2\/\"><\/a><\/h2>\t<\/div>\r\n<\/article>\r\n<article class=\"w-grid-item ratio_1x1 post-10219 attachment type-attachment status-inherit hentry\" data-id=\"10219\">\r\n\t<div class=\"w-grid-item-h\">\r\n\t\t\t\t<div class=\"w-post-elm post_image usg_post_image_1 stretched\"><a href=\"https:\/\/equester.ro\/en\/competitii-de-echitatie\/equester-competitii-de-echitatie-1\/\" aria-label=\"\"><img loading=\"lazy\" decoding=\"async\" width=\"1024\" height=\"683\" src=\"https:\/\/equester.ro\/wp-content\/uploads\/2024\/08\/Equester-competitii-de-echitatie-1-1024x683.jpg\" class=\"attachment-large size-large\" alt=\"Equester - competitii de echitatie 1\" srcset=\"https:\/\/equester.ro\/wp-content\/uploads\/2024\/08\/Equester-competitii-de-echitatie-1-1024x683.jpg 1024w, https:\/\/equester.ro\/wp-content\/uploads\/2024\/08\/Equester-competitii-de-echitatie-1-300x200.jpg 300w, https:\/\/equester.ro\/wp-content\/uploads\/2024\/08\/Equester-competitii-de-echitatie-1-1536x1025.jpg 1536w, https:\/\/equester.ro\/wp-content\/uploads\/2024\/08\/Equester-competitii-de-echitatie-1-18x12.jpg 18w, https:\/\/equester.ro\/wp-content\/uploads\/2024\/08\/Equester-competitii-de-echitatie-1.jpg 2048w\" sizes=\"auto, (max-width: 1024px) 100vw, 1024px\" \/><\/a><\/div><h2 class=\"w-post-elm post_title usg_post_title_1 entry-title color_link_inherit\"><a href=\"https:\/\/equester.ro\/en\/competitii-de-echitatie\/equester-competitii-de-echitatie-1\/\"><\/a><\/h2>\t<\/div>\r\n<\/article>\r\n<\/div>\t<div class=\"w-grid-json hidden\" onclick='return {&quot;ajax_url&quot;:&quot;https:\\\/\\\/equester.ro\\\/wp-admin\\\/admin-ajax.php&quot;,&quot;permalink_url&quot;:&quot;https:\\\/\\\/equester.ro\\\/en\\\/competitii-de-echitatie\\\/equester-competitii-de-echitatie-1\\\/&quot;,&quot;action&quot;:&quot;us_ajax_grid&quot;,&quot;max_num_pages&quot;:1,&quot;infinite_scroll&quot;:0,&quot;template_vars&quot;:{&quot;query_args&quot;:{&quot;post_type&quot;:[&quot;attachment&quot;],&quot;post__in&quot;:[&quot;10219&quot;,&quot;10220&quot;,&quot;10221&quot;,&quot;10222&quot;,&quot;10223&quot;,&quot;10224&quot;],&quot;post_status&quot;:&quot;inherit&quot;,&quot;post_mime_type&quot;:&quot;image&quot;,&quot;orderby&quot;:{&quot;date&quot;:&quot;DESC&quot;},&quot;posts_per_page&quot;:&quot;6&quot;},&quot;post_id&quot;:10278,&quot;us_grid_index&quot;:3,&quot;us_grid_ajax_index&quot;:1,&quot;exclude_items&quot;:&quot;none&quot;,&quot;items_offset&quot;:&quot;1&quot;,&quot;items_layout&quot;:&quot;blog_1&quot;,&quot;type&quot;:&quot;grid&quot;,&quot;columns&quot;:&quot;2&quot;,&quot;img_size&quot;:&quot;default&quot;,&quot;overriding_link&quot;:&quot;none&quot;}}'><\/div>\r\n<\/div><div class=\"w-separator size_medium with_line width_default thick_1 style_solid color_border align_center with_content\"><div class=\"w-separator-h\"><i class=\"fas fa-horse\"><\/i><\/div><\/div><div class=\"w-slider style_none\"><div class=\"w-slider-h\"><div class=\"royalSlider\"><div class=\"rsContent\"><a class=\"rsImg\" data-rsw=\"2048\" data-rsh=\"1366\" href=\"https:\/\/equester.ro\/wp-content\/uploads\/2024\/08\/Equester-competitii-de-echitatie-8.jpg\"><span data-alt=\"\"><\/span><\/a><\/div><div class=\"rsContent\"><a class=\"rsImg\" data-rsw=\"2048\" data-rsh=\"1366\" href=\"https:\/\/equester.ro\/wp-content\/uploads\/2024\/08\/Equester-competitii-de-echitatie-9.jpg\"><span data-alt=\"\"><\/span><\/a><\/div><div class=\"rsContent\"><a class=\"rsImg\" data-rsw=\"2048\" data-rsh=\"1366\" href=\"https:\/\/equester.ro\/wp-content\/uploads\/2024\/08\/Equester-competitii-de-echitatie-10.jpg\"><span data-alt=\"\"><\/span><\/a><\/div><div class=\"rsContent\"><a class=\"rsImg\" data-rsw=\"2048\" data-rsh=\"1366\" href=\"https:\/\/equester.ro\/wp-content\/uploads\/2024\/08\/Equester-competitii-de-echitatie-11.jpg\"><span data-alt=\"\"><\/span><\/a><\/div><div class=\"rsContent\"><a class=\"rsImg\" data-rsw=\"2048\" data-rsh=\"1366\" href=\"https:\/\/equester.ro\/wp-content\/uploads\/2024\/08\/Equester-competitii-de-echitatie-12.jpg\"><span data-alt=\"\"><\/span><\/a><\/div><div class=\"rsContent\"><a class=\"rsImg\" data-rsw=\"2048\" data-rsh=\"1366\" href=\"https:\/\/equester.ro\/wp-content\/uploads\/2024\/08\/Equester-competitii-de-echitatie-13.jpg\"><span data-alt=\"\"><\/span><\/a><\/div><div class=\"rsContent\"><a class=\"rsImg\" data-rsw=\"2048\" data-rsh=\"1364\" href=\"https:\/\/equester.ro\/wp-content\/uploads\/2024\/08\/Equester-competitii-de-echitatie-14.jpg\"><span data-alt=\"\"><\/span><\/a><\/div><div class=\"rsContent\"><a class=\"rsImg\" data-rsw=\"2048\" data-rsh=\"1366\" href=\"https:\/\/equester.ro\/wp-content\/uploads\/2024\/08\/Equester-competitii-de-echitatie-15.jpg\"><span data-alt=\"\"><\/span><\/a><\/div><div class=\"rsContent\"><a class=\"rsImg\" data-rsw=\"2048\" data-rsh=\"1366\" href=\"https:\/\/equester.ro\/wp-content\/uploads\/2024\/08\/Equester-competitii-de-echitatie-16.jpg\"><span data-alt=\"\"><\/span><\/a><\/div><div class=\"rsContent\"><a class=\"rsImg\" data-rsw=\"1366\" data-rsh=\"2048\" href=\"https:\/\/equester.ro\/wp-content\/uploads\/2024\/08\/Equester-competitii-de-echitatie-7.jpg\"><span data-alt=\"\"><\/span><\/a><\/div><div class=\"rsContent\"><a class=\"rsImg\" data-rsw=\"2048\" data-rsh=\"1364\" href=\"https:\/\/equester.ro\/wp-content\/uploads\/2024\/08\/Equester-competitii-de-echitatie-17.jpg\"><span data-alt=\"\"><\/span><\/a><\/div><div class=\"rsContent\"><a class=\"rsImg\" data-rsw=\"2048\" data-rsh=\"1366\" href=\"https:\/\/equester.ro\/wp-content\/uploads\/2024\/08\/Equester-competitii-de-echitatie-18.jpg\"><span data-alt=\"\"><\/span><\/a><\/div><div class=\"rsContent\"><a class=\"rsImg\" data-rsw=\"2048\" data-rsh=\"1364\" href=\"https:\/\/equester.ro\/wp-content\/uploads\/2024\/08\/Equester-competitii-de-echitatie-19.jpg\"><span data-alt=\"\"><\/span><\/a><\/div><div class=\"rsContent\"><a class=\"rsImg\" data-rsw=\"2048\" data-rsh=\"1366\" href=\"https:\/\/equester.ro\/wp-content\/uploads\/2024\/08\/Equester-competitii-de-echitatie-20.jpg\"><span data-alt=\"\"><\/span><\/a><\/div><div class=\"rsContent\"><a class=\"rsImg\" data-rsw=\"2048\" data-rsh=\"1366\" href=\"https:\/\/equester.ro\/wp-content\/uploads\/2024\/08\/Equester-competitii-de-echitatie-21.jpg\"><span data-alt=\"\"><\/span><\/a><\/div><div class=\"rsContent\"><a class=\"rsImg\" data-rsw=\"2048\" data-rsh=\"1366\" href=\"https:\/\/equester.ro\/wp-content\/uploads\/2024\/08\/Equester-competitii-de-echitatie-22.jpg\"><span data-alt=\"\"><\/span><\/a><\/div><\/div><img decoding=\"async\" src=\"https:\/\/equester.ro\/wp-content\/uploads\/2024\/08\/Equester-competitii-de-echitatie-8.jpg\" alt=\"\"><\/div><div class=\"w-slider-json\" onclick='return {&quot;loopRewind&quot;:true,&quot;slidesSpacing&quot;:0,&quot;imageScalePadding&quot;:0,&quot;numImagesToPreload&quot;:2,&quot;arrowsNav&quot;:true,&quot;arrowsNavAutoHide&quot;:false,&quot;transitionType&quot;:&quot;move&quot;,&quot;transitionSpeed&quot;:300,&quot;block&quot;:{&quot;moveEffect&quot;:&quot;none&quot;,&quot;speed&quot;:300},&quot;controlNavigation&quot;:&quot;none&quot;,&quot;imageScaleMode&quot;:&quot;fit&quot;,&quot;autoScaleSlider&quot;:true,&quot;autoScaleSliderWidth&quot;:2048,&quot;autoScaleSliderHeight&quot;:1366,&quot;fitInViewport&quot;:false}'><\/div><\/div><div class=\"w-separator size_medium with_line width_default thick_1 style_solid color_border align_center with_content\"><div class=\"w-separator-h\"><i class=\"fas fa-horse\"><\/i><\/div><\/div><div class=\"w-video ratio_16x9\"><div class=\"w-video-h\"><iframe src=\"\/\/www.youtube.com\/embed\/9mEIGcwwyYk?controls=0\" allowfullscreen=\"1\"><\/iframe><\/div><\/div><\/div><\/div><\/div><\/div><div class=\"w-separator size_large with_line width_default thick_1 style_solid color_border align_center with_content\"><div class=\"w-separator-h\"><i class=\"fas fa-horse\"><\/i><\/div><\/div><\/div><\/div><\/div><div class=\"w-tabs-section\" id=\"1724656137252-1ee059ca-d640\"><a href=\"#1724656137252-1ee059ca-d640\" class=\"w-tabs-section-header\"><div class=\"w-tabs-section-header-h\"><div class=\"w-tabs-section-title\">Prejmer Winter Tour etapa a VII-a (2024)<\/div><div class=\"w-tabs-section-control\"><\/div><\/div><\/a><div class=\"w-tabs-section-content\"><div class=\"w-tabs-section-content-h i-cf\"><div class=\"g-cols wpb_row  type_default valign_top vc_inner \"><div class=\"vc_col-sm-12 wpb_column vc_column_container\"><div class=\"vc_column-inner\"><div class=\"wpb_wrapper\">\r\n\t<div class=\"wpb_text_column \">\r\n\t\t<div class=\"wpb_wrapper\">\r\n\t\t\t<h3>Prejmer Winter Tour etapa a VII-a<\/h3>\n<p>Perioada:\u00a0<b>29.02.2024 &#8211; 03.03.2024<br \/>\n<\/b><\/p>\n<p>Competi\u021bia de iarn\u0103 a concursului Winter Tour Etapa VII, disciplina S\u0103rituri Peste Obstacole, a fost organizat la Baza Hipic\u0103 163 Plopi din Prejmer, sub egida Federa\u021biei Ecvestre Rom\u00e2ne.<br \/>\nIlinca Ra\u021b\u0103 a participat cu Bob Marley \u0219i Funny Flight la proba Bronze Tour (1.10 cm \u0219i 1.15 cm) \u0219i cu Ingo la proba Silver Tour (1.20-1.25 cm).<br \/>\nEvolu\u021bia sportivei poate fi urm\u0103rit\u0103 \u00een video-urile \u0219i imaginile de mai jos.<\/p>\n\r\n\t\t<\/div>\r\n\t<\/div>\r\n<div class=\"w-separator size_medium with_line width_default thick_1 style_solid color_border align_center with_content\"><div class=\"w-separator-h\"><i class=\"fas fa-horse\"><\/i><\/div><\/div><div class=\"w-grid type_grid layout_blog_1 cols_2\" id=\"us_grid_4\"><style id=\"us_grid_4_css\">#us_grid_4 .w-grid-item{padding:1.5rem}#us_grid_4 .w-grid-list{margin:-1.5rem}.w-grid + #us_grid_4 .w-grid-list{margin-top:1.5rem}.l-section.width_full>div>div>.vc_col-sm-12>div>div>#us_grid_4 .w-grid-list{margin-left:1.5rem;margin-right:1.5rem}.l-section.height_auto>div>div>.vc_col-sm-12>div>div>#us_grid_4:first-child .w-grid-list{margin-top:1.5rem}.l-section.height_auto>div>div>.vc_col-sm-12>div>div>#us_grid_4:last-child .w-grid-list{margin-bottom:1.5rem}@media (max-width:599px){#us_grid_4 .w-grid-list{margin:0}#us_grid_4 .w-grid-item{width:100%;padding:0;margin-bottom:1.5rem}}<\/style><style>#us_grid_4 .w-grid-item-h{}#us_grid_4 .usg_post_image_1{}#us_grid_4 .usg_post_title_1{font-size:1rem}#us_grid_4 .usg_post_image_1{margin-bottom:0.5rem}<\/style><div class=\"w-grid-list\"><article class=\"w-grid-item ratio_1x1 post-10305 attachment type-attachment status-inherit hentry\" data-id=\"10305\">\r\n\t<div class=\"w-grid-item-h\">\r\n\t\t\t\t<div class=\"w-post-elm post_image usg_post_image_1 stretched\"><a href=\"https:\/\/equester.ro\/en\/competitii-de-echitatie\/_3021115\/\" aria-label=\"\"><img loading=\"lazy\" decoding=\"async\" width=\"1000\" height=\"800\" src=\"https:\/\/equester.ro\/wp-content\/uploads\/2024\/09\/3021115.jpg\" class=\"attachment-large size-large\" alt=\"Prejmer Winter Tour etapa a VII-a - Equester competitii echitatie 06\" srcset=\"https:\/\/equester.ro\/wp-content\/uploads\/2024\/09\/3021115.jpg 1000w, https:\/\/equester.ro\/wp-content\/uploads\/2024\/09\/3021115-300x240.jpg 300w, https:\/\/equester.ro\/wp-content\/uploads\/2024\/09\/3021115-15x12.jpg 15w\" sizes=\"auto, (max-width: 1000px) 100vw, 1000px\" \/><\/a><\/div><h2 class=\"w-post-elm post_title usg_post_title_1 entry-title color_link_inherit\"><a href=\"https:\/\/equester.ro\/en\/competitii-de-echitatie\/_3021115\/\"><\/a><\/h2>\t<\/div>\r\n<\/article>\r\n<article class=\"w-grid-item ratio_1x1 post-10303 attachment type-attachment status-inherit hentry\" data-id=\"10303\">\r\n\t<div class=\"w-grid-item-h\">\r\n\t\t\t\t<div class=\"w-post-elm post_image usg_post_image_1 stretched\"><a href=\"https:\/\/equester.ro\/en\/competitii-de-echitatie\/_3011003\/\" aria-label=\"\"><img loading=\"lazy\" decoding=\"async\" width=\"1000\" height=\"800\" src=\"https:\/\/equester.ro\/wp-content\/uploads\/2024\/09\/3011003.jpg\" class=\"attachment-large size-large\" alt=\"Prejmer Winter Tour etapa a VII-a - Equester competitii echitatie 04\" srcset=\"https:\/\/equester.ro\/wp-content\/uploads\/2024\/09\/3011003.jpg 1000w, https:\/\/equester.ro\/wp-content\/uploads\/2024\/09\/3011003-300x240.jpg 300w, https:\/\/equester.ro\/wp-content\/uploads\/2024\/09\/3011003-15x12.jpg 15w\" sizes=\"auto, (max-width: 1000px) 100vw, 1000px\" \/><\/a><\/div><h2 class=\"w-post-elm post_title usg_post_title_1 entry-title color_link_inherit\"><a href=\"https:\/\/equester.ro\/en\/competitii-de-echitatie\/_3011003\/\"><\/a><\/h2>\t<\/div>\r\n<\/article>\r\n<article class=\"w-grid-item ratio_1x1 post-10304 attachment type-attachment status-inherit hentry\" data-id=\"10304\">\r\n\t<div class=\"w-grid-item-h\">\r\n\t\t\t\t<div class=\"w-post-elm post_image usg_post_image_1 stretched\"><a href=\"https:\/\/equester.ro\/en\/competitii-de-echitatie\/_3011007\/\" aria-label=\"\"><img loading=\"lazy\" decoding=\"async\" width=\"1000\" height=\"800\" src=\"https:\/\/equester.ro\/wp-content\/uploads\/2024\/09\/3011007.jpg\" class=\"attachment-large size-large\" alt=\"Prejmer Winter Tour etapa a VII-a - Equester competitii echitatie 05\" srcset=\"https:\/\/equester.ro\/wp-content\/uploads\/2024\/09\/3011007.jpg 1000w, https:\/\/equester.ro\/wp-content\/uploads\/2024\/09\/3011007-300x240.jpg 300w, https:\/\/equester.ro\/wp-content\/uploads\/2024\/09\/3011007-15x12.jpg 15w\" sizes=\"auto, (max-width: 1000px) 100vw, 1000px\" \/><\/a><\/div><h2 class=\"w-post-elm post_title usg_post_title_1 entry-title color_link_inherit\"><a href=\"https:\/\/equester.ro\/en\/competitii-de-echitatie\/_3011007\/\"><\/a><\/h2>\t<\/div>\r\n<\/article>\r\n<article class=\"w-grid-item ratio_1x1 post-10301 attachment type-attachment status-inherit hentry\" data-id=\"10301\">\r\n\t<div class=\"w-grid-item-h\">\r\n\t\t\t\t<div class=\"w-post-elm post_image usg_post_image_1 stretched\"><a href=\"https:\/\/equester.ro\/en\/competitii-de-echitatie\/_3010805\/\" aria-label=\"\"><img loading=\"lazy\" decoding=\"async\" width=\"1000\" height=\"800\" src=\"https:\/\/equester.ro\/wp-content\/uploads\/2024\/09\/3010805.jpg\" class=\"attachment-large size-large\" alt=\"Prejmer Winter Tour etapa a VII-a - Equester competitii echitatie 02\" srcset=\"https:\/\/equester.ro\/wp-content\/uploads\/2024\/09\/3010805.jpg 1000w, https:\/\/equester.ro\/wp-content\/uploads\/2024\/09\/3010805-300x240.jpg 300w, https:\/\/equester.ro\/wp-content\/uploads\/2024\/09\/3010805-15x12.jpg 15w\" sizes=\"auto, (max-width: 1000px) 100vw, 1000px\" \/><\/a><\/div><h2 class=\"w-post-elm post_title usg_post_title_1 entry-title color_link_inherit\"><a href=\"https:\/\/equester.ro\/en\/competitii-de-echitatie\/_3010805\/\"><\/a><\/h2>\t<\/div>\r\n<\/article>\r\n<article class=\"w-grid-item ratio_1x1 post-10302 attachment type-attachment status-inherit hentry\" data-id=\"10302\">\r\n\t<div class=\"w-grid-item-h\">\r\n\t\t\t\t<div class=\"w-post-elm post_image usg_post_image_1 stretched\"><a href=\"https:\/\/equester.ro\/en\/competitii-de-echitatie\/_3010817\/\" aria-label=\"\"><img loading=\"lazy\" decoding=\"async\" width=\"1000\" height=\"800\" src=\"https:\/\/equester.ro\/wp-content\/uploads\/2024\/09\/3010817.jpg\" class=\"attachment-large size-large\" alt=\"Prejmer Winter Tour etapa a VII-a - Equester competitii echitatie 03\" srcset=\"https:\/\/equester.ro\/wp-content\/uploads\/2024\/09\/3010817.jpg 1000w, https:\/\/equester.ro\/wp-content\/uploads\/2024\/09\/3010817-300x240.jpg 300w, https:\/\/equester.ro\/wp-content\/uploads\/2024\/09\/3010817-15x12.jpg 15w\" sizes=\"auto, (max-width: 1000px) 100vw, 1000px\" \/><\/a><\/div><h2 class=\"w-post-elm post_title usg_post_title_1 entry-title color_link_inherit\"><a href=\"https:\/\/equester.ro\/en\/competitii-de-echitatie\/_3010817\/\"><\/a><\/h2>\t<\/div>\r\n<\/article>\r\n<article class=\"w-grid-item ratio_1x1 post-10300 attachment type-attachment status-inherit hentry\" data-id=\"10300\">\r\n\t<div class=\"w-grid-item-h\">\r\n\t\t\t\t<div class=\"w-post-elm post_image usg_post_image_1 stretched\"><a href=\"https:\/\/equester.ro\/en\/competitii-de-echitatie\/_2291650\/\" aria-label=\"\"><img loading=\"lazy\" decoding=\"async\" width=\"1000\" height=\"800\" src=\"https:\/\/equester.ro\/wp-content\/uploads\/2024\/09\/2291650.jpg\" class=\"attachment-large size-large\" alt=\"Prejmer Winter Tour etapa a VII-a - Equester competitii echitatie 01\" srcset=\"https:\/\/equester.ro\/wp-content\/uploads\/2024\/09\/2291650.jpg 1000w, https:\/\/equester.ro\/wp-content\/uploads\/2024\/09\/2291650-300x240.jpg 300w, https:\/\/equester.ro\/wp-content\/uploads\/2024\/09\/2291650-15x12.jpg 15w\" sizes=\"auto, (max-width: 1000px) 100vw, 1000px\" \/><\/a><\/div><h2 class=\"w-post-elm post_title usg_post_title_1 entry-title color_link_inherit\"><a href=\"https:\/\/equester.ro\/en\/competitii-de-echitatie\/_2291650\/\"><\/a><\/h2>\t<\/div>\r\n<\/article>\r\n<\/div>\t<div class=\"w-grid-json hidden\" onclick='return {&quot;ajax_url&quot;:&quot;https:\\\/\\\/equester.ro\\\/wp-admin\\\/admin-ajax.php&quot;,&quot;permalink_url&quot;:&quot;https:\\\/\\\/equester.ro\\\/en\\\/competitii-de-echitatie\\\/_2291650\\\/&quot;,&quot;action&quot;:&quot;us_ajax_grid&quot;,&quot;max_num_pages&quot;:1,&quot;infinite_scroll&quot;:0,&quot;template_vars&quot;:{&quot;query_args&quot;:{&quot;post_type&quot;:[&quot;attachment&quot;],&quot;post__in&quot;:[&quot;10300&quot;,&quot;10301&quot;,&quot;10302&quot;,&quot;10303&quot;,&quot;10304&quot;,&quot;10305&quot;],&quot;post_status&quot;:&quot;inherit&quot;,&quot;post_mime_type&quot;:&quot;image&quot;,&quot;orderby&quot;:{&quot;date&quot;:&quot;DESC&quot;},&quot;posts_per_page&quot;:&quot;6&quot;},&quot;post_id&quot;:10219,&quot;us_grid_index&quot;:4,&quot;us_grid_ajax_index&quot;:1,&quot;exclude_items&quot;:&quot;none&quot;,&quot;items_offset&quot;:&quot;1&quot;,&quot;items_layout&quot;:&quot;blog_1&quot;,&quot;type&quot;:&quot;grid&quot;,&quot;columns&quot;:&quot;2&quot;,&quot;img_size&quot;:&quot;default&quot;,&quot;overriding_link&quot;:&quot;none&quot;}}'><\/div>\r\n<\/div><div class=\"w-separator size_medium with_line width_default thick_1 style_solid color_border align_center with_content\"><div class=\"w-separator-h\"><i class=\"fas fa-horse\"><\/i><\/div><\/div><div class=\"w-slider style_none\"><div class=\"w-slider-h\"><div class=\"royalSlider\"><div class=\"rsContent\"><a class=\"rsImg\" data-rsw=\"1000\" data-rsh=\"800\" href=\"https:\/\/equester.ro\/wp-content\/uploads\/2024\/09\/3011003.jpg\"><span data-alt=\"Prejmer Winter Tour etapa a VII-a - Equester competitii echitatie 04\"><\/span><\/a><\/div><div class=\"rsContent\"><a class=\"rsImg\" data-rsw=\"1000\" data-rsh=\"1250\" href=\"https:\/\/equester.ro\/wp-content\/uploads\/2024\/09\/3030583.jpg\"><span data-alt=\"\"><\/span><\/a><\/div><div class=\"rsContent\"><a class=\"rsImg\" data-rsw=\"1000\" data-rsh=\"1250\" href=\"https:\/\/equester.ro\/wp-content\/uploads\/2024\/09\/3030575.jpg\"><span data-alt=\"\"><\/span><\/a><\/div><div class=\"rsContent\"><a class=\"rsImg\" data-rsw=\"1000\" data-rsh=\"800\" href=\"https:\/\/equester.ro\/wp-content\/uploads\/2024\/09\/3010817.jpg\"><span data-alt=\"Prejmer Winter Tour etapa a VII-a - Equester competitii echitatie 03\"><\/span><\/a><\/div><div class=\"rsContent\"><a class=\"rsImg\" data-rsw=\"1000\" data-rsh=\"800\" href=\"https:\/\/equester.ro\/wp-content\/uploads\/2024\/09\/3010805.jpg\"><span data-alt=\"Prejmer Winter Tour etapa a VII-a - Equester competitii echitatie 02\"><\/span><\/a><\/div><div class=\"rsContent\"><a class=\"rsImg\" data-rsw=\"1000\" data-rsh=\"1250\" href=\"https:\/\/equester.ro\/wp-content\/uploads\/2024\/09\/3021127.jpg\"><span data-alt=\"\"><\/span><\/a><\/div><div class=\"rsContent\"><a class=\"rsImg\" data-rsw=\"1000\" data-rsh=\"1250\" href=\"https:\/\/equester.ro\/wp-content\/uploads\/2024\/09\/3030842.jpg\"><span data-alt=\"\"><\/span><\/a><\/div><div class=\"rsContent\"><a class=\"rsImg\" data-rsw=\"1000\" data-rsh=\"1250\" href=\"https:\/\/equester.ro\/wp-content\/uploads\/2024\/09\/3030818.jpg\"><span data-alt=\"\"><\/span><\/a><\/div><div class=\"rsContent\"><a class=\"rsImg\" data-rsw=\"1000\" data-rsh=\"1250\" href=\"https:\/\/equester.ro\/wp-content\/uploads\/2024\/09\/3030813.jpg\"><span data-alt=\"\"><\/span><\/a><\/div><div class=\"rsContent\"><a class=\"rsImg\" data-rsw=\"1000\" data-rsh=\"800\" href=\"https:\/\/equester.ro\/wp-content\/uploads\/2024\/09\/2291650.jpg\"><span data-alt=\"Prejmer Winter Tour etapa a VII-a - Equester competitii echitatie 01\"><\/span><\/a><\/div><div class=\"rsContent\"><a class=\"rsImg\" data-rsw=\"1000\" data-rsh=\"800\" href=\"https:\/\/equester.ro\/wp-content\/uploads\/2024\/09\/3011007.jpg\"><span data-alt=\"Prejmer Winter Tour etapa a VII-a - Equester competitii echitatie 05\"><\/span><\/a><\/div><div class=\"rsContent\"><a class=\"rsImg\" data-rsw=\"1000\" data-rsh=\"800\" href=\"https:\/\/equester.ro\/wp-content\/uploads\/2024\/09\/3021115.jpg\"><span data-alt=\"Prejmer Winter Tour etapa a VII-a - Equester competitii echitatie 06\"><\/span><\/a><\/div><div class=\"rsContent\"><a class=\"rsImg\" data-rsw=\"1000\" data-rsh=\"1250\" href=\"https:\/\/equester.ro\/wp-content\/uploads\/2024\/09\/2291607.jpg\"><span data-alt=\"\"><\/span><\/a><\/div><div class=\"rsContent\"><a class=\"rsImg\" data-rsw=\"1000\" data-rsh=\"800\" href=\"https:\/\/equester.ro\/wp-content\/uploads\/2024\/09\/3021124.jpg\"><span data-alt=\"\"><\/span><\/a><\/div><div class=\"rsContent\"><a class=\"rsImg\" data-rsw=\"1000\" data-rsh=\"1250\" href=\"https:\/\/equester.ro\/wp-content\/uploads\/2024\/09\/3030590.jpg\"><span data-alt=\"\"><\/span><\/a><\/div><div class=\"rsContent\"><a class=\"rsImg\" data-rsw=\"1000\" data-rsh=\"1250\" href=\"https:\/\/equester.ro\/wp-content\/uploads\/2024\/09\/3030695.jpg\"><span data-alt=\"\"><\/span><\/a><\/div><div class=\"rsContent\"><a class=\"rsImg\" data-rsw=\"1000\" data-rsh=\"1250\" href=\"https:\/\/equester.ro\/wp-content\/uploads\/2024\/09\/3030712.jpg\"><span data-alt=\"\"><\/span><\/a><\/div><div class=\"rsContent\"><a class=\"rsImg\" data-rsw=\"1000\" data-rsh=\"1250\" href=\"https:\/\/equester.ro\/wp-content\/uploads\/2024\/09\/3030724.jpg\"><span data-alt=\"\"><\/span><\/a><\/div><\/div><img decoding=\"async\" src=\"https:\/\/equester.ro\/wp-content\/uploads\/2024\/09\/3011003.jpg\" alt=\"Prejmer Winter Tour etapa a VII-a - Equester competitii echitatie 04\"><\/div><div class=\"w-slider-json\" onclick='return {&quot;loopRewind&quot;:true,&quot;slidesSpacing&quot;:0,&quot;imageScalePadding&quot;:0,&quot;numImagesToPreload&quot;:2,&quot;arrowsNav&quot;:true,&quot;arrowsNavAutoHide&quot;:false,&quot;transitionType&quot;:&quot;move&quot;,&quot;transitionSpeed&quot;:300,&quot;block&quot;:{&quot;moveEffect&quot;:&quot;none&quot;,&quot;speed&quot;:300},&quot;controlNavigation&quot;:&quot;none&quot;,&quot;imageScaleMode&quot;:&quot;fit&quot;,&quot;autoScaleSlider&quot;:true,&quot;autoScaleSliderWidth&quot;:1000,&quot;autoScaleSliderHeight&quot;:800,&quot;fitInViewport&quot;:false}'><\/div><\/div><div class=\"w-separator size_medium with_line width_default thick_1 style_solid color_border align_center with_content\"><div class=\"w-separator-h\"><i class=\"fas fa-horse\"><\/i><\/div><\/div><div class=\"w-video ratio_16x9\"><div class=\"w-video-h\"><iframe src=\"\/\/www.youtube.com\/embed\/NDQ0uOUHEn0?controls=0\" allowfullscreen=\"1\"><\/iframe><\/div><\/div><\/div><\/div><\/div><\/div><div class=\"w-separator size_large with_line width_default thick_1 style_solid color_border align_center with_content\"><div class=\"w-separator-h\"><i class=\"fas fa-horse\"><\/i><\/div><\/div><\/div><\/div><\/div><div class=\"w-tabs-section\" id=\"1724656301313-21e838c1-a3f7\"><a href=\"#1724656301313-21e838c1-a3f7\" class=\"w-tabs-section-header\"><div class=\"w-tabs-section-header-h\"><div class=\"w-tabs-section-title\">Prejmer Winter Tour etapa a V-a (2024)<\/div><div class=\"w-tabs-section-control\"><\/div><\/div><\/a><div class=\"w-tabs-section-content\"><div class=\"w-tabs-section-content-h i-cf\"><div class=\"g-cols wpb_row  type_default valign_top vc_inner \"><div class=\"vc_col-sm-12 wpb_column vc_column_container\"><div class=\"vc_column-inner\"><div class=\"wpb_wrapper\">\r\n\t<div class=\"wpb_text_column \">\r\n\t\t<div class=\"wpb_wrapper\">\r\n\t\t\t<h3>Prejmer Winter Tour etapa a V-a<\/h3>\n<p>Perioada:\u00a0<b>01.02.2024 &#8211; 04.02.2024<\/b><\/p>\n<p>Ilinca Ra\u021b\u0103 a ob\u021binut Locul 1 al\u0103turi de Ingo \u0219i locul 2 cu Bob Marley \u00een finala Bronze Tour 1,15 cm.<br \/>\n\u00cen aceast\u0103 competi\u021bie, Ilinca a dovedit c\u0103 e<span class=\"x193iq5w xeuugli x13faqbe x1vvkbs x1xmvt09 x1lliihq x1s928wv xhkezso x1gmr53x x1cpjm7i x1fgarty x1943h6x xudqn12 x3x7a5m x6prxxf xvq8zen xo1l8bm xzsf02u x1yc453h\" dir=\"auto\">chita\u021bia este un sport \u00een care po\u021bi ocupa \u00een aceea\u0219i prob\u0103 toate locurile de pe podium:<\/span><\/p>\n<ul>\n<li>Locul I &#8211; cu Funny<\/li>\n<li>Locul 2 &#8211; cu Ingo<\/li>\n<li>Locul 3 &#8211; cu Bob Marley<br \/>\n<em>(rezultate ob\u021binute pentru proba de 1,10 cm)<\/em><\/li>\n<\/ul>\n\r\n\t\t<\/div>\r\n\t<\/div>\r\n<div class=\"w-separator size_medium with_line width_default thick_1 style_solid color_border align_center with_content\"><div class=\"w-separator-h\"><i class=\"fas fa-horse\"><\/i><\/div><\/div><div class=\"w-grid type_grid layout_blog_1 cols_2\" id=\"us_grid_5\"><style id=\"us_grid_5_css\">#us_grid_5 .w-grid-item{padding:1.5rem}#us_grid_5 .w-grid-list{margin:-1.5rem}.w-grid + #us_grid_5 .w-grid-list{margin-top:1.5rem}.l-section.width_full>div>div>.vc_col-sm-12>div>div>#us_grid_5 .w-grid-list{margin-left:1.5rem;margin-right:1.5rem}.l-section.height_auto>div>div>.vc_col-sm-12>div>div>#us_grid_5:first-child .w-grid-list{margin-top:1.5rem}.l-section.height_auto>div>div>.vc_col-sm-12>div>div>#us_grid_5:last-child .w-grid-list{margin-bottom:1.5rem}@media (max-width:599px){#us_grid_5 .w-grid-list{margin:0}#us_grid_5 .w-grid-item{width:100%;padding:0;margin-bottom:1.5rem}}<\/style><style>#us_grid_5 .w-grid-item-h{}#us_grid_5 .usg_post_image_1{}#us_grid_5 .usg_post_title_1{font-size:1rem}#us_grid_5 .usg_post_image_1{margin-bottom:0.5rem}<\/style><div class=\"w-grid-list\"><article class=\"w-grid-item ratio_1x1 post-10342 attachment type-attachment status-inherit hentry\" data-id=\"10342\">\r\n\t<div class=\"w-grid-item-h\">\r\n\t\t\t\t<div class=\"w-post-elm post_image usg_post_image_1 stretched\"><a href=\"https:\/\/equester.ro\/en\/competitii-de-echitatie\/kid03029\/\" aria-label=\"\"><img loading=\"lazy\" decoding=\"async\" width=\"1024\" height=\"683\" src=\"https:\/\/equester.ro\/wp-content\/uploads\/2024\/09\/KID03029-1024x683.jpg\" class=\"attachment-large size-large\" alt=\"Prejmer Winter Tour etapa a V-a - Equester Competitii echitatie 02\" srcset=\"https:\/\/equester.ro\/wp-content\/uploads\/2024\/09\/KID03029-1024x683.jpg 1024w, https:\/\/equester.ro\/wp-content\/uploads\/2024\/09\/KID03029-300x200.jpg 300w, https:\/\/equester.ro\/wp-content\/uploads\/2024\/09\/KID03029-18x12.jpg 18w, https:\/\/equester.ro\/wp-content\/uploads\/2024\/09\/KID03029.jpg 1200w\" sizes=\"auto, (max-width: 1024px) 100vw, 1024px\" \/><\/a><\/div><h2 class=\"w-post-elm post_title usg_post_title_1 entry-title color_link_inherit\"><a href=\"https:\/\/equester.ro\/en\/competitii-de-echitatie\/kid03029\/\"><\/a><\/h2>\t<\/div>\r\n<\/article>\r\n<article class=\"w-grid-item ratio_1x1 post-10339 attachment type-attachment status-inherit hentry\" data-id=\"10339\">\r\n\t<div class=\"w-grid-item-h\">\r\n\t\t\t\t<div class=\"w-post-elm post_image usg_post_image_1 stretched\"><a href=\"https:\/\/equester.ro\/en\/competitii-de-echitatie\/kid02982\/\" aria-label=\"\"><img loading=\"lazy\" decoding=\"async\" width=\"1024\" height=\"683\" src=\"https:\/\/equester.ro\/wp-content\/uploads\/2024\/09\/KID02982-1024x683.jpg\" class=\"attachment-large size-large\" alt=\"Prejmer Winter Tour etapa a V-a - Equester Competitii echitatie 03\" srcset=\"https:\/\/equester.ro\/wp-content\/uploads\/2024\/09\/KID02982-1024x683.jpg 1024w, https:\/\/equester.ro\/wp-content\/uploads\/2024\/09\/KID02982-300x200.jpg 300w, https:\/\/equester.ro\/wp-content\/uploads\/2024\/09\/KID02982-18x12.jpg 18w, https:\/\/equester.ro\/wp-content\/uploads\/2024\/09\/KID02982.jpg 1200w\" sizes=\"auto, (max-width: 1024px) 100vw, 1024px\" \/><\/a><\/div><h2 class=\"w-post-elm post_title usg_post_title_1 entry-title color_link_inherit\"><a href=\"https:\/\/equester.ro\/en\/competitii-de-echitatie\/kid02982\/\"><\/a><\/h2>\t<\/div>\r\n<\/article>\r\n<article class=\"w-grid-item ratio_1x1 post-10334 attachment type-attachment status-inherit hentry\" data-id=\"10334\">\r\n\t<div class=\"w-grid-item-h\">\r\n\t\t\t\t<div class=\"w-post-elm post_image usg_post_image_1 stretched\"><a href=\"https:\/\/equester.ro\/en\/competitii-de-echitatie\/kid02785\/\" aria-label=\"\"><img loading=\"lazy\" decoding=\"async\" width=\"1024\" height=\"683\" src=\"https:\/\/equester.ro\/wp-content\/uploads\/2024\/09\/KID02785-1024x683.jpg\" class=\"attachment-large size-large\" alt=\"Prejmer Winter Tour etapa a V-a - Equester Competitii echitatie 07\" srcset=\"https:\/\/equester.ro\/wp-content\/uploads\/2024\/09\/KID02785-1024x683.jpg 1024w, https:\/\/equester.ro\/wp-content\/uploads\/2024\/09\/KID02785-300x200.jpg 300w, https:\/\/equester.ro\/wp-content\/uploads\/2024\/09\/KID02785-18x12.jpg 18w, https:\/\/equester.ro\/wp-content\/uploads\/2024\/09\/KID02785.jpg 1200w\" sizes=\"auto, (max-width: 1024px) 100vw, 1024px\" \/><\/a><\/div><h2 class=\"w-post-elm post_title usg_post_title_1 entry-title color_link_inherit\"><a href=\"https:\/\/equester.ro\/en\/competitii-de-echitatie\/kid02785\/\"><\/a><\/h2>\t<\/div>\r\n<\/article>\r\n<article class=\"w-grid-item ratio_1x1 post-10331 attachment type-attachment status-inherit hentry\" data-id=\"10331\">\r\n\t<div class=\"w-grid-item-h\">\r\n\t\t\t\t<div class=\"w-post-elm post_image usg_post_image_1 stretched\"><a href=\"https:\/\/equester.ro\/en\/competitii-de-echitatie\/kid01595\/\" aria-label=\"\"><img loading=\"lazy\" decoding=\"async\" width=\"1024\" height=\"683\" src=\"https:\/\/equester.ro\/wp-content\/uploads\/2024\/09\/KID01595-1024x683.jpg\" class=\"attachment-large size-large\" alt=\"Prejmer Winter Tour etapa a V-a - Equester Competitii echitatie 05\" srcset=\"https:\/\/equester.ro\/wp-content\/uploads\/2024\/09\/KID01595-1024x683.jpg 1024w, https:\/\/equester.ro\/wp-content\/uploads\/2024\/09\/KID01595-300x200.jpg 300w, https:\/\/equester.ro\/wp-content\/uploads\/2024\/09\/KID01595-18x12.jpg 18w, https:\/\/equester.ro\/wp-content\/uploads\/2024\/09\/KID01595.jpg 1200w\" sizes=\"auto, (max-width: 1024px) 100vw, 1024px\" \/><\/a><\/div><h2 class=\"w-post-elm post_title usg_post_title_1 entry-title color_link_inherit\"><a href=\"https:\/\/equester.ro\/en\/competitii-de-echitatie\/kid01595\/\"><\/a><\/h2>\t<\/div>\r\n<\/article>\r\n<article class=\"w-grid-item ratio_1x1 post-10327 attachment type-attachment status-inherit hentry\" data-id=\"10327\">\r\n\t<div class=\"w-grid-item-h\">\r\n\t\t\t\t<div class=\"w-post-elm post_image usg_post_image_1 stretched\"><a href=\"https:\/\/equester.ro\/en\/competitii-de-echitatie\/kid01250\/\" aria-label=\"\"><img loading=\"lazy\" decoding=\"async\" width=\"1024\" height=\"683\" src=\"https:\/\/equester.ro\/wp-content\/uploads\/2024\/09\/KID01250-1024x683.jpg\" class=\"attachment-large size-large\" alt=\"Prejmer Winter Tour etapa a V-a - Equester Competitii echitatie 06\" srcset=\"https:\/\/equester.ro\/wp-content\/uploads\/2024\/09\/KID01250-1024x683.jpg 1024w, https:\/\/equester.ro\/wp-content\/uploads\/2024\/09\/KID01250-300x200.jpg 300w, https:\/\/equester.ro\/wp-content\/uploads\/2024\/09\/KID01250-18x12.jpg 18w, https:\/\/equester.ro\/wp-content\/uploads\/2024\/09\/KID01250.jpg 1200w\" sizes=\"auto, (max-width: 1024px) 100vw, 1024px\" \/><\/a><\/div><h2 class=\"w-post-elm post_title usg_post_title_1 entry-title color_link_inherit\"><a href=\"https:\/\/equester.ro\/en\/competitii-de-echitatie\/kid01250\/\"><\/a><\/h2>\t<\/div>\r\n<\/article>\r\n<article class=\"w-grid-item ratio_1x1 post-10323 attachment type-attachment status-inherit hentry\" data-id=\"10323\">\r\n\t<div class=\"w-grid-item-h\">\r\n\t\t\t\t<div class=\"w-post-elm post_image usg_post_image_1 stretched\"><a href=\"https:\/\/equester.ro\/en\/competitii-de-echitatie\/kid01066\/\" aria-label=\"\"><img loading=\"lazy\" decoding=\"async\" width=\"1024\" height=\"683\" src=\"https:\/\/equester.ro\/wp-content\/uploads\/2024\/09\/KID01066-1024x683.jpg\" class=\"attachment-large size-large\" alt=\"Prejmer Winter Tour etapa a V-a - Equester Competitii echitatie 08\" srcset=\"https:\/\/equester.ro\/wp-content\/uploads\/2024\/09\/KID01066-1024x683.jpg 1024w, https:\/\/equester.ro\/wp-content\/uploads\/2024\/09\/KID01066-300x200.jpg 300w, https:\/\/equester.ro\/wp-content\/uploads\/2024\/09\/KID01066-18x12.jpg 18w, https:\/\/equester.ro\/wp-content\/uploads\/2024\/09\/KID01066.jpg 1200w\" sizes=\"auto, (max-width: 1024px) 100vw, 1024px\" \/><\/a><\/div><h2 class=\"w-post-elm post_title usg_post_title_1 entry-title color_link_inherit\"><a href=\"https:\/\/equester.ro\/en\/competitii-de-echitatie\/kid01066\/\"><\/a><\/h2>\t<\/div>\r\n<\/article>\r\n<\/div>\t<div class=\"w-grid-json hidden\" onclick='return {&quot;ajax_url&quot;:&quot;https:\\\/\\\/equester.ro\\\/wp-admin\\\/admin-ajax.php&quot;,&quot;permalink_url&quot;:&quot;https:\\\/\\\/equester.ro\\\/en\\\/competitii-de-echitatie\\\/kid01066\\\/&quot;,&quot;action&quot;:&quot;us_ajax_grid&quot;,&quot;max_num_pages&quot;:1,&quot;infinite_scroll&quot;:0,&quot;template_vars&quot;:{&quot;query_args&quot;:{&quot;post_type&quot;:[&quot;attachment&quot;],&quot;post__in&quot;:[&quot;10327&quot;,&quot;10323&quot;,&quot;10334&quot;,&quot;10339&quot;,&quot;10342&quot;,&quot;10331&quot;],&quot;post_status&quot;:&quot;inherit&quot;,&quot;post_mime_type&quot;:&quot;image&quot;,&quot;orderby&quot;:{&quot;date&quot;:&quot;DESC&quot;},&quot;posts_per_page&quot;:&quot;6&quot;},&quot;post_id&quot;:10300,&quot;us_grid_index&quot;:5,&quot;us_grid_ajax_index&quot;:1,&quot;exclude_items&quot;:&quot;none&quot;,&quot;items_offset&quot;:&quot;1&quot;,&quot;items_layout&quot;:&quot;blog_1&quot;,&quot;type&quot;:&quot;grid&quot;,&quot;columns&quot;:&quot;2&quot;,&quot;img_size&quot;:&quot;default&quot;,&quot;overriding_link&quot;:&quot;none&quot;}}'><\/div>\r\n<\/div><div class=\"w-separator size_medium with_line width_default thick_1 style_solid color_border align_center with_content\"><div class=\"w-separator-h\"><i class=\"fas fa-horse\"><\/i><\/div><\/div><div class=\"w-slider style_none\"><div class=\"w-slider-h\"><div class=\"royalSlider\"><div class=\"rsContent\"><a class=\"rsImg\" data-rsw=\"1200\" data-rsh=\"800\" href=\"https:\/\/equester.ro\/wp-content\/uploads\/2024\/09\/KID01062.jpg\"><span data-alt=\"\"><\/span><\/a><\/div><div class=\"rsContent\"><a class=\"rsImg\" data-rsw=\"1200\" data-rsh=\"800\" href=\"https:\/\/equester.ro\/wp-content\/uploads\/2024\/09\/KID01066.jpg\"><span data-alt=\"Prejmer Winter Tour etapa a V-a - Equester Competitii echitatie 08\"><\/span><\/a><\/div><div class=\"rsContent\"><a class=\"rsImg\" data-rsw=\"1200\" data-rsh=\"800\" href=\"https:\/\/equester.ro\/wp-content\/uploads\/2024\/09\/KID01069.jpg\"><span data-alt=\"\"><\/span><\/a><\/div><div class=\"rsContent\"><a class=\"rsImg\" data-rsw=\"1200\" data-rsh=\"800\" href=\"https:\/\/equester.ro\/wp-content\/uploads\/2024\/09\/KID01072.jpg\"><span data-alt=\"\"><\/span><\/a><\/div><div class=\"rsContent\"><a class=\"rsImg\" data-rsw=\"1200\" data-rsh=\"800\" href=\"https:\/\/equester.ro\/wp-content\/uploads\/2024\/09\/KID01076.jpg\"><span data-alt=\"\"><\/span><\/a><\/div><div class=\"rsContent\"><a class=\"rsImg\" data-rsw=\"1200\" data-rsh=\"800\" href=\"https:\/\/equester.ro\/wp-content\/uploads\/2024\/09\/KID01250.jpg\"><span data-alt=\"Prejmer Winter Tour etapa a V-a - Equester Competitii echitatie 06\"><\/span><\/a><\/div><div class=\"rsContent\"><a class=\"rsImg\" data-rsw=\"1200\" data-rsh=\"800\" href=\"https:\/\/equester.ro\/wp-content\/uploads\/2024\/09\/KID01268.jpg\"><span data-alt=\"\"><\/span><\/a><\/div><div class=\"rsContent\"><a class=\"rsImg\" data-rsw=\"1200\" data-rsh=\"800\" href=\"https:\/\/equester.ro\/wp-content\/uploads\/2024\/09\/KID01557.jpg\"><span data-alt=\"\"><\/span><\/a><\/div><div class=\"rsContent\"><a class=\"rsImg\" data-rsw=\"1200\" data-rsh=\"800\" href=\"https:\/\/equester.ro\/wp-content\/uploads\/2024\/09\/KID01571.jpg\"><span data-alt=\"\"><\/span><\/a><\/div><div class=\"rsContent\"><a class=\"rsImg\" data-rsw=\"1200\" data-rsh=\"800\" href=\"https:\/\/equester.ro\/wp-content\/uploads\/2024\/09\/KID01595.jpg\"><span data-alt=\"Prejmer Winter Tour etapa a V-a - Equester Competitii echitatie 05\"><\/span><\/a><\/div><div class=\"rsContent\"><a class=\"rsImg\" data-rsw=\"1200\" data-rsh=\"800\" href=\"https:\/\/equester.ro\/wp-content\/uploads\/2024\/09\/KID01614.jpg\"><span data-alt=\"\"><\/span><\/a><\/div><div class=\"rsContent\"><a class=\"rsImg\" data-rsw=\"1200\" data-rsh=\"800\" href=\"https:\/\/equester.ro\/wp-content\/uploads\/2024\/09\/KID02668.jpg\"><span data-alt=\"\"><\/span><\/a><\/div><div class=\"rsContent\"><a class=\"rsImg\" data-rsw=\"1200\" data-rsh=\"800\" href=\"https:\/\/equester.ro\/wp-content\/uploads\/2024\/09\/KID02785.jpg\"><span data-alt=\"Prejmer Winter Tour etapa a V-a - Equester Competitii echitatie 07\"><\/span><\/a><\/div><div class=\"rsContent\"><a class=\"rsImg\" data-rsw=\"1200\" data-rsh=\"800\" href=\"https:\/\/equester.ro\/wp-content\/uploads\/2024\/09\/KID02787.jpg\"><span data-alt=\"\"><\/span><\/a><\/div><div class=\"rsContent\"><a class=\"rsImg\" data-rsw=\"1200\" data-rsh=\"800\" href=\"https:\/\/equester.ro\/wp-content\/uploads\/2024\/09\/KID02802.jpg\"><span data-alt=\"\"><\/span><\/a><\/div><div class=\"rsContent\"><a class=\"rsImg\" data-rsw=\"1200\" data-rsh=\"800\" href=\"https:\/\/equester.ro\/wp-content\/uploads\/2024\/09\/KID02973.jpg\"><span data-alt=\"\"><\/span><\/a><\/div><div class=\"rsContent\"><a class=\"rsImg\" data-rsw=\"1200\" data-rsh=\"800\" href=\"https:\/\/equester.ro\/wp-content\/uploads\/2024\/09\/KID02979.jpg\"><span data-alt=\"\"><\/span><\/a><\/div><div class=\"rsContent\"><a class=\"rsImg\" data-rsw=\"1200\" data-rsh=\"800\" href=\"https:\/\/equester.ro\/wp-content\/uploads\/2024\/09\/KID02982.jpg\"><span data-alt=\"Prejmer Winter Tour etapa a V-a - Equester Competitii echitatie 03\"><\/span><\/a><\/div><div class=\"rsContent\"><a class=\"rsImg\" data-rsw=\"1200\" data-rsh=\"800\" href=\"https:\/\/equester.ro\/wp-content\/uploads\/2024\/09\/KID02986.jpg\"><span data-alt=\"\"><\/span><\/a><\/div><div class=\"rsContent\"><a class=\"rsImg\" data-rsw=\"1200\" data-rsh=\"800\" href=\"https:\/\/equester.ro\/wp-content\/uploads\/2024\/09\/KID03027.jpg\"><span data-alt=\"\"><\/span><\/a><\/div><div class=\"rsContent\"><a class=\"rsImg\" data-rsw=\"1200\" data-rsh=\"800\" href=\"https:\/\/equester.ro\/wp-content\/uploads\/2024\/09\/KID03029.jpg\"><span data-alt=\"Prejmer Winter Tour etapa a V-a - Equester Competitii echitatie 02\"><\/span><\/a><\/div><div class=\"rsContent\"><a class=\"rsImg\" data-rsw=\"1200\" data-rsh=\"800\" href=\"https:\/\/equester.ro\/wp-content\/uploads\/2024\/09\/KID03038.jpg\"><span data-alt=\"\"><\/span><\/a><\/div><div class=\"rsContent\"><a class=\"rsImg\" data-rsw=\"1200\" data-rsh=\"1800\" href=\"https:\/\/equester.ro\/wp-content\/uploads\/2024\/09\/KID03069.jpg\"><span data-alt=\"Prejmer Winter Tour etapa a V-a - Equester Competitii echitatie\"><\/span><\/a><\/div><\/div><img decoding=\"async\" src=\"https:\/\/equester.ro\/wp-content\/uploads\/2024\/09\/KID01062.jpg\" alt=\"\"><\/div><div class=\"w-slider-json\" onclick='return {&quot;loopRewind&quot;:true,&quot;slidesSpacing&quot;:0,&quot;imageScalePadding&quot;:0,&quot;numImagesToPreload&quot;:2,&quot;arrowsNav&quot;:true,&quot;arrowsNavAutoHide&quot;:false,&quot;transitionType&quot;:&quot;move&quot;,&quot;transitionSpeed&quot;:300,&quot;block&quot;:{&quot;moveEffect&quot;:&quot;none&quot;,&quot;speed&quot;:300},&quot;controlNavigation&quot;:&quot;none&quot;,&quot;imageScaleMode&quot;:&quot;fit&quot;,&quot;autoScaleSlider&quot;:true,&quot;autoScaleSliderWidth&quot;:1200,&quot;autoScaleSliderHeight&quot;:800,&quot;fitInViewport&quot;:false}'><\/div><\/div><div class=\"w-separator size_medium with_line width_default thick_1 style_solid color_border align_center with_content\"><div class=\"w-separator-h\"><i class=\"fas fa-horse\"><\/i><\/div><\/div><div class=\"w-video ratio_16x9\"><div class=\"w-video-h\"><iframe src=\"\/\/www.youtube.com\/embed\/EvHtkGes_OQ?controls=0\" allowfullscreen=\"1\"><\/iframe><\/div><\/div><\/div><\/div><\/div><\/div><div class=\"w-separator size_large with_line width_default thick_1 style_solid color_border align_center with_content\"><div class=\"w-separator-h\"><i class=\"fas fa-horse\"><\/i><\/div><\/div><\/div><\/div><\/div><\/div><\/div><\/div><\/div><\/div><\/div><\/div><\/div><\/section>\n","protected":false},"excerpt":{"rendered":"Prejmer Winter Tour etapa a V-a - Equester Competitii echitatie 08","protected":false},"author":2,"featured_media":10215,"parent":0,"menu_order":3,"comment_status":"closed","ping_status":"closed","template":"","meta":{"_acf_changed":false,"footnotes":""},"class_list":["post-10178","page","type-page","status-publish","has-post-thumbnail","hentry"],"acf":[],"yoast_head":"<!-- This site is optimized with the Yoast SEO plugin v27.2 - https:\/\/yoast.com\/product\/yoast-seo-wordpress\/ -->\n<title>Competi\u021bii de Echita\u021bie - Clubul Equester Ia\u0219i<\/title>\n<meta name=\"description\" content=\"Competi\u021bii de Echita\u021bie organizate la nivel na\u021bional \u0219i interna\u021bional la care particip\u0103 sportivii antrena\u021bi \u00een cadrul EQUESTER PRO\" \/>\n<meta name=\"robots\" content=\"index, follow, max-snippet:-1, max-image-preview:large, max-video-preview:-1\" \/>\n<link rel=\"canonical\" href=\"https:\/\/equester.ro\/en\/competitii-de-echitatie\/\" \/>\n<meta property=\"og:locale\" content=\"en_GB\" \/>\n<meta property=\"og:type\" content=\"article\" \/>\n<meta property=\"og:title\" content=\"Competi\u021bii de Echita\u021bie - Clubul Equester Ia\u0219i\" \/>\n<meta property=\"og:description\" content=\"Competi\u021bii de Echita\u021bie organizate la nivel na\u021bional \u0219i interna\u021bional la care particip\u0103 sportivii antrena\u021bi \u00een cadrul EQUESTER PRO\" \/>\n<meta property=\"og:url\" content=\"https:\/\/equester.ro\/en\/competitii-de-echitatie\/\" \/>\n<meta property=\"og:site_name\" content=\"Equester\" \/>\n<meta property=\"article:publisher\" content=\"https:\/\/www.facebook.com\/pages\/category\/Organization\/EQUESTER-RIDING-CLUB-102365276476404\/\" \/>\n<meta property=\"article:modified_time\" content=\"2026-02-04T14:31:01+00:00\" \/>\n<meta property=\"og:image\" content=\"https:\/\/equester.ro\/wp-content\/uploads\/2024\/08\/Equester-Pro-Iasi-Competitii-de-echitatie.jpg\" \/>\n\t<meta property=\"og:image:width\" content=\"2048\" \/>\n\t<meta property=\"og:image:height\" content=\"1366\" \/>\n\t<meta property=\"og:image:type\" content=\"image\/jpeg\" \/>\n<meta name=\"twitter:card\" content=\"summary_large_image\" \/>\n<meta name=\"twitter:label1\" content=\"Estimated reading time\" \/>\n\t<meta name=\"twitter:data1\" content=\"10 minutes\" \/>\n<script type=\"application\/ld+json\" class=\"yoast-schema-graph\">{\"@context\":\"https:\/\/schema.org\",\"@graph\":[{\"@type\":\"WebPage\",\"@id\":\"https:\/\/equester.ro\/competitii-de-echitatie\/\",\"url\":\"https:\/\/equester.ro\/competitii-de-echitatie\/\",\"name\":\"Competi\u021bii de Echita\u021bie - Clubul Equester Ia\u0219i\",\"isPartOf\":{\"@id\":\"https:\/\/equester.ro\/#website\"},\"primaryImageOfPage\":{\"@id\":\"https:\/\/equester.ro\/competitii-de-echitatie\/#primaryimage\"},\"image\":{\"@id\":\"https:\/\/equester.ro\/competitii-de-echitatie\/#primaryimage\"},\"thumbnailUrl\":\"https:\/\/equester.ro\/wp-content\/uploads\/2024\/08\/Equester-Pro-Iasi-Competitii-de-echitatie.jpg\",\"datePublished\":\"2024-08-20T12:17:22+00:00\",\"dateModified\":\"2026-02-04T14:31:01+00:00\",\"description\":\"Competi\u021bii de Echita\u021bie organizate la nivel na\u021bional \u0219i interna\u021bional la care particip\u0103 sportivii antrena\u021bi \u00een cadrul EQUESTER PRO\",\"breadcrumb\":{\"@id\":\"https:\/\/equester.ro\/competitii-de-echitatie\/#breadcrumb\"},\"inLanguage\":\"en-GB\",\"potentialAction\":[{\"@type\":\"ReadAction\",\"target\":[\"https:\/\/equester.ro\/competitii-de-echitatie\/\"]}]},{\"@type\":\"ImageObject\",\"inLanguage\":\"en-GB\",\"@id\":\"https:\/\/equester.ro\/competitii-de-echitatie\/#primaryimage\",\"url\":\"https:\/\/equester.ro\/wp-content\/uploads\/2024\/08\/Equester-Pro-Iasi-Competitii-de-echitatie.jpg\",\"contentUrl\":\"https:\/\/equester.ro\/wp-content\/uploads\/2024\/08\/Equester-Pro-Iasi-Competitii-de-echitatie.jpg\",\"width\":2048,\"height\":1366,\"caption\":\"Equester Pro Iasi - Competitii de echitatie\"},{\"@type\":\"BreadcrumbList\",\"@id\":\"https:\/\/equester.ro\/competitii-de-echitatie\/#breadcrumb\",\"itemListElement\":[{\"@type\":\"ListItem\",\"position\":1,\"name\":\"Home\",\"item\":\"https:\/\/equester.ro\/\"},{\"@type\":\"ListItem\",\"position\":2,\"name\":\"Competi\u021bii de Echita\u021bie\"}]},{\"@type\":\"WebSite\",\"@id\":\"https:\/\/equester.ro\/#website\",\"url\":\"https:\/\/equester.ro\/\",\"name\":\"Equester\",\"description\":\"Equester - Club de Echitatie Iasi\",\"publisher\":{\"@id\":\"https:\/\/equester.ro\/#organization\"},\"potentialAction\":[{\"@type\":\"SearchAction\",\"target\":{\"@type\":\"EntryPoint\",\"urlTemplate\":\"https:\/\/equester.ro\/?s={search_term_string}\"},\"query-input\":{\"@type\":\"PropertyValueSpecification\",\"valueRequired\":true,\"valueName\":\"search_term_string\"}}],\"inLanguage\":\"en-GB\"},{\"@type\":\"Organization\",\"@id\":\"https:\/\/equester.ro\/#organization\",\"name\":\"Clubul de echita\u021bie Equester\",\"url\":\"https:\/\/equester.ro\/\",\"logo\":{\"@type\":\"ImageObject\",\"inLanguage\":\"en-GB\",\"@id\":\"https:\/\/equester.ro\/#\/schema\/logo\/image\/\",\"url\":\"https:\/\/equester.ro\/wp-content\/uploads\/2017\/09\/logo.png\",\"contentUrl\":\"https:\/\/equester.ro\/wp-content\/uploads\/2017\/09\/logo.png\",\"width\":2652,\"height\":795,\"caption\":\"Clubul de echita\u021bie Equester\"},\"image\":{\"@id\":\"https:\/\/equester.ro\/#\/schema\/logo\/image\/\"},\"sameAs\":[\"https:\/\/www.facebook.com\/pages\/category\/Organization\/EQUESTER-RIDING-CLUB-102365276476404\/\"]}]}<\/script>\n<!-- \/ Yoast SEO plugin. -->","yoast_head_json":{"title":"Competi\u021bii de Echita\u021bie - Clubul Equester Ia\u0219i","description":"Competi\u021bii de Echita\u021bie organizate la nivel na\u021bional \u0219i interna\u021bional la care particip\u0103 sportivii antrena\u021bi \u00een cadrul EQUESTER PRO","robots":{"index":"index","follow":"follow","max-snippet":"max-snippet:-1","max-image-preview":"max-image-preview:large","max-video-preview":"max-video-preview:-1"},"canonical":"https:\/\/equester.ro\/en\/competitii-de-echitatie\/","og_locale":"en_GB","og_type":"article","og_title":"Competi\u021bii de Echita\u021bie - Clubul Equester Ia\u0219i","og_description":"Competi\u021bii de Echita\u021bie organizate la nivel na\u021bional \u0219i interna\u021bional la care particip\u0103 sportivii antrena\u021bi \u00een cadrul EQUESTER PRO","og_url":"https:\/\/equester.ro\/en\/competitii-de-echitatie\/","og_site_name":"Equester","article_publisher":"https:\/\/www.facebook.com\/pages\/category\/Organization\/EQUESTER-RIDING-CLUB-102365276476404\/","article_modified_time":"2026-02-04T14:31:01+00:00","og_image":[{"width":2048,"height":1366,"url":"https:\/\/equester.ro\/wp-content\/uploads\/2024\/08\/Equester-Pro-Iasi-Competitii-de-echitatie.jpg","type":"image\/jpeg"}],"twitter_card":"summary_large_image","twitter_misc":{"Estimated reading time":"10 minutes"},"schema":{"@context":"https:\/\/schema.org","@graph":[{"@type":"WebPage","@id":"https:\/\/equester.ro\/competitii-de-echitatie\/","url":"https:\/\/equester.ro\/competitii-de-echitatie\/","name":"Competi\u021bii de Echita\u021bie - Clubul Equester Ia\u0219i","isPartOf":{"@id":"https:\/\/equester.ro\/#website"},"primaryImageOfPage":{"@id":"https:\/\/equester.ro\/competitii-de-echitatie\/#primaryimage"},"image":{"@id":"https:\/\/equester.ro\/competitii-de-echitatie\/#primaryimage"},"thumbnailUrl":"https:\/\/equester.ro\/wp-content\/uploads\/2024\/08\/Equester-Pro-Iasi-Competitii-de-echitatie.jpg","datePublished":"2024-08-20T12:17:22+00:00","dateModified":"2026-02-04T14:31:01+00:00","description":"Competi\u021bii de Echita\u021bie organizate la nivel na\u021bional \u0219i interna\u021bional la care particip\u0103 sportivii antrena\u021bi \u00een cadrul EQUESTER PRO","breadcrumb":{"@id":"https:\/\/equester.ro\/competitii-de-echitatie\/#breadcrumb"},"inLanguage":"en-GB","potentialAction":[{"@type":"ReadAction","target":["https:\/\/equester.ro\/competitii-de-echitatie\/"]}]},{"@type":"ImageObject","inLanguage":"en-GB","@id":"https:\/\/equester.ro\/competitii-de-echitatie\/#primaryimage","url":"https:\/\/equester.ro\/wp-content\/uploads\/2024\/08\/Equester-Pro-Iasi-Competitii-de-echitatie.jpg","contentUrl":"https:\/\/equester.ro\/wp-content\/uploads\/2024\/08\/Equester-Pro-Iasi-Competitii-de-echitatie.jpg","width":2048,"height":1366,"caption":"Equester Pro Iasi - Competitii de echitatie"},{"@type":"BreadcrumbList","@id":"https:\/\/equester.ro\/competitii-de-echitatie\/#breadcrumb","itemListElement":[{"@type":"ListItem","position":1,"name":"Home","item":"https:\/\/equester.ro\/"},{"@type":"ListItem","position":2,"name":"Competi\u021bii de Echita\u021bie"}]},{"@type":"WebSite","@id":"https:\/\/equester.ro\/#website","url":"https:\/\/equester.ro\/","name":"Equester","description":"Equester - Club de Echitatie Iasi","publisher":{"@id":"https:\/\/equester.ro\/#organization"},"potentialAction":[{"@type":"SearchAction","target":{"@type":"EntryPoint","urlTemplate":"https:\/\/equester.ro\/?s={search_term_string}"},"query-input":{"@type":"PropertyValueSpecification","valueRequired":true,"valueName":"search_term_string"}}],"inLanguage":"en-GB"},{"@type":"Organization","@id":"https:\/\/equester.ro\/#organization","name":"Clubul de echita\u021bie Equester","url":"https:\/\/equester.ro\/","logo":{"@type":"ImageObject","inLanguage":"en-GB","@id":"https:\/\/equester.ro\/#\/schema\/logo\/image\/","url":"https:\/\/equester.ro\/wp-content\/uploads\/2017\/09\/logo.png","contentUrl":"https:\/\/equester.ro\/wp-content\/uploads\/2017\/09\/logo.png","width":2652,"height":795,"caption":"Clubul de echita\u021bie Equester"},"image":{"@id":"https:\/\/equester.ro\/#\/schema\/logo\/image\/"},"sameAs":["https:\/\/www.facebook.com\/pages\/category\/Organization\/EQUESTER-RIDING-CLUB-102365276476404\/"]}]}},"featured_image_src":"https:\/\/equester.ro\/wp-content\/uploads\/2024\/08\/Equester-Pro-Iasi-Competitii-de-echitatie.jpg","featured_image_src_square":"https:\/\/equester.ro\/wp-content\/uploads\/2024\/08\/Equester-Pro-Iasi-Competitii-de-echitatie.jpg","rbea_author_info":{"display_name":"Admin Equester","author_link":"https:\/\/equester.ro\/en\/author\/adminequester\/"},"rbea_excerpt_info":"Prejmer Winter Tour etapa a V-a &#8211; Equester Competitii echitatie 08","_links":{"self":[{"href":"https:\/\/equester.ro\/en\/wp-json\/wp\/v2\/pages\/10178","targetHints":{"allow":["GET"]}}],"collection":[{"href":"https:\/\/equester.ro\/en\/wp-json\/wp\/v2\/pages"}],"about":[{"href":"https:\/\/equester.ro\/en\/wp-json\/wp\/v2\/types\/page"}],"author":[{"embeddable":true,"href":"https:\/\/equester.ro\/en\/wp-json\/wp\/v2\/users\/2"}],"replies":[{"embeddable":true,"href":"https:\/\/equester.ro\/en\/wp-json\/wp\/v2\/comments?post=10178"}],"version-history":[{"count":0,"href":"https:\/\/equester.ro\/en\/wp-json\/wp\/v2\/pages\/10178\/revisions"}],"wp:featuredmedia":[{"embeddable":true,"href":"https:\/\/equester.ro\/en\/wp-json\/wp\/v2\/media\/10215"}],"wp:attachment":[{"href":"https:\/\/equester.ro\/en\/wp-json\/wp\/v2\/media?parent=10178"}],"curies":[{"name":"wp","href":"https:\/\/api.w.org\/{rel}","templated":true}]}}